{"id":12913,"date":"2026-03-26T12:36:53","date_gmt":"2026-03-26T11:36:53","guid":{"rendered":"https:\/\/www.brussels-skin-center.be\/?page_id=12913"},"modified":"2026-03-26T13:50:13","modified_gmt":"2026-03-26T12:50:13","slug":"docteur-celine-dandoy","status":"publish","type":"page","link":"https:\/\/www.brussels-skin-center.be\/fr\/votre-dermatologue-a-bruxelles\/docteur-celine-dandoy\/","title":{"rendered":"Docteur C\u00e9line Dandoy"},"content":{"rendered":"\t\t<div data-elementor-type=\"wp-page\" data-elementor-id=\"12913\" class=\"elementor elementor-12913\">\n\t\t\t\t\t\t<section class=\"elementor-section elementor-top-section elementor-element elementor-element-724510d elementor-section-boxed elementor-section-height-default elementor-section-height-default\" data-id=\"724510d\" data-element_type=\"section\" data-e-type=\"section\">\n\t\t\t\t\t\t<div class=\"elementor-container elementor-column-gap-default\">\n\t\t\t\t\t<div class=\"elementor-column elementor-col-100 elementor-top-column elementor-element elementor-element-1fab62a4\" data-id=\"1fab62a4\" data-element_type=\"column\" data-e-type=\"column\">\n\t\t\t<div class=\"elementor-widget-wrap elementor-element-populated\">\n\t\t\t\t\t\t<div class=\"elementor-element elementor-element-d488cbe elementor-widget elementor-widget-heading\" data-id=\"d488cbe\" data-element_type=\"widget\" data-e-type=\"widget\" data-widget_type=\"heading.default\">\n\t\t\t\t<div class=\"elementor-widget-container\">\n\t\t\t\t\t<h1 class=\"elementor-heading-title elementor-size-default\">Docteur C\u00e9line Dandoy<\/h1>\t\t\t\t<\/div>\n\t\t\t\t<\/div>\n\t\t\t\t\t<\/div>\n\t\t<\/div>\n\t\t\t\t\t<\/div>\n\t\t<\/section>\n\t\t\t\t<section class=\"elementor-section elementor-top-section elementor-element elementor-element-5bd6b05f elementor-section-boxed elementor-section-height-default elementor-section-height-default\" data-id=\"5bd6b05f\" data-element_type=\"section\" data-e-type=\"section\">\n\t\t\t\t\t\t<div class=\"elementor-container elementor-column-gap-default\">\n\t\t\t\t\t<div class=\"elementor-column elementor-col-100 elementor-top-column elementor-element elementor-element-4c6b8d3f\" data-id=\"4c6b8d3f\" data-element_type=\"column\" data-e-type=\"column\">\n\t\t\t<div class=\"elementor-widget-wrap elementor-element-populated\">\n\t\t\t\t\t\t<section class=\"elementor-section elementor-inner-section elementor-element elementor-element-23f53118 elementor-section-boxed elementor-section-height-default elementor-section-height-default\" data-id=\"23f53118\" data-element_type=\"section\" data-e-type=\"section\">\n\t\t\t\t\t\t<div class=\"elementor-container elementor-column-gap-default\">\n\t\t\t\t\t<div class=\"elementor-column elementor-col-50 elementor-inner-column elementor-element elementor-element-7babeffe\" data-id=\"7babeffe\" data-element_type=\"column\" data-e-type=\"column\">\n\t\t\t<div class=\"elementor-widget-wrap elementor-element-populated\">\n\t\t\t\t\t\t<div class=\"elementor-element elementor-element-72569089 elementor-widget elementor-widget-image\" data-id=\"72569089\" data-element_type=\"widget\" data-e-type=\"widget\" data-widget_type=\"image.default\">\n\t\t\t\t<div class=\"elementor-widget-container\">\n\t\t\t\t\t\t\t\t\t\t\t\t\t\t\t<img fetchpriority=\"high\" decoding=\"async\" width=\"400\" height=\"513\" src=\"https:\/\/www.brussels-skin-center.be\/wp-content\/uploads\/2026\/03\/Dr-Celine-Dandoy-Dermatologue-au-Brussels-Skin-Center.jpg\" class=\"attachment-full size-full wp-image-12919\" alt=\"Dr Celine Dandoy, dermatologue sp\u00e9cialiste en maladies inflammatoires et interventions.\" srcset=\"https:\/\/www.brussels-skin-center.be\/wp-content\/uploads\/2026\/03\/Dr-Celine-Dandoy-Dermatologue-au-Brussels-Skin-Center.jpg 400w, https:\/\/www.brussels-skin-center.be\/wp-content\/uploads\/2026\/03\/Dr-Celine-Dandoy-Dermatologue-au-Brussels-Skin-Center-78x100.jpg 78w\" sizes=\"(max-width: 400px) 100vw, 400px\" \/>\t\t\t\t\t\t\t\t\t\t\t\t\t\t\t<\/div>\n\t\t\t\t<\/div>\n\t\t\t\t\t<\/div>\n\t\t<\/div>\n\t\t\t\t<div class=\"elementor-column elementor-col-50 elementor-inner-column elementor-element elementor-element-7ec80138\" data-id=\"7ec80138\" data-element_type=\"column\" data-e-type=\"column\">\n\t\t\t<div class=\"elementor-widget-wrap elementor-element-populated\">\n\t\t\t\t\t\t<div class=\"elementor-element elementor-element-da02706 elementor-widget elementor-widget-heading\" data-id=\"da02706\" data-element_type=\"widget\" data-e-type=\"widget\" data-widget_type=\"heading.default\">\n\t\t\t\t<div class=\"elementor-widget-container\">\n\t\t\t\t\t<h2 class=\"elementor-heading-title elementor-size-default\">Domaines d\u2019expertise du Dr C\u00e9line Dandoy<\/h2>\t\t\t\t<\/div>\n\t\t\t\t<\/div>\n\t\t\t\t<div class=\"elementor-element elementor-element-6e91aba6 elementor-widget elementor-widget-text-editor\" data-id=\"6e91aba6\" data-element_type=\"widget\" data-e-type=\"widget\" data-widget_type=\"text-editor.default\">\n\t\t\t\t<div class=\"elementor-widget-container\">\n\t\t\t\t\t\t\t\t\t<ul><li>Dermatologie g\u00e9n\u00e9rale\u00a0(tout \u00e2ge)<\/li><li>Chirurgie dermatologique<\/li><\/ul>\t\t\t\t\t\t\t\t<\/div>\n\t\t\t\t<\/div>\n\t\t\t\t<div class=\"elementor-element elementor-element-1ae82a60 elementor-widget elementor-widget-heading\" data-id=\"1ae82a60\" data-element_type=\"widget\" data-e-type=\"widget\" data-widget_type=\"heading.default\">\n\t\t\t\t<div class=\"elementor-widget-container\">\n\t\t\t\t\t<h2 class=\"elementor-heading-title elementor-size-default\">Sp\u00e9cialisations en dermatologie g\u00e9n\u00e9rale<\/h2>\t\t\t\t<\/div>\n\t\t\t\t<\/div>\n\t\t\t\t<div class=\"elementor-element elementor-element-43337b54 elementor-widget elementor-widget-text-editor\" data-id=\"43337b54\" data-element_type=\"widget\" data-e-type=\"widget\" data-widget_type=\"text-editor.default\">\n\t\t\t\t<div class=\"elementor-widget-container\">\n\t\t\t\t\t\t\t\t\t<ul><li>Pathologies cutan\u00e9es inflammatoires<\/li><li>Psoriasis<\/li><li>Canc\u00e9rologie cutan\u00e9e<\/li><\/ul>\t\t\t\t\t\t\t\t<\/div>\n\t\t\t\t<\/div>\n\t\t\t\t\t<\/div>\n\t\t<\/div>\n\t\t\t\t\t<\/div>\n\t\t<\/section>\n\t\t\t\t\t<\/div>\n\t\t<\/div>\n\t\t\t\t\t<\/div>\n\t\t<\/section>\n\t\t\t\t<section class=\"elementor-section elementor-top-section elementor-element elementor-element-31a527a0 elementor-section-boxed elementor-section-height-default elementor-section-height-default\" data-id=\"31a527a0\" data-element_type=\"section\" data-e-type=\"section\">\n\t\t\t\t\t\t<div class=\"elementor-container elementor-column-gap-default\">\n\t\t\t\t\t<div class=\"elementor-column elementor-col-100 elementor-top-column elementor-element elementor-element-ba0cae8\" data-id=\"ba0cae8\" data-element_type=\"column\" data-e-type=\"column\">\n\t\t\t<div class=\"elementor-widget-wrap elementor-element-populated\">\n\t\t\t\t\t\t<div class=\"elementor-element elementor-element-28cc7f68 elementor-widget elementor-widget-heading\" data-id=\"28cc7f68\" data-element_type=\"widget\" data-e-type=\"widget\" data-widget_type=\"heading.default\">\n\t\t\t\t<div class=\"elementor-widget-container\">\n\t\t\t\t\t<h2 class=\"elementor-heading-title elementor-size-default\">En savoir plus sur Dr Dandoy<\/h2>\t\t\t\t<\/div>\n\t\t\t\t<\/div>\n\t\t\t\t<div class=\"elementor-element elementor-element-16ed2f6c elementor-widget elementor-widget-text-editor\" data-id=\"16ed2f6c\" data-element_type=\"widget\" data-e-type=\"widget\" data-widget_type=\"text-editor.default\">\n\t\t\t\t<div class=\"elementor-widget-container\">\n\t\t\t\t\t\t\t\t\t<p style=\"text-align: center;\">Le Dr C\u00e9line Dandoy est dermatologue \u00e0 Bruxelles, <strong>dipl\u00f4m\u00e9e de l\u2019Universit\u00e9 Libre de Bruxelles<\/strong>. Elle a \u00e9t\u00e9 form\u00e9e \u00e0 l\u2019h\u00f4pital Erasme (Bruxelles) et \u00e0 l\u2019h\u00f4pital Ambroise Par\u00e9 (Mons), et exerce \u00e9galement en dermato-v\u00e9n\u00e9rologie \u00e0 l\u2019H\u00f4pital Universitaire de Bruxelles (HUB).<\/p><p style=\"text-align: center;\">Elle s\u2019est s<strong>p\u00e9cialis\u00e9e dans la prise en charge du psoriasis<\/strong>, avec la mise en place d\u2019un registre d\u00e9di\u00e9 \u00e0 cette pathologie et une participation active \u00e0 des \u00e9tudes cliniques. Elle d\u00e9veloppe \u00e9galement une <strong>expertise dans les maladies inflammatoires cutan\u00e9es<\/strong>, avec une collaboration \u00e9troite avec la m\u00e9decine interne et les sp\u00e9cialistes des maladies inflammatoires digestives.<\/p><p style=\"text-align: center;\">Form\u00e9e \u00e0 la chirurgie dermatologique aupr\u00e8s de chirurgiens plasticiens, <strong>elle pratique notamment la chirurgie des cancers cutan\u00e9s, des kystes, lipomes, de la maladie de Verneuil et de l\u2019ongle<\/strong>. Elle a compl\u00e9t\u00e9 son parcours par un fellowship en chirurgie de Mohs \u00e0 l\u2019h\u00f4pital Ambroise-Par\u00e9 (AP-HP, Paris), un dipl\u00f4me interuniversitaire en dermatochirurgie (Universit\u00e9 de Versailles) ainsi qu\u2019un dipl\u00f4me interuniversitaire des manifestations dermatologiques <strong>des maladies syst\u00e9miques<\/strong> (Universit\u00e9 de Montpellier).<\/p><p style=\"text-align: center;\">Le Dr Dandoy est membre de la Soci\u00e9t\u00e9 Royale Belge de Dermatologie et V\u00e9n\u00e9r\u00e9ologie (SRBDV), de l\u2019European Academy of Dermatology and Venereology (EADV) et du groupe chirurgical de la Soci\u00e9t\u00e9 Fran\u00e7aise de Dermatologie (SFD).<\/p>\t\t\t\t\t\t\t\t<\/div>\n\t\t\t\t<\/div>\n\t\t\t\t\t<\/div>\n\t\t<\/div>\n\t\t\t\t\t<\/div>\n\t\t<\/section>\n\t\t\t\t<section class=\"elementor-section elementor-top-section elementor-element elementor-element-58de008d elementor-section-boxed elementor-section-height-default elementor-section-height-default\" data-id=\"58de008d\" data-element_type=\"section\" data-e-type=\"section\">\n\t\t\t\t\t\t<div class=\"elementor-container elementor-column-gap-default\">\n\t\t\t\t\t<div class=\"elementor-column elementor-col-100 elementor-top-column elementor-element elementor-element-1801b44e\" data-id=\"1801b44e\" data-element_type=\"column\" data-e-type=\"column\">\n\t\t\t<div class=\"elementor-widget-wrap elementor-element-populated\">\n\t\t\t\t\t\t<div class=\"elementor-element elementor-element-4055f692 elementor-widget elementor-widget-heading\" data-id=\"4055f692\" data-element_type=\"widget\" data-e-type=\"widget\" data-widget_type=\"heading.default\">\n\t\t\t\t<div class=\"elementor-widget-container\">\n\t\t\t\t\t<h2 class=\"elementor-heading-title elementor-size-default\">Votre rendez-vous avec Dr C\u00e9line Dandoy<\/h2>\t\t\t\t<\/div>\n\t\t\t\t<\/div>\n\t\t\t\t<div class=\"elementor-element elementor-element-6b6bd25 elementor-widget elementor-widget-text-editor\" data-id=\"6b6bd25\" data-element_type=\"widget\" data-e-type=\"widget\" data-widget_type=\"text-editor.default\">\n\t\t\t\t<div class=\"elementor-widget-container\">\n\t\t\t\t\t\t\t\t\t<p style=\"text-align: center;\">Dr C\u00e9line Dandoy vous accueille au Brussels Skin Center \u00e0 Ixelles pour des consultations en fran\u00e7ais, en anglais et en mandarin.<\/p><p style=\"text-align: center;\">Le prix d\u2019une consultation s\u2019\u00e9l\u00e8ve \u00e0 90 \u20ac, hors suppl\u00e9ments \u00e9ventuels (actes techniques, etc.). Elle est non conventionn\u00e9e au sein du Brussels Skin Center.<\/p>\t\t\t\t\t\t\t\t<\/div>\n\t\t\t\t<\/div>\n\t\t\t\t\t<\/div>\n\t\t<\/div>\n\t\t\t\t\t<\/div>\n\t\t<\/section>\n\t\t\t\t<section class=\"elementor-section elementor-top-section elementor-element elementor-element-47028032 elementor-section-boxed elementor-section-height-default elementor-section-height-default\" data-id=\"47028032\" data-element_type=\"section\" data-e-type=\"section\">\n\t\t\t\t\t\t<div class=\"elementor-container elementor-column-gap-default\">\n\t\t\t\t\t<div class=\"elementor-column elementor-col-50 elementor-top-column elementor-element elementor-element-78d6c86c\" data-id=\"78d6c86c\" data-element_type=\"column\" data-e-type=\"column\">\n\t\t\t<div class=\"elementor-widget-wrap elementor-element-populated\">\n\t\t\t\t\t\t<div class=\"elementor-element elementor-element-7f7e441c elementor-align-center elementor-widget elementor-widget-button\" data-id=\"7f7e441c\" data-element_type=\"widget\" data-e-type=\"widget\" data-widget_type=\"button.default\">\n\t\t\t\t<div class=\"elementor-widget-container\">\n\t\t\t\t\t\t\t\t\t<div class=\"elementor-button-wrapper\">\n\t\t\t\t\t<a class=\"elementor-button elementor-button-link elementor-size-sm\" href=\"https:\/\/www.brussels-skin-center.be\/fr\/dermatologue-bruxelles\/\">\n\t\t\t\t\t\t<span class=\"elementor-button-content-wrapper\">\n\t\t\t\t\t\t\t\t\t<span class=\"elementor-button-text\">Voir l'\u00e9quipe du BSC<\/span>\n\t\t\t\t\t<\/span>\n\t\t\t\t\t<\/a>\n\t\t\t\t<\/div>\n\t\t\t\t\t\t\t\t<\/div>\n\t\t\t\t<\/div>\n\t\t\t\t\t<\/div>\n\t\t<\/div>\n\t\t\t\t<div class=\"elementor-column elementor-col-50 elementor-top-column elementor-element elementor-element-4d42287e\" data-id=\"4d42287e\" data-element_type=\"column\" data-e-type=\"column\">\n\t\t\t<div class=\"elementor-widget-wrap elementor-element-populated\">\n\t\t\t\t\t\t<div class=\"elementor-element elementor-element-4e43157 elementor-align-center elementor-widget elementor-widget-button\" data-id=\"4e43157\" data-element_type=\"widget\" data-e-type=\"widget\" data-widget_type=\"button.default\">\n\t\t\t\t<div class=\"elementor-widget-container\">\n\t\t\t\t\t\t\t\t\t<div class=\"elementor-button-wrapper\">\n\t\t\t\t\t<a class=\"elementor-button elementor-button-link elementor-size-sm\" href=\"https:\/\/www.brussels-skin-center.be\/fr\/rendez-vous\/\">\n\t\t\t\t\t\t<span class=\"elementor-button-content-wrapper\">\n\t\t\t\t\t\t<span class=\"elementor-button-icon\">\n\t\t\t\t<i aria-hidden=\"true\" class=\"far fa-calendar-alt\"><\/i>\t\t\t<\/span>\n\t\t\t\t\t\t\t\t\t<span class=\"elementor-button-text\">Prendre rendez-vous<\/span>\n\t\t\t\t\t<\/span>\n\t\t\t\t\t<\/a>\n\t\t\t\t<\/div>\n\t\t\t\t\t\t\t\t<\/div>\n\t\t\t\t<\/div>\n\t\t\t\t\t<\/div>\n\t\t<\/div>\n\t\t\t\t\t<\/div>\n\t\t<\/section>\n\t\t\t\t<\/div>\n\t\t","protected":false},"excerpt":{"rendered":"<p>Docteur C\u00e9line Dandoy Domaines d\u2019expertise du Dr C\u00e9line Dandoy Dermatologie g\u00e9n\u00e9rale\u00a0(tout \u00e2ge) Chirurgie dermatologique Sp\u00e9cialisations en dermatologie g\u00e9n\u00e9rale Pathologies cutan\u00e9es inflammatoires Psoriasis Canc\u00e9rologie cutan\u00e9e En savoir plus sur Dr Dandoy Le Dr C\u00e9line Dandoy est dermatologue \u00e0 Bruxelles, dipl\u00f4m\u00e9e de l\u2019Universit\u00e9 Libre de Bruxelles. Elle a \u00e9t\u00e9 form\u00e9e \u00e0 l\u2019h\u00f4pital Erasme (Bruxelles) et \u00e0 l\u2019h\u00f4pital Ambroise Par\u00e9 (Mons), et exerce \u00e9galement en dermato-v\u00e9n\u00e9rologie \u00e0 l\u2019H\u00f4pital Universitaire de Bruxelles (HUB). Elle s\u2019est sp\u00e9cialis\u00e9e dans la prise en charge du psoriasis, avec la mise en place d\u2019un registre d\u00e9di\u00e9 \u00e0 cette pathologie et une participation active \u00e0 des \u00e9tudes cliniques. Elle d\u00e9veloppe&hellip; <\/p>\n","protected":false},"author":6,"featured_media":0,"parent":47,"menu_order":0,"comment_status":"closed","ping_status":"closed","template":"","meta":{"footnotes":""},"class_list":["post-12913","page","type-page","status-publish","hentry"],"yoast_head":"<!-- This site is optimized with the Yoast SEO Premium plugin v26.3 (Yoast SEO v27.4) - https:\/\/yoast.com\/product\/yoast-seo-premium-wordpress\/ -->\n<title>Docteur C\u00e9line Dandoy - Brussels Skin Center<\/title>\n<meta name=\"description\" content=\"Dr C\u00e9line Dandoy est dermatologue au BSC. Elle est sp\u00e9cialis\u00e9e dans les maladies inflammatoires cutan\u00e9es et en chirurgie dermatologique.\" \/>\n<meta name=\"robots\" content=\"index, follow, max-snippet:-1, max-image-preview:large, max-video-preview:-1\" \/>\n<link rel=\"canonical\" href=\"https:\/\/www.brussels-skin-center.be\/fr\/votre-dermatologue-a-bruxelles\/docteur-celine-dandoy\/\" \/>\n<meta property=\"og:locale\" content=\"fr_FR\" \/>\n<meta property=\"og:type\" content=\"article\" \/>\n<meta property=\"og:title\" content=\"Docteur C\u00e9line Dandoy\" \/>\n<meta property=\"og:description\" content=\"Docteur C\u00e9line Dandoy Domaines d\u2019expertise du Dr C\u00e9line Dandoy Dermatologie g\u00e9n\u00e9rale\u00a0(tout \u00e2ge)Chirurgie dermatologique Sp\u00e9cialisations en dermatologie\" \/>\n<meta property=\"og:url\" content=\"https:\/\/www.brussels-skin-center.be\/fr\/votre-dermatologue-a-bruxelles\/docteur-celine-dandoy\/\" \/>\n<meta property=\"og:site_name\" content=\"Brussels Skin Center\" \/>\n<meta property=\"article:publisher\" content=\"https:\/\/www.facebook.com\/brusselsskincenter\/\" \/>\n<meta property=\"article:modified_time\" content=\"2026-03-26T12:50:13+00:00\" \/>\n<meta property=\"og:image\" content=\"https:\/\/www.brussels-skin-center.be\/wp-content\/uploads\/2026\/03\/Dr-Celine-Dandoy-Dermatologue-au-Brussels-Skin-Center.jpg\" \/>\n\t<meta property=\"og:image:width\" content=\"400\" \/>\n\t<meta property=\"og:image:height\" content=\"513\" \/>\n\t<meta property=\"og:image:type\" content=\"image\/jpeg\" \/>\n<meta name=\"twitter:label1\" content=\"Dur\u00e9e de lecture estim\u00e9e\" \/>\n\t<meta name=\"twitter:data1\" content=\"2 minutes\" \/>\n<script type=\"application\/ld+json\" class=\"yoast-schema-graph\">{\"@context\":\"https:\\\/\\\/schema.org\",\"@graph\":[{\"@type\":\"WebPage\",\"@id\":\"https:\\\/\\\/www.brussels-skin-center.be\\\/fr\\\/votre-dermatologue-a-bruxelles\\\/docteur-celine-dandoy\\\/\",\"url\":\"https:\\\/\\\/www.brussels-skin-center.be\\\/fr\\\/votre-dermatologue-a-bruxelles\\\/docteur-celine-dandoy\\\/\",\"name\":\"Docteur C\u00e9line Dandoy - Brussels Skin Center\",\"isPartOf\":{\"@id\":\"https:\\\/\\\/www.brussels-skin-center.be\\\/fr\\\/#website\"},\"primaryImageOfPage\":{\"@id\":\"https:\\\/\\\/www.brussels-skin-center.be\\\/fr\\\/votre-dermatologue-a-bruxelles\\\/docteur-celine-dandoy\\\/#primaryimage\"},\"image\":{\"@id\":\"https:\\\/\\\/www.brussels-skin-center.be\\\/fr\\\/votre-dermatologue-a-bruxelles\\\/docteur-celine-dandoy\\\/#primaryimage\"},\"thumbnailUrl\":\"https:\\\/\\\/www.brussels-skin-center.be\\\/wp-content\\\/uploads\\\/2026\\\/03\\\/Dr-Celine-Dandoy-Dermatologue-au-Brussels-Skin-Center.jpg\",\"datePublished\":\"2026-03-26T11:36:53+00:00\",\"dateModified\":\"2026-03-26T12:50:13+00:00\",\"description\":\"Dr C\u00e9line Dandoy est dermatologue au BSC. Elle est sp\u00e9cialis\u00e9e dans les maladies inflammatoires cutan\u00e9es et en chirurgie dermatologique.\",\"breadcrumb\":{\"@id\":\"https:\\\/\\\/www.brussels-skin-center.be\\\/fr\\\/votre-dermatologue-a-bruxelles\\\/docteur-celine-dandoy\\\/#breadcrumb\"},\"inLanguage\":\"fr-FR\",\"potentialAction\":[{\"@type\":\"ReadAction\",\"target\":[\"https:\\\/\\\/www.brussels-skin-center.be\\\/fr\\\/votre-dermatologue-a-bruxelles\\\/docteur-celine-dandoy\\\/\"]}]},{\"@type\":\"ImageObject\",\"inLanguage\":\"fr-FR\",\"@id\":\"https:\\\/\\\/www.brussels-skin-center.be\\\/fr\\\/votre-dermatologue-a-bruxelles\\\/docteur-celine-dandoy\\\/#primaryimage\",\"url\":\"https:\\\/\\\/www.brussels-skin-center.be\\\/wp-content\\\/uploads\\\/2026\\\/03\\\/Dr-Celine-Dandoy-Dermatologue-au-Brussels-Skin-Center.jpg\",\"contentUrl\":\"https:\\\/\\\/www.brussels-skin-center.be\\\/wp-content\\\/uploads\\\/2026\\\/03\\\/Dr-Celine-Dandoy-Dermatologue-au-Brussels-Skin-Center.jpg\"},{\"@type\":\"BreadcrumbList\",\"@id\":\"https:\\\/\\\/www.brussels-skin-center.be\\\/fr\\\/votre-dermatologue-a-bruxelles\\\/docteur-celine-dandoy\\\/#breadcrumb\",\"itemListElement\":[{\"@type\":\"ListItem\",\"position\":1,\"name\":\"Home\",\"item\":\"https:\\\/\\\/www.brussels-skin-center.be\\\/fr\\\/\"},{\"@type\":\"ListItem\",\"position\":2,\"name\":\"Votre dermatologue \u00e0 Bruxelles\",\"item\":\"https:\\\/\\\/www.brussels-skin-center.be\\\/fr\\\/votre-dermatologue-a-bruxelles\\\/\"},{\"@type\":\"ListItem\",\"position\":3,\"name\":\"Docteur C\u00e9line Dandoy\"}]},{\"@type\":\"WebSite\",\"@id\":\"https:\\\/\\\/www.brussels-skin-center.be\\\/fr\\\/#website\",\"url\":\"https:\\\/\\\/www.brussels-skin-center.be\\\/fr\\\/\",\"name\":\"Brussels Skin Center\",\"description\":\"Dermatologie - Dermatology\",\"publisher\":{\"@id\":\"https:\\\/\\\/www.brussels-skin-center.be\\\/fr\\\/#organization\"},\"potentialAction\":[{\"@type\":\"SearchAction\",\"target\":{\"@type\":\"EntryPoint\",\"urlTemplate\":\"https:\\\/\\\/www.brussels-skin-center.be\\\/fr\\\/?s={search_term_string}\"},\"query-input\":{\"@type\":\"PropertyValueSpecification\",\"valueRequired\":true,\"valueName\":\"search_term_string\"}}],\"inLanguage\":\"fr-FR\"},{\"@type\":\"Organization\",\"@id\":\"https:\\\/\\\/www.brussels-skin-center.be\\\/fr\\\/#organization\",\"name\":\"Brussels Skin Center\",\"url\":\"https:\\\/\\\/www.brussels-skin-center.be\\\/fr\\\/\",\"logo\":{\"@type\":\"ImageObject\",\"inLanguage\":\"fr-FR\",\"@id\":\"https:\\\/\\\/www.brussels-skin-center.be\\\/fr\\\/#\\\/schema\\\/logo\\\/image\\\/\",\"url\":\"https:\\\/\\\/www.brussels-skin-center.be\\\/wp-content\\\/uploads\\\/2022\\\/03\\\/BSC_logo-2.png\",\"contentUrl\":\"https:\\\/\\\/www.brussels-skin-center.be\\\/wp-content\\\/uploads\\\/2022\\\/03\\\/BSC_logo-2.png\",\"width\":512,\"height\":512,\"caption\":\"Brussels Skin Center\"},\"image\":{\"@id\":\"https:\\\/\\\/www.brussels-skin-center.be\\\/fr\\\/#\\\/schema\\\/logo\\\/image\\\/\"},\"sameAs\":[\"https:\\\/\\\/www.facebook.com\\\/brusselsskincenter\\\/\",\"https:\\\/\\\/www.linkedin.com\\\/company\\\/brussels-skin-center\\\/\"]}]}<\/script>\n<!-- \/ Yoast SEO Premium plugin. -->","yoast_head_json":{"title":"Docteur C\u00e9line Dandoy - Brussels Skin Center","description":"Dr C\u00e9line Dandoy est dermatologue au BSC. Elle est sp\u00e9cialis\u00e9e dans les maladies inflammatoires cutan\u00e9es et en chirurgie dermatologique.","robots":{"index":"index","follow":"follow","max-snippet":"max-snippet:-1","max-image-preview":"max-image-preview:large","max-video-preview":"max-video-preview:-1"},"canonical":"https:\/\/www.brussels-skin-center.be\/fr\/votre-dermatologue-a-bruxelles\/docteur-celine-dandoy\/","og_locale":"fr_FR","og_type":"article","og_title":"Docteur C\u00e9line Dandoy","og_description":"Docteur C\u00e9line Dandoy Domaines d\u2019expertise du Dr C\u00e9line Dandoy Dermatologie g\u00e9n\u00e9rale\u00a0(tout \u00e2ge)Chirurgie dermatologique Sp\u00e9cialisations en dermatologie","og_url":"https:\/\/www.brussels-skin-center.be\/fr\/votre-dermatologue-a-bruxelles\/docteur-celine-dandoy\/","og_site_name":"Brussels Skin Center","article_publisher":"https:\/\/www.facebook.com\/brusselsskincenter\/","article_modified_time":"2026-03-26T12:50:13+00:00","og_image":[{"width":400,"height":513,"url":"https:\/\/www.brussels-skin-center.be\/wp-content\/uploads\/2026\/03\/Dr-Celine-Dandoy-Dermatologue-au-Brussels-Skin-Center.jpg","type":"image\/jpeg"}],"twitter_misc":{"Dur\u00e9e de lecture estim\u00e9e":"2 minutes"},"schema":{"@context":"https:\/\/schema.org","@graph":[{"@type":"WebPage","@id":"https:\/\/www.brussels-skin-center.be\/fr\/votre-dermatologue-a-bruxelles\/docteur-celine-dandoy\/","url":"https:\/\/www.brussels-skin-center.be\/fr\/votre-dermatologue-a-bruxelles\/docteur-celine-dandoy\/","name":"Docteur C\u00e9line Dandoy - Brussels Skin Center","isPartOf":{"@id":"https:\/\/www.brussels-skin-center.be\/fr\/#website"},"primaryImageOfPage":{"@id":"https:\/\/www.brussels-skin-center.be\/fr\/votre-dermatologue-a-bruxelles\/docteur-celine-dandoy\/#primaryimage"},"image":{"@id":"https:\/\/www.brussels-skin-center.be\/fr\/votre-dermatologue-a-bruxelles\/docteur-celine-dandoy\/#primaryimage"},"thumbnailUrl":"https:\/\/www.brussels-skin-center.be\/wp-content\/uploads\/2026\/03\/Dr-Celine-Dandoy-Dermatologue-au-Brussels-Skin-Center.jpg","datePublished":"2026-03-26T11:36:53+00:00","dateModified":"2026-03-26T12:50:13+00:00","description":"Dr C\u00e9line Dandoy est dermatologue au BSC. Elle est sp\u00e9cialis\u00e9e dans les maladies inflammatoires cutan\u00e9es et en chirurgie dermatologique.","breadcrumb":{"@id":"https:\/\/www.brussels-skin-center.be\/fr\/votre-dermatologue-a-bruxelles\/docteur-celine-dandoy\/#breadcrumb"},"inLanguage":"fr-FR","potentialAction":[{"@type":"ReadAction","target":["https:\/\/www.brussels-skin-center.be\/fr\/votre-dermatologue-a-bruxelles\/docteur-celine-dandoy\/"]}]},{"@type":"ImageObject","inLanguage":"fr-FR","@id":"https:\/\/www.brussels-skin-center.be\/fr\/votre-dermatologue-a-bruxelles\/docteur-celine-dandoy\/#primaryimage","url":"https:\/\/www.brussels-skin-center.be\/wp-content\/uploads\/2026\/03\/Dr-Celine-Dandoy-Dermatologue-au-Brussels-Skin-Center.jpg","contentUrl":"https:\/\/www.brussels-skin-center.be\/wp-content\/uploads\/2026\/03\/Dr-Celine-Dandoy-Dermatologue-au-Brussels-Skin-Center.jpg"},{"@type":"BreadcrumbList","@id":"https:\/\/www.brussels-skin-center.be\/fr\/votre-dermatologue-a-bruxelles\/docteur-celine-dandoy\/#breadcrumb","itemListElement":[{"@type":"ListItem","position":1,"name":"Home","item":"https:\/\/www.brussels-skin-center.be\/fr\/"},{"@type":"ListItem","position":2,"name":"Votre dermatologue \u00e0 Bruxelles","item":"https:\/\/www.brussels-skin-center.be\/fr\/votre-dermatologue-a-bruxelles\/"},{"@type":"ListItem","position":3,"name":"Docteur C\u00e9line Dandoy"}]},{"@type":"WebSite","@id":"https:\/\/www.brussels-skin-center.be\/fr\/#website","url":"https:\/\/www.brussels-skin-center.be\/fr\/","name":"Brussels Skin Center","description":"Dermatologie - Dermatology","publisher":{"@id":"https:\/\/www.brussels-skin-center.be\/fr\/#organization"},"potentialAction":[{"@type":"SearchAction","target":{"@type":"EntryPoint","urlTemplate":"https:\/\/www.brussels-skin-center.be\/fr\/?s={search_term_string}"},"query-input":{"@type":"PropertyValueSpecification","valueRequired":true,"valueName":"search_term_string"}}],"inLanguage":"fr-FR"},{"@type":"Organization","@id":"https:\/\/www.brussels-skin-center.be\/fr\/#organization","name":"Brussels Skin Center","url":"https:\/\/www.brussels-skin-center.be\/fr\/","logo":{"@type":"ImageObject","inLanguage":"fr-FR","@id":"https:\/\/www.brussels-skin-center.be\/fr\/#\/schema\/logo\/image\/","url":"https:\/\/www.brussels-skin-center.be\/wp-content\/uploads\/2022\/03\/BSC_logo-2.png","contentUrl":"https:\/\/www.brussels-skin-center.be\/wp-content\/uploads\/2022\/03\/BSC_logo-2.png","width":512,"height":512,"caption":"Brussels Skin Center"},"image":{"@id":"https:\/\/www.brussels-skin-center.be\/fr\/#\/schema\/logo\/image\/"},"sameAs":["https:\/\/www.facebook.com\/brusselsskincenter\/","https:\/\/www.linkedin.com\/company\/brussels-skin-center\/"]}]}},"_links":{"self":[{"href":"https:\/\/www.brussels-skin-center.be\/fr\/wp-json\/wp\/v2\/pages\/12913","targetHints":{"allow":["GET"]}}],"collection":[{"href":"https:\/\/www.brussels-skin-center.be\/fr\/wp-json\/wp\/v2\/pages"}],"about":[{"href":"https:\/\/www.brussels-skin-center.be\/fr\/wp-json\/wp\/v2\/types\/page"}],"author":[{"embeddable":true,"href":"https:\/\/www.brussels-skin-center.be\/fr\/wp-json\/wp\/v2\/users\/6"}],"replies":[{"embeddable":true,"href":"https:\/\/www.brussels-skin-center.be\/fr\/wp-json\/wp\/v2\/comments?post=12913"}],"version-history":[{"count":0,"href":"https:\/\/www.brussels-skin-center.be\/fr\/wp-json\/wp\/v2\/pages\/12913\/revisions"}],"up":[{"embeddable":true,"href":"https:\/\/www.brussels-skin-center.be\/fr\/wp-json\/wp\/v2\/pages\/47"}],"wp:attachment":[{"href":"https:\/\/www.brussels-skin-center.be\/fr\/wp-json\/wp\/v2\/media?parent=12913"}],"curies":[{"name":"wp","href":"https:\/\/api.w.org\/{rel}","templated":true}]}}