{"id":35,"date":"2014-05-01T09:34:48","date_gmt":"2014-05-01T08:34:48","guid":{"rendered":"http:\/\/uni-vert.be\/bsc-responsive\/?page_id=35"},"modified":"2026-03-31T11:40:18","modified_gmt":"2026-03-31T10:40:18","slug":"brussels-skin-center-lexcellence-en-dermatologie-a-bruxelles","status":"publish","type":"page","link":"https:\/\/www.brussels-skin-center.be\/fr\/","title":{"rendered":"Brussels Skin Center: l\u2019excellence en dermatologie \u00e0 Bruxelles"},"content":{"rendered":"\t\t<div data-elementor-type=\"wp-page\" data-elementor-id=\"35\" class=\"elementor elementor-35\">\n\t\t\t\t\t\t<section class=\"elementor-section elementor-top-section elementor-element elementor-element-8b4163a elementor-section-boxed elementor-section-height-default elementor-section-height-default\" data-id=\"8b4163a\" data-element_type=\"section\" data-e-type=\"section\">\n\t\t\t\t\t\t<div class=\"elementor-container elementor-column-gap-default\">\n\t\t\t\t\t<div class=\"elementor-column elementor-col-100 elementor-top-column elementor-element elementor-element-fcc3762\" data-id=\"fcc3762\" data-element_type=\"column\" data-e-type=\"column\">\n\t\t\t<div class=\"elementor-widget-wrap elementor-element-populated\">\n\t\t\t\t\t\t<div class=\"elementor-element elementor-element-19f64d8 elementor-widget elementor-widget-heading\" data-id=\"19f64d8\" data-element_type=\"widget\" data-e-type=\"widget\" data-widget_type=\"heading.default\">\n\t\t\t\t<div class=\"elementor-widget-container\">\n\t\t\t\t\t<h1 class=\"elementor-heading-title elementor-size-default\">Brussels Skin Center : \nl\u2019excellence en dermatologie \u00e0 Bruxelles<\/h1>\t\t\t\t<\/div>\n\t\t\t\t<\/div>\n\t\t\t\t<div class=\"elementor-element elementor-element-918259a elementor-widget elementor-widget-text-editor\" data-id=\"918259a\" data-element_type=\"widget\" data-e-type=\"widget\" data-widget_type=\"text-editor.default\">\n\t\t\t\t<div class=\"elementor-widget-container\">\n\t\t\t\t\t\t\t\t\t<p style=\"text-align: center;\">Le <strong>Brussels Skin Center est le cabinet priv\u00e9 de dermatologie leader \u00e0 Bruxelles, fond\u00e9 en 2010 par le Docteur Claire Debusscher<\/strong>, m\u00e9decin dermatologue \u00e0 Bruxelles. Il offre une prise en charge compl\u00e8te et professionnelle de toute <a href=\"https:\/\/www.brussels-skin-center.be\/fr\/pathologies-et-prestations\/\"><strong>maladie de la peau<\/strong><\/a>, <strong>des muqueuses buccales et g\u00e9nitales, des cheveux et des ongles<\/strong>, ainsi que des <a href=\"https:\/\/www.brussels-skin-center.be\/fr\/pathologies-et-prestations\/dermatologie-esthetique\/\"><strong>traitements esth\u00e9tiques<\/strong><\/a> de pointe.<\/p>\t\t\t\t\t\t\t\t<\/div>\n\t\t\t\t<\/div>\n\t\t\t\t\t<\/div>\n\t\t<\/div>\n\t\t\t\t\t<\/div>\n\t\t<\/section>\n\t\t\t\t<section class=\"elementor-section elementor-top-section elementor-element elementor-element-b056dc6 elementor-section-boxed elementor-section-height-default elementor-section-height-default\" data-id=\"b056dc6\" data-element_type=\"section\" data-e-type=\"section\">\n\t\t\t\t\t\t<div class=\"elementor-container elementor-column-gap-default\">\n\t\t\t\t\t<div class=\"elementor-column elementor-col-100 elementor-top-column elementor-element elementor-element-f920101\" data-id=\"f920101\" data-element_type=\"column\" data-e-type=\"column\">\n\t\t\t<div class=\"elementor-widget-wrap elementor-element-populated\">\n\t\t\t\t\t\t<div class=\"elementor-element elementor-element-45262e0 elementor-widget elementor-widget-image\" data-id=\"45262e0\" data-element_type=\"widget\" data-e-type=\"widget\" data-widget_type=\"image.default\">\n\t\t\t\t<div class=\"elementor-widget-container\">\n\t\t\t\t\t\t\t\t\t\t\t\t\t\t\t<img fetchpriority=\"high\" decoding=\"async\" width=\"1500\" height=\"856\" src=\"https:\/\/www.brussels-skin-center.be\/wp-content\/uploads\/2024\/11\/BSC6.jpg\" class=\"attachment-full size-full wp-image-10422\" alt=\"\u00e9quipe Brussels Skin Center dermatologues, cosm\u00e9tologues et infirmi\u00e8res\" srcset=\"https:\/\/www.brussels-skin-center.be\/wp-content\/uploads\/2024\/11\/BSC6.jpg 1500w, https:\/\/www.brussels-skin-center.be\/wp-content\/uploads\/2024\/11\/BSC6-100x57.jpg 100w, https:\/\/www.brussels-skin-center.be\/wp-content\/uploads\/2024\/11\/BSC6-768x438.jpg 768w\" sizes=\"(max-width: 1500px) 100vw, 1500px\" \/>\t\t\t\t\t\t\t\t\t\t\t\t\t\t\t<\/div>\n\t\t\t\t<\/div>\n\t\t\t\t\t<\/div>\n\t\t<\/div>\n\t\t\t\t\t<\/div>\n\t\t<\/section>\n\t\t\t\t<section class=\"elementor-section elementor-top-section elementor-element elementor-element-93bc949 elementor-section-boxed elementor-section-height-default elementor-section-height-default\" data-id=\"93bc949\" data-element_type=\"section\" data-e-type=\"section\">\n\t\t\t\t\t\t<div class=\"elementor-container elementor-column-gap-default\">\n\t\t\t\t\t<div class=\"elementor-column elementor-col-100 elementor-top-column elementor-element elementor-element-d678874\" data-id=\"d678874\" data-element_type=\"column\" data-e-type=\"column\">\n\t\t\t<div class=\"elementor-widget-wrap elementor-element-populated\">\n\t\t\t\t\t\t<div class=\"elementor-element elementor-element-3e9030a elementor-widget elementor-widget-heading\" data-id=\"3e9030a\" data-element_type=\"widget\" data-e-type=\"widget\" data-widget_type=\"heading.default\">\n\t\t\t\t<div class=\"elementor-widget-container\">\n\t\t\t\t\t<h2 class=\"elementor-heading-title elementor-size-default\">Votre dermatologue \u00e0 Uccle, \u00e0 Ixelles et dans le Quartier Europ\u00e9en (Bruxelles)<\/h2>\t\t\t\t<\/div>\n\t\t\t\t<\/div>\n\t\t\t\t<div class=\"elementor-element elementor-element-f61d937 elementor-widget elementor-widget-text-editor\" data-id=\"f61d937\" data-element_type=\"widget\" data-e-type=\"widget\" data-widget_type=\"text-editor.default\">\n\t\t\t\t<div class=\"elementor-widget-container\">\n\t\t\t\t\t\t\t\t\t<p style=\"text-align: center;\">Le Brussels Skin Center met \u00e0 votre disposition une \u00e9quipe de <a href=\"https:\/\/www.brussels-skin-center.be\/fr\/dermatologue-bruxelles\/\"><strong>vingt-et-un dermatologues<\/strong><\/a> exp\u00e9riment\u00e9s, \u00e0 Uccle, \u00e0 Ixelles et dans le Quartier Europ\u00e9en (Bruxelles) :<\/p><p style=\"text-align: center;\"><a href=\"https:\/\/www.brussels-skin-center.be\/fr\/dermatologue-bruxelles\/docteur-lilia-ben-mbarek\/\">Dr Lilia Ben M&rsquo;Barek<\/a>, <a href=\"https:\/\/www.brussels-skin-center.be\/fr\/dermatologue-bruxelles\/docteur-fanny-camus\/\">Dr Fanny Camus<\/a>, <a href=\"https:\/\/www.brussels-skin-center.be\/fr\/dermatologue-bruxelles\/docteur-celine-dandoy\/\">Dr C\u00e9line Dandoy<\/a>, <a href=\"https:\/\/www.brussels-skin-center.be\/fr\/dermatologue-bruxelles\/docteur-mathilde-daxhelet\/\">Dr Mathilde Daxhelet<\/a>, <a href=\"https:\/\/www.brussels-skin-center.be\/fr\/dermatologue-bruxelles\/docteur-claire-debusscher\/\">Dr Claire Debusscher<\/a>,\u00a0<a href=\"https:\/\/www.brussels-skin-center.be\/fr\/docteur-cheyenne-delvaux\/\">Dr Cheyenne Delvaux<\/a>, <a href=\"https:\/\/www.brussels-skin-center.be\/fr\/dermatologue-bruxelles\/docteur-gwendoline-diet\/\">Dr Gwendoline Diet<\/a>, <a href=\"https:\/\/www.brussels-skin-center.be\/fr\/dermatologue-bruxelles\/docteur-celine-gilmant\/\">Dr C\u00e9line Gilmant<\/a>, <a href=\"https:\/\/www.brussels-skin-center.be\/fr\/dermatologue-bruxelles\/docteur-yasaman-jazaeri\/\">Dr Yasaman Jazaeri<\/a>, <a href=\"https:\/\/www.brussels-skin-center.be\/fr\/dermatologue-bruxelles\/docteur-jonathan-krygier\/\">Dr Jonathan Krygier<\/a>, <a href=\"https:\/\/www.brussels-skin-center.be\/fr\/dermatologue-bruxelles\/docteur-anouschka-kul\/\">Dr Anouschka Kul<\/a>, <a href=\"https:\/\/www.brussels-skin-center.be\/fr\/dermatologue-bruxelles\/docteur-xuan-lan-lam-hoai\/\">Dr Xu\u00e2n-Lan Lam Hoai,<\/a>\u00a0\u00a0<a href=\"https:\/\/www.brussels-skin-center.be\/fr\/dermatologue-bruxelles\/docteur-michele-lejeune\/\">Dr Mich\u00e8le Lejeune<\/a>, <a href=\"https:\/\/www.brussels-skin-center.be\/fr\/dermatologue-bruxelles\/docteur-makiko-miyamoto\/\">Dr Makiko Miyamoto<\/a>, <a href=\"https:\/\/www.brussels-skin-center.be\/fr\/dermatologue-bruxelles\/docteur-florence-neczyporenko\/\">Dr Florence Neczyporenko<\/a>,\u00a0<a href=\"https:\/\/www.brussels-skin-center.be\/fr\/dermatologue-bruxelles\/professeur-dominique-parent\/\">Pr Dominique Parent<\/a>, <a href=\"https:\/\/www.brussels-skin-center.be\/fr\/dermatologue-bruxelles\/docteur-delphine-pirard\/\">Dr Delphine Pirard<\/a>, <a href=\"https:\/\/www.brussels-skin-center.be\/fr\/dermatologue-bruxelles\/professeur-bertrand-richert\/\">Prof. Bertrand Richert<\/a>, <a href=\"https:\/\/www.brussels-skin-center.be\/fr\/dermatologue-bruxelles\/docteur-deborah-salik\/\">Dr D\u00e9borah Salik<\/a>,\u00a0<a href=\"https:\/\/www.brussels-skin-center.be\/fr\/dermatologue-bruxelles\/docteur-nathalie-sene\/\">Dr Nathalie S\u00e8ne<\/a>, <a href=\"https:\/\/www.brussels-skin-center.be\/fr\/dermatologue-bruxelles\/docteur-laura-van-de-borne\/\">Dr Laura van de Borne<\/a>.<\/p><p style=\"text-align: center;\">En plus de la <a href=\"https:\/\/www.brussels-skin-center.be\/fr\/pathologies-et-prestations\/dermatologie-adultes\/\"><strong>dermatologie g\u00e9n\u00e9rale<\/strong><\/a>, notre \u00e9quipe de dermatologues est sp\u00e9cialis\u00e9e en <strong>d\u00e9pistage et suivi des<\/strong> <a href=\"https:\/\/www.brussels-skin-center.be\/fr\/pathologies-et-prestations\/cancers-de-la-peau\/\"><strong>cancers de la peau<\/strong><\/a>, en\u00a0<a href=\"https:\/\/www.brussels-skin-center.be\/fr\/pathologies-et-prestations\/dermatologie-enfants\/\"><strong>dermatologie p\u00e9diatrique<\/strong><\/a>, en <strong>chirurgie dermatologique<\/strong> et dans la prise en charge des <strong>pathologies des muqueuses<\/strong>.<\/p><p style=\"text-align: center;\">Nos dermatologues vous re\u00e7oivent en <strong>fran\u00e7ais, anglais, n\u00e9erlandais, espagnol, arabe, japonais et en mandarin<\/strong>. Les dermatologues du Brussels Skin Center sont <strong>non-conventionn\u00e9s<\/strong>.<\/p>\t\t\t\t\t\t\t\t<\/div>\n\t\t\t\t<\/div>\n\t\t\t\t\t<\/div>\n\t\t<\/div>\n\t\t\t\t\t<\/div>\n\t\t<\/section>\n\t\t\t\t<section class=\"elementor-section elementor-top-section elementor-element elementor-element-a42e040 elementor-section-boxed elementor-section-height-default elementor-section-height-default\" data-id=\"a42e040\" data-element_type=\"section\" data-e-type=\"section\">\n\t\t\t\t\t\t<div class=\"elementor-container elementor-column-gap-default\">\n\t\t\t\t\t<div class=\"elementor-column elementor-col-100 elementor-top-column elementor-element elementor-element-2cf3adc\" data-id=\"2cf3adc\" data-element_type=\"column\" data-e-type=\"column\">\n\t\t\t<div class=\"elementor-widget-wrap elementor-element-populated\">\n\t\t\t\t\t\t<div class=\"elementor-element elementor-element-ab30d46 elementor-widget elementor-widget-heading\" data-id=\"ab30d46\" data-element_type=\"widget\" data-e-type=\"widget\" data-widget_type=\"heading.default\">\n\t\t\t\t<div class=\"elementor-widget-container\">\n\t\t\t\t\t<h2 class=\"elementor-heading-title elementor-size-default\">Les meilleurs soins dans des d\u00e9lais raisonnables<\/h2>\t\t\t\t<\/div>\n\t\t\t\t<\/div>\n\t\t\t\t<div class=\"elementor-element elementor-element-15956e4 elementor-widget elementor-widget-text-editor\" data-id=\"15956e4\" data-element_type=\"widget\" data-e-type=\"widget\" data-widget_type=\"text-editor.default\">\n\t\t\t\t<div class=\"elementor-widget-container\">\n\t\t\t\t\t\t\t\t\t<p style=\"text-align: center;\"><strong>Afin de r\u00e9duire le temps d\u2019attente pour les probl\u00e8mes dermatologiques urgents, nous vous offrons la possibilit\u00e9 de <a href=\"https:\/\/www.brussels-skin-center.be\/fr\/rendez-vous\/\"><strong>prendre rendez-vous<\/strong><\/a> <strong>avec <a href=\"https:\/\/www.brussels-skin-center.be\/fr\/dermatologue-bruxelles\/assistants-dermatologues\/\">nos dermatologues assistants<\/a><\/strong>, <a href=\"https:\/\/www.brussels-skin-center.be\/fr\/dermatologue-bruxelles\/assistants-dermatologues\/\">Dr Stephanie Herlaar<\/a>, <a href=\"https:\/\/www.brussels-skin-center.be\/fr\/dermatologue-bruxelles\/assistants-dermatologues\/\">Dr Emma Priem<\/a>, <a href=\"https:\/\/www.brussels-skin-center.be\/fr\/dermatologue-bruxelles\/assistants-dermatologues\/\">Dr Manel Chatti<\/a> ou <a href=\"https:\/\/www.brussels-skin-center.be\/fr\/dermatologue-bruxelles\/docteur-julie-de-vooght\/\">Dr Julie De Vooght<\/a> <strong>supervis\u00e9s par notre \u00e9quipe de dermatologues exp\u00e9riment\u00e9s. Le Brussels Skin Center est en effet reconnu comme service de stage extra-hospitalier pour les dermatologues en sp\u00e9cialisation. <strong>Ce travail en \u00e9quipe nous permet de vous offrir les meilleurs soins, dans des d\u00e9lais raisonnables<\/strong>.<\/strong><\/strong><\/p>\t\t\t\t\t\t\t\t<\/div>\n\t\t\t\t<\/div>\n\t\t\t\t\t<\/div>\n\t\t<\/div>\n\t\t\t\t\t<\/div>\n\t\t<\/section>\n\t\t\t\t<section class=\"elementor-section elementor-top-section elementor-element elementor-element-726e945 elementor-section-boxed elementor-section-height-default elementor-section-height-default\" data-id=\"726e945\" data-element_type=\"section\" data-e-type=\"section\">\n\t\t\t\t\t\t<div class=\"elementor-container elementor-column-gap-default\">\n\t\t\t\t\t<div class=\"elementor-column elementor-col-100 elementor-top-column elementor-element elementor-element-0804737\" data-id=\"0804737\" data-element_type=\"column\" data-e-type=\"column\">\n\t\t\t<div class=\"elementor-widget-wrap elementor-element-populated\">\n\t\t\t\t\t\t<div class=\"elementor-element elementor-element-ad2b702 elementor-widget elementor-widget-heading\" data-id=\"ad2b702\" data-element_type=\"widget\" data-e-type=\"widget\" data-widget_type=\"heading.default\">\n\t\t\t\t<div class=\"elementor-widget-container\">\n\t\t\t\t\t<h2 class=\"elementor-heading-title elementor-size-default\">Une offre compl\u00e8te en dermatologie esth\u00e9tique<\/h2>\t\t\t\t<\/div>\n\t\t\t\t<\/div>\n\t\t\t\t<div class=\"elementor-element elementor-element-2b02ab1 elementor-widget elementor-widget-text-editor\" data-id=\"2b02ab1\" data-element_type=\"widget\" data-e-type=\"widget\" data-widget_type=\"text-editor.default\">\n\t\t\t\t<div class=\"elementor-widget-container\">\n\t\t\t\t\t\t\t\t\t<p style=\"text-align: center;\">L\u2019\u00e9quipe du Brussels Skin Center vous propose <strong>une gamme compl\u00e8te de traitements et soins en<\/strong> <a href=\"https:\/\/www.brussels-skin-center.be\/fr\/pathologies-et-prestations\/dermatologie-esthetique\/\"><strong>dermatologie esth\u00e9tique<\/strong><\/a> : injections de toxine botulique et de fillers, peeling, micro-needling, PRP, micro-dermabrasion, \u00e9pilation par \u00e9lectrolyse, etc.<\/p><p style=\"text-align: center;\">Nous sommes \u00e9galement <strong>\u00e9quip\u00e9s des<\/strong> <a href=\"https:\/\/www.brussels-skin-center.be\/fr\/pathologies-et-prestations\/traitements-laser\/\"><strong>meilleurs lasers<\/strong><\/a> pour <strong>l\u2019\u00e9pilation laser d\u00e9finitive<\/strong> (Lightsheer), le <strong>traitement de la couperose<\/strong>, des <strong>varicosit\u00e9s<\/strong> et des <strong>l\u00e9sions pigmentaires<\/strong> (Excel V), ainsi que le <strong>rajeunissement cutan\u00e9<\/strong> (Genesis).<\/p><p style=\"text-align: center;\">Notre <strong>chirurgien<\/strong> sp\u00e9cialis\u00e9 dans <strong>le traitement des varicosit\u00e9s<\/strong>, <a href=\"https:\/\/www.brussels-skin-center.be\/fr\/dermatologue-bruxelles\/docteur-gil-vervloet\/\">Dr Gil Vervloet<\/a>, vous re\u00e7oit <strong>pour les traitements de scl\u00e9roth\u00e9rapie apr\u00e8s r\u00e9alisation d\u2019un \u00e9cho-doppler. <\/strong><\/p><p style=\"text-align: center;\">Notre \u00e9quipe est enfin compl\u00e9t\u00e9e par <strong>une cosm\u00e9tologue<\/strong>, <a href=\"https:\/\/www.brussels-skin-center.be\/fr\/dermatologue-bruxelles\/madame-marie-comas\/\">Madame Marie Comas<\/a> (\u00e9pilation par \u00e9lectrolyse, nettoyage de peau), <strong>deux infirmi\u00e8res, <\/strong><a href=\"https:\/\/www.brussels-skin-center.be\/fr\/dermatologue-bruxelles\/madame-jihane-saadoun\/\">Madame Jihane Saadoun<\/a> (laser \u00e9pilatoire) et <a href=\"https:\/\/www.brussels-skin-center.be\/fr\/dermatologue-bruxelles\/madame-perrine-vandercam\/\">Madame Perrine Vandercam<\/a> (laser \u00e9pilatoire, PRP et traitement des verrues), et <a href=\"https:\/\/www.brussels-skin-center.be\/fr\/dermatologue-bruxelles\/madame-ann-magnus\/\">Madame Ann Magnus<\/a>, <strong>sp\u00e9cialiste en laser vasculaire, pigmentaire et de rajeunissement cutan\u00e9<\/strong> (Genesis)<strong>.<\/strong><\/p>\t\t\t\t\t\t\t\t<\/div>\n\t\t\t\t<\/div>\n\t\t\t\t\t<\/div>\n\t\t<\/div>\n\t\t\t\t\t<\/div>\n\t\t<\/section>\n\t\t\t\t<section class=\"elementor-section elementor-top-section elementor-element elementor-element-9261885 elementor-section-boxed elementor-section-height-default elementor-section-height-default\" data-id=\"9261885\" data-element_type=\"section\" data-e-type=\"section\">\n\t\t\t\t\t\t<div class=\"elementor-container elementor-column-gap-default\">\n\t\t\t\t\t<div class=\"elementor-column elementor-col-50 elementor-top-column elementor-element elementor-element-24626e4\" data-id=\"24626e4\" data-element_type=\"column\" data-e-type=\"column\">\n\t\t\t<div class=\"elementor-widget-wrap elementor-element-populated\">\n\t\t\t\t\t\t<div class=\"elementor-element elementor-element-06bee8b elementor-align-center elementor-widget elementor-widget-button\" data-id=\"06bee8b\" data-element_type=\"widget\" data-e-type=\"widget\" data-widget_type=\"button.default\">\n\t\t\t\t<div class=\"elementor-widget-container\">\n\t\t\t\t\t\t\t\t\t<div class=\"elementor-button-wrapper\">\n\t\t\t\t\t<a class=\"elementor-button elementor-button-link elementor-size-sm\" href=\"https:\/\/www.brussels-skin-center.be\/fr\/rendez-vous\/\">\n\t\t\t\t\t\t<span class=\"elementor-button-content-wrapper\">\n\t\t\t\t\t\t<span class=\"elementor-button-icon\">\n\t\t\t\t<i aria-hidden=\"true\" class=\"far fa-calendar-alt\"><\/i>\t\t\t<\/span>\n\t\t\t\t\t\t\t\t\t<span class=\"elementor-button-text\">Prendre rendez-vous<\/span>\n\t\t\t\t\t<\/span>\n\t\t\t\t\t<\/a>\n\t\t\t\t<\/div>\n\t\t\t\t\t\t\t\t<\/div>\n\t\t\t\t<\/div>\n\t\t\t\t\t<\/div>\n\t\t<\/div>\n\t\t\t\t<div class=\"elementor-column elementor-col-50 elementor-top-column elementor-element elementor-element-e2bceca\" data-id=\"e2bceca\" data-element_type=\"column\" data-e-type=\"column\">\n\t\t\t<div class=\"elementor-widget-wrap elementor-element-populated\">\n\t\t\t\t\t\t<div class=\"elementor-element elementor-element-f77feed elementor-align-center elementor-widget elementor-widget-button\" data-id=\"f77feed\" data-element_type=\"widget\" data-e-type=\"widget\" data-widget_type=\"button.default\">\n\t\t\t\t<div class=\"elementor-widget-container\">\n\t\t\t\t\t\t\t\t\t<div class=\"elementor-button-wrapper\">\n\t\t\t\t\t<a class=\"elementor-button elementor-button-link elementor-size-sm\" href=\"https:\/\/www.brussels-skin-center.be\/fr\/acces-transports\/\">\n\t\t\t\t\t\t<span class=\"elementor-button-content-wrapper\">\n\t\t\t\t\t\t\t\t\t<span class=\"elementor-button-text\">Acc\u00e8s et transport<\/span>\n\t\t\t\t\t<\/span>\n\t\t\t\t\t<\/a>\n\t\t\t\t<\/div>\n\t\t\t\t\t\t\t\t<\/div>\n\t\t\t\t<\/div>\n\t\t\t\t\t<\/div>\n\t\t<\/div>\n\t\t\t\t\t<\/div>\n\t\t<\/section>\n\t\t\t\t<\/div>\n\t\t","protected":false},"excerpt":{"rendered":"<p>Brussels Skin Center : l\u2019excellence en dermatologie \u00e0 Bruxelles Le Brussels Skin Center est le cabinet priv\u00e9 de dermatologie leader \u00e0 Bruxelles, fond\u00e9 en 2010 par le Docteur Claire Debusscher, m\u00e9decin dermatologue \u00e0 Bruxelles. Il offre une prise en charge compl\u00e8te et professionnelle de toute maladie de la peau, des muqueuses buccales et g\u00e9nitales, des cheveux et des ongles, ainsi que des traitements esth\u00e9tiques de pointe. Votre dermatologue \u00e0 Uccle, \u00e0 Ixelles et dans le Quartier Europ\u00e9en (Bruxelles) Le Brussels Skin Center met \u00e0 votre disposition une \u00e9quipe de vingt-et-un dermatologues exp\u00e9riment\u00e9s, \u00e0 Uccle, \u00e0 Ixelles et dans le Quartier&hellip; <\/p>\n","protected":false},"author":6,"featured_media":0,"parent":0,"menu_order":0,"comment_status":"closed","ping_status":"closed","template":"","meta":{"footnotes":""},"class_list":["post-35","page","type-page","status-publish","hentry"],"yoast_head":"<!-- This site is optimized with the Yoast SEO Premium plugin v26.3 (Yoast SEO v27.4) - https:\/\/yoast.com\/product\/yoast-seo-premium-wordpress\/ -->\n<title>Brussels Skin Center: l\u2019excellence en dermatologie \u00e0 Bruxelles - Brussels Skin Center<\/title>\n<meta name=\"description\" content=\"Le Brussels Skin Center offre une prise en charge professionnelle de toute maladie de la peau, des ongles et des parties intimes \u00e0 Bruxelles.\" \/>\n<meta name=\"robots\" content=\"index, follow, max-snippet:-1, max-image-preview:large, max-video-preview:-1\" \/>\n<link rel=\"canonical\" href=\"https:\/\/www.brussels-skin-center.be\/fr\/\" \/>\n<meta property=\"og:locale\" content=\"fr_FR\" \/>\n<meta property=\"og:type\" content=\"article\" \/>\n<meta property=\"og:title\" content=\"Brussels Skin Center: l\u2019excellence en dermatologie \u00e0 Bruxelles\" \/>\n<meta property=\"og:description\" content=\"Brussels Skin Center : l\u2019excellence en dermatologie \u00e0 Bruxelles Le Brussels Skin Center est le cabinet priv\u00e9 de dermatologie leader \u00e0 Bruxelles, fond\u00e9 en\" \/>\n<meta property=\"og:url\" content=\"https:\/\/www.brussels-skin-center.be\/fr\/\" \/>\n<meta property=\"og:site_name\" content=\"Brussels Skin Center\" \/>\n<meta property=\"article:publisher\" content=\"https:\/\/www.facebook.com\/brusselsskincenter\/\" \/>\n<meta property=\"article:modified_time\" content=\"2026-03-31T10:40:18+00:00\" \/>\n<meta property=\"og:image\" content=\"https:\/\/www.brussels-skin-center.be\/wp-content\/uploads\/2024\/11\/BSC6.jpg\" \/>\n<meta name=\"twitter:label1\" content=\"Dur\u00e9e de lecture estim\u00e9e\" \/>\n\t<meta name=\"twitter:data1\" content=\"3 minutes\" \/>\n<script type=\"application\/ld+json\" class=\"yoast-schema-graph\">{\"@context\":\"https:\\\/\\\/schema.org\",\"@graph\":[{\"@type\":\"WebPage\",\"@id\":\"https:\\\/\\\/www.brussels-skin-center.be\\\/fr\\\/\",\"url\":\"https:\\\/\\\/www.brussels-skin-center.be\\\/fr\\\/\",\"name\":\"Brussels Skin Center: l\u2019excellence en dermatologie \u00e0 Bruxelles - Brussels Skin Center\",\"isPartOf\":{\"@id\":\"https:\\\/\\\/www.brussels-skin-center.be\\\/fr\\\/#website\"},\"primaryImageOfPage\":{\"@id\":\"https:\\\/\\\/www.brussels-skin-center.be\\\/fr\\\/#primaryimage\"},\"image\":{\"@id\":\"https:\\\/\\\/www.brussels-skin-center.be\\\/fr\\\/#primaryimage\"},\"thumbnailUrl\":\"https:\\\/\\\/www.brussels-skin-center.be\\\/wp-content\\\/uploads\\\/2024\\\/11\\\/BSC6.jpg\",\"datePublished\":\"2014-05-01T08:34:48+00:00\",\"dateModified\":\"2026-03-31T10:40:18+00:00\",\"description\":\"Le Brussels Skin Center offre une prise en charge professionnelle de toute maladie de la peau, des ongles et des parties intimes \u00e0 Bruxelles.\",\"breadcrumb\":{\"@id\":\"https:\\\/\\\/www.brussels-skin-center.be\\\/fr\\\/#breadcrumb\"},\"inLanguage\":\"fr-FR\",\"potentialAction\":[{\"@type\":\"ReadAction\",\"target\":[\"https:\\\/\\\/www.brussels-skin-center.be\\\/fr\\\/\"]}]},{\"@type\":\"ImageObject\",\"inLanguage\":\"fr-FR\",\"@id\":\"https:\\\/\\\/www.brussels-skin-center.be\\\/fr\\\/#primaryimage\",\"url\":\"https:\\\/\\\/www.brussels-skin-center.be\\\/wp-content\\\/uploads\\\/2024\\\/11\\\/BSC6.jpg\",\"contentUrl\":\"https:\\\/\\\/www.brussels-skin-center.be\\\/wp-content\\\/uploads\\\/2024\\\/11\\\/BSC6.jpg\"},{\"@type\":\"BreadcrumbList\",\"@id\":\"https:\\\/\\\/www.brussels-skin-center.be\\\/fr\\\/#breadcrumb\",\"itemListElement\":[{\"@type\":\"ListItem\",\"position\":1,\"name\":\"Home\",\"item\":\"https:\\\/\\\/www.brussels-skin-center.be\\\/fr\\\/\"},{\"@type\":\"ListItem\",\"position\":2,\"name\":\"Brussels Skin Center: l\u2019excellence en dermatologie \u00e0 Bruxelles\"}]},{\"@type\":\"WebSite\",\"@id\":\"https:\\\/\\\/www.brussels-skin-center.be\\\/fr\\\/#website\",\"url\":\"https:\\\/\\\/www.brussels-skin-center.be\\\/fr\\\/\",\"name\":\"Brussels Skin Center\",\"description\":\"Dermatologie - Dermatology\",\"publisher\":{\"@id\":\"https:\\\/\\\/www.brussels-skin-center.be\\\/fr\\\/#organization\"},\"potentialAction\":[{\"@type\":\"SearchAction\",\"target\":{\"@type\":\"EntryPoint\",\"urlTemplate\":\"https:\\\/\\\/www.brussels-skin-center.be\\\/fr\\\/?s={search_term_string}\"},\"query-input\":{\"@type\":\"PropertyValueSpecification\",\"valueRequired\":true,\"valueName\":\"search_term_string\"}}],\"inLanguage\":\"fr-FR\"},{\"@type\":\"Organization\",\"@id\":\"https:\\\/\\\/www.brussels-skin-center.be\\\/fr\\\/#organization\",\"name\":\"Brussels Skin Center\",\"url\":\"https:\\\/\\\/www.brussels-skin-center.be\\\/fr\\\/\",\"logo\":{\"@type\":\"ImageObject\",\"inLanguage\":\"fr-FR\",\"@id\":\"https:\\\/\\\/www.brussels-skin-center.be\\\/fr\\\/#\\\/schema\\\/logo\\\/image\\\/\",\"url\":\"https:\\\/\\\/www.brussels-skin-center.be\\\/wp-content\\\/uploads\\\/2022\\\/03\\\/BSC_logo-2.png\",\"contentUrl\":\"https:\\\/\\\/www.brussels-skin-center.be\\\/wp-content\\\/uploads\\\/2022\\\/03\\\/BSC_logo-2.png\",\"width\":512,\"height\":512,\"caption\":\"Brussels Skin Center\"},\"image\":{\"@id\":\"https:\\\/\\\/www.brussels-skin-center.be\\\/fr\\\/#\\\/schema\\\/logo\\\/image\\\/\"},\"sameAs\":[\"https:\\\/\\\/www.facebook.com\\\/brusselsskincenter\\\/\",\"https:\\\/\\\/www.linkedin.com\\\/company\\\/brussels-skin-center\\\/\"]}]}<\/script>\n<!-- \/ Yoast SEO Premium plugin. -->","yoast_head_json":{"title":"Brussels Skin Center: l\u2019excellence en dermatologie \u00e0 Bruxelles - Brussels Skin Center","description":"Le Brussels Skin Center offre une prise en charge professionnelle de toute maladie de la peau, des ongles et des parties intimes \u00e0 Bruxelles.","robots":{"index":"index","follow":"follow","max-snippet":"max-snippet:-1","max-image-preview":"max-image-preview:large","max-video-preview":"max-video-preview:-1"},"canonical":"https:\/\/www.brussels-skin-center.be\/fr\/","og_locale":"fr_FR","og_type":"article","og_title":"Brussels Skin Center: l\u2019excellence en dermatologie \u00e0 Bruxelles","og_description":"Brussels Skin Center : l\u2019excellence en dermatologie \u00e0 Bruxelles Le Brussels Skin Center est le cabinet priv\u00e9 de dermatologie leader \u00e0 Bruxelles, fond\u00e9 en","og_url":"https:\/\/www.brussels-skin-center.be\/fr\/","og_site_name":"Brussels Skin Center","article_publisher":"https:\/\/www.facebook.com\/brusselsskincenter\/","article_modified_time":"2026-03-31T10:40:18+00:00","og_image":[{"url":"https:\/\/www.brussels-skin-center.be\/wp-content\/uploads\/2024\/11\/BSC6.jpg","type":"","width":"","height":""}],"twitter_misc":{"Dur\u00e9e de lecture estim\u00e9e":"3 minutes"},"schema":{"@context":"https:\/\/schema.org","@graph":[{"@type":"WebPage","@id":"https:\/\/www.brussels-skin-center.be\/fr\/","url":"https:\/\/www.brussels-skin-center.be\/fr\/","name":"Brussels Skin Center: l\u2019excellence en dermatologie \u00e0 Bruxelles - Brussels Skin Center","isPartOf":{"@id":"https:\/\/www.brussels-skin-center.be\/fr\/#website"},"primaryImageOfPage":{"@id":"https:\/\/www.brussels-skin-center.be\/fr\/#primaryimage"},"image":{"@id":"https:\/\/www.brussels-skin-center.be\/fr\/#primaryimage"},"thumbnailUrl":"https:\/\/www.brussels-skin-center.be\/wp-content\/uploads\/2024\/11\/BSC6.jpg","datePublished":"2014-05-01T08:34:48+00:00","dateModified":"2026-03-31T10:40:18+00:00","description":"Le Brussels Skin Center offre une prise en charge professionnelle de toute maladie de la peau, des ongles et des parties intimes \u00e0 Bruxelles.","breadcrumb":{"@id":"https:\/\/www.brussels-skin-center.be\/fr\/#breadcrumb"},"inLanguage":"fr-FR","potentialAction":[{"@type":"ReadAction","target":["https:\/\/www.brussels-skin-center.be\/fr\/"]}]},{"@type":"ImageObject","inLanguage":"fr-FR","@id":"https:\/\/www.brussels-skin-center.be\/fr\/#primaryimage","url":"https:\/\/www.brussels-skin-center.be\/wp-content\/uploads\/2024\/11\/BSC6.jpg","contentUrl":"https:\/\/www.brussels-skin-center.be\/wp-content\/uploads\/2024\/11\/BSC6.jpg"},{"@type":"BreadcrumbList","@id":"https:\/\/www.brussels-skin-center.be\/fr\/#breadcrumb","itemListElement":[{"@type":"ListItem","position":1,"name":"Home","item":"https:\/\/www.brussels-skin-center.be\/fr\/"},{"@type":"ListItem","position":2,"name":"Brussels Skin Center: l\u2019excellence en dermatologie \u00e0 Bruxelles"}]},{"@type":"WebSite","@id":"https:\/\/www.brussels-skin-center.be\/fr\/#website","url":"https:\/\/www.brussels-skin-center.be\/fr\/","name":"Brussels Skin Center","description":"Dermatologie - Dermatology","publisher":{"@id":"https:\/\/www.brussels-skin-center.be\/fr\/#organization"},"potentialAction":[{"@type":"SearchAction","target":{"@type":"EntryPoint","urlTemplate":"https:\/\/www.brussels-skin-center.be\/fr\/?s={search_term_string}"},"query-input":{"@type":"PropertyValueSpecification","valueRequired":true,"valueName":"search_term_string"}}],"inLanguage":"fr-FR"},{"@type":"Organization","@id":"https:\/\/www.brussels-skin-center.be\/fr\/#organization","name":"Brussels Skin Center","url":"https:\/\/www.brussels-skin-center.be\/fr\/","logo":{"@type":"ImageObject","inLanguage":"fr-FR","@id":"https:\/\/www.brussels-skin-center.be\/fr\/#\/schema\/logo\/image\/","url":"https:\/\/www.brussels-skin-center.be\/wp-content\/uploads\/2022\/03\/BSC_logo-2.png","contentUrl":"https:\/\/www.brussels-skin-center.be\/wp-content\/uploads\/2022\/03\/BSC_logo-2.png","width":512,"height":512,"caption":"Brussels Skin Center"},"image":{"@id":"https:\/\/www.brussels-skin-center.be\/fr\/#\/schema\/logo\/image\/"},"sameAs":["https:\/\/www.facebook.com\/brusselsskincenter\/","https:\/\/www.linkedin.com\/company\/brussels-skin-center\/"]}]}},"_links":{"self":[{"href":"https:\/\/www.brussels-skin-center.be\/fr\/wp-json\/wp\/v2\/pages\/35","targetHints":{"allow":["GET"]}}],"collection":[{"href":"https:\/\/www.brussels-skin-center.be\/fr\/wp-json\/wp\/v2\/pages"}],"about":[{"href":"https:\/\/www.brussels-skin-center.be\/fr\/wp-json\/wp\/v2\/types\/page"}],"author":[{"embeddable":true,"href":"https:\/\/www.brussels-skin-center.be\/fr\/wp-json\/wp\/v2\/users\/6"}],"replies":[{"embeddable":true,"href":"https:\/\/www.brussels-skin-center.be\/fr\/wp-json\/wp\/v2\/comments?post=35"}],"version-history":[{"count":0,"href":"https:\/\/www.brussels-skin-center.be\/fr\/wp-json\/wp\/v2\/pages\/35\/revisions"}],"wp:attachment":[{"href":"https:\/\/www.brussels-skin-center.be\/fr\/wp-json\/wp\/v2\/media?parent=35"}],"curies":[{"name":"wp","href":"https:\/\/api.w.org\/{rel}","templated":true}]}}