{"id":47,"date":"2014-05-01T09:48:33","date_gmt":"2014-05-01T08:48:33","guid":{"rendered":"http:\/\/uni-vert.be\/bsc-responsive\/?page_id=47"},"modified":"2026-03-31T11:36:18","modified_gmt":"2026-03-31T10:36:18","slug":"votre-dermatologue-a-bruxelles","status":"publish","type":"page","link":"https:\/\/www.brussels-skin-center.be\/fr\/votre-dermatologue-a-bruxelles\/","title":{"rendered":"Votre dermatologue \u00e0 Bruxelles"},"content":{"rendered":"\t\t<div data-elementor-type=\"wp-page\" data-elementor-id=\"47\" class=\"elementor elementor-47\">\n\t\t\t\t\t\t<section class=\"elementor-section elementor-top-section elementor-element elementor-element-65d9a05 elementor-section-boxed elementor-section-height-default elementor-section-height-default\" data-id=\"65d9a05\" data-element_type=\"section\" data-e-type=\"section\">\n\t\t\t\t\t\t<div class=\"elementor-container elementor-column-gap-default\">\n\t\t\t\t\t<div class=\"elementor-column elementor-col-100 elementor-top-column elementor-element elementor-element-45e624e\" data-id=\"45e624e\" data-element_type=\"column\" data-e-type=\"column\">\n\t\t\t<div class=\"elementor-widget-wrap elementor-element-populated\">\n\t\t\t\t\t\t<div class=\"elementor-element elementor-element-f74a03e elementor-widget elementor-widget-heading\" data-id=\"f74a03e\" data-element_type=\"widget\" data-e-type=\"widget\" data-widget_type=\"heading.default\">\n\t\t\t\t<div class=\"elementor-widget-container\">\n\t\t\t\t\t<h1 class=\"elementor-heading-title elementor-size-default\">Votre dermatologue \u00e0 Bruxelles<\/h1>\t\t\t\t<\/div>\n\t\t\t\t<\/div>\n\t\t\t\t\t<\/div>\n\t\t<\/div>\n\t\t\t\t\t<\/div>\n\t\t<\/section>\n\t\t\t\t<section class=\"elementor-section elementor-top-section elementor-element elementor-element-90a8183 elementor-section-boxed elementor-section-height-default elementor-section-height-default\" data-id=\"90a8183\" data-element_type=\"section\" data-e-type=\"section\">\n\t\t\t\t\t\t<div class=\"elementor-container elementor-column-gap-default\">\n\t\t\t\t\t<div class=\"elementor-column elementor-col-100 elementor-top-column elementor-element elementor-element-2c238f2\" data-id=\"2c238f2\" data-element_type=\"column\" data-e-type=\"column\">\n\t\t\t<div class=\"elementor-widget-wrap elementor-element-populated\">\n\t\t\t\t\t\t<div class=\"elementor-element elementor-element-898d566 elementor-widget elementor-widget-spacer\" data-id=\"898d566\" data-element_type=\"widget\" data-e-type=\"widget\" data-widget_type=\"spacer.default\">\n\t\t\t\t<div class=\"elementor-widget-container\">\n\t\t\t\t\t\t\t<div class=\"elementor-spacer\">\n\t\t\t<div class=\"elementor-spacer-inner\"><\/div>\n\t\t<\/div>\n\t\t\t\t\t\t<\/div>\n\t\t\t\t<\/div>\n\t\t\t\t\t<\/div>\n\t\t<\/div>\n\t\t\t\t\t<\/div>\n\t\t<\/section>\n\t\t\t\t<section class=\"elementor-section elementor-top-section elementor-element elementor-element-57c59a9 elementor-section-boxed elementor-section-height-default elementor-section-height-default\" data-id=\"57c59a9\" data-element_type=\"section\" data-e-type=\"section\">\n\t\t\t\t\t\t<div class=\"elementor-container elementor-column-gap-default\">\n\t\t\t\t\t<div class=\"elementor-column elementor-col-100 elementor-top-column elementor-element elementor-element-7a4c1bc\" data-id=\"7a4c1bc\" data-element_type=\"column\" data-e-type=\"column\">\n\t\t\t<div class=\"elementor-widget-wrap elementor-element-populated\">\n\t\t\t\t\t\t<div class=\"elementor-element elementor-element-32fa98b elementor-widget elementor-widget-heading\" data-id=\"32fa98b\" data-element_type=\"widget\" data-e-type=\"widget\" data-widget_type=\"heading.default\">\n\t\t\t\t<div class=\"elementor-widget-container\">\n\t\t\t\t\t<h2 class=\"elementor-heading-title elementor-size-default\">Besoin d\u2019un dermatologue \u00e0 Uccle, \u00e0 Ixelles ou dans le Quartier Europ\u00e9en ?<\/h2>\t\t\t\t<\/div>\n\t\t\t\t<\/div>\n\t\t\t\t<div class=\"elementor-element elementor-element-2914ef6 elementor-widget elementor-widget-text-editor\" data-id=\"2914ef6\" data-element_type=\"widget\" data-e-type=\"widget\" data-widget_type=\"text-editor.default\">\n\t\t\t\t<div class=\"elementor-widget-container\">\n\t\t\t\t\t\t\t\t\t<p style=\"text-align: center;\"><strong>Le Brussels Skin Center met 30 praticiens \u00e0 votre service<\/strong> :<\/p><ul style=\"text-align: center;\"><li style=\"text-align: left;\">21 dermatologues<\/li><li style=\"text-align: left;\">4 dermatologues assistants en sp\u00e9cialisation<\/li><li style=\"text-align: left;\">1 chirurgien<\/li><li style=\"text-align: left;\">1 cosm\u00e9tologue<\/li><li style=\"text-align: left;\">1 infirmi\u00e8re sp\u00e9cialis\u00e9e en soins des verrues et en esth\u00e9tique (PRP et laser \u00e9pilatoire)<\/li><li style=\"text-align: left;\">1 infirmi\u00e8re sp\u00e9cialis\u00e9e lasers et \u00e9lectrolyse<\/li><li style=\"text-align: left;\">1 infirmi\u00e8re sp\u00e9cialis\u00e9e en laser vasculaire, pigmentaire et de rajeunissement cutan\u00e9 (Genesis)<\/li><\/ul><p style=\"text-align: center;\">La <strong>compl\u00e9mentarit\u00e9 des dermatologues<\/strong> du Brussels Skin Center permet la <strong>prise en charge de tout type de pathologie dermatologique<\/strong> et vous assure \u00e9galement <strong>des soins de pointe en dermatologie esth\u00e9tique<\/strong>.<\/p><p style=\"text-align: center;\">En plus des probl\u00e8mes dermatologiques les plus courants, que tous nos dermatologues prennent en charge, le Brussels Skin Center met \u00e9galement \u00e0 votre service des <strong>\u00e9quipes sp\u00e9cialis\u00e9es dans certains types de pathologies et de traitements<\/strong>.<\/p>\t\t\t\t\t\t\t\t<\/div>\n\t\t\t\t<\/div>\n\t\t\t\t\t<\/div>\n\t\t<\/div>\n\t\t\t\t\t<\/div>\n\t\t<\/section>\n\t\t\t\t<section class=\"elementor-section elementor-top-section elementor-element elementor-element-f7b0cc1 elementor-section-boxed elementor-section-height-default elementor-section-height-default\" data-id=\"f7b0cc1\" data-element_type=\"section\" data-e-type=\"section\">\n\t\t\t\t\t\t<div class=\"elementor-container elementor-column-gap-default\">\n\t\t\t\t\t<div class=\"elementor-column elementor-col-100 elementor-top-column elementor-element elementor-element-94dafe4\" data-id=\"94dafe4\" data-element_type=\"column\" data-e-type=\"column\">\n\t\t\t<div class=\"elementor-widget-wrap elementor-element-populated\">\n\t\t\t\t\t\t<div class=\"elementor-element elementor-element-b7d8f80 elementor-widget elementor-widget-heading\" data-id=\"b7d8f80\" data-element_type=\"widget\" data-e-type=\"widget\" data-widget_type=\"heading.default\">\n\t\t\t\t<div class=\"elementor-widget-container\">\n\t\t\t\t\t<h3 class=\"elementor-heading-title elementor-size-default\">Dermatologie g\u00e9n\u00e9rale et d\u00e9pistage des cancers de la peau :<\/h3>\t\t\t\t<\/div>\n\t\t\t\t<\/div>\n\t\t\t\t<div class=\"elementor-element elementor-element-63bc3f9 elementor-widget elementor-widget-text-editor\" data-id=\"63bc3f9\" data-element_type=\"widget\" data-e-type=\"widget\" data-widget_type=\"text-editor.default\">\n\t\t\t\t<div class=\"elementor-widget-container\">\n\t\t\t\t\t\t\t\t\t<p style=\"text-align: center;\"><a href=\"https:\/\/www.brussels-skin-center.be\/fr\/dermatologue-bruxelles\/docteur-claire-debusscher\/\">Dr Claire Debusscher<\/a>, <a href=\"https:\/\/www.brussels-skin-center.be\/fr\/dermatologue-bruxelles\/docteur-xuan-lan-lam-hoai\/\">Dr Xu\u00e2n-Lan Lam Hoai<\/a>, <a href=\"https:\/\/www.brussels-skin-center.be\/fr\/dermatologue-bruxelles\/docteur-florence-neczyporenko\/\">Dr Florence Neczyporenko<\/a>, <a href=\"https:\/\/www.brussels-skin-center.be\/fr\/dermatologue-bruxelles\/docteur-deborah-salik\/\">Dr D\u00e9borah Salik<\/a>, <a href=\"https:\/\/www.brussels-skin-center.be\/fr\/dermatologue-bruxelles\/docteur-nathalie-sene\/\">Dr Nathalie S\u00e8ne<\/a>, <a href=\"https:\/\/www.brussels-skin-center.be\/fr\/dermatologue-bruxelles\/docteur-mathilde-daxhelet\/\">Dr Mathilde Daxhelet<\/a>, <a href=\"https:\/\/www.brussels-skin-center.be\/fr\/dermatologue-bruxelles\/docteur-makiko-miyamoto\/\">Dr Makiko Miyamoto<\/a>, <a href=\"https:\/\/www.brussels-skin-center.be\/fr\/dermatologue-bruxelles\/docteur-jonathan-krygier\/\">Dr Jonathan Krygier<\/a>, <a href=\"https:\/\/www.brussels-skin-center.be\/fr\/dermatologue-bruxelles\/docteur-cheyenne-delvaux\/\">Dr Cheyenne Delvaux<\/a>, <a href=\"https:\/\/www.brussels-skin-center.be\/fr\/dermatologue-bruxelles\/docteur-gwendoline-diet\/\">Dr Gwendoline Diet<\/a>, <a href=\"https:\/\/www.brussels-skin-center.be\/fr\/dermatologue-bruxelles\/docteur-yasaman-jazaeri\/\">Dr Yasaman Jazaeri,<\/a> <a href=\"https:\/\/www.brussels-skin-center.be\/fr\/dermatologue-bruxelles\/docteur-celine-gilmant\/\">Dr C\u00e9line Gilmant<\/a>, <a href=\"https:\/\/www.brussels-skin-center.be\/fr\/dermatologue-bruxelles\/docteur-lilia-ben-mbarek\/\">Dr Lilia Ben M&rsquo;Barek,<\/a> <a href=\"https:\/\/www.brussels-skin-center.be\/fr\/dermatologue-bruxelles\/docteur-anouschka-kul\/\">Dr Anouschka Kul<\/a>, <a href=\"https:\/\/www.brussels-skin-center.be\/fr\/dermatologue-bruxelles\/docteur-celine-dandoy\/\">Dr C\u00e9line Dandoy<\/a>, <a href=\"https:\/\/www.brussels-skin-center.be\/fr\/dermatologue-bruxelles\/docteur-julie-de-vooght\/\">Dr Julie de Vooght (assistante)<\/a>, <a href=\"https:\/\/www.brussels-skin-center.be\/fr\/dermatologue-bruxelles\/assistants-dermatologues\/\">Dr Stephanie Herlaar (assistante), Dr Emma Priem (assistante), Dr Manel Chatti (assistante)<\/a><\/p>\t\t\t\t\t\t\t\t<\/div>\n\t\t\t\t<\/div>\n\t\t\t\t\t<\/div>\n\t\t<\/div>\n\t\t\t\t\t<\/div>\n\t\t<\/section>\n\t\t\t\t<section class=\"elementor-section elementor-top-section elementor-element elementor-element-c7eef64 elementor-section-boxed elementor-section-height-default elementor-section-height-default\" data-id=\"c7eef64\" data-element_type=\"section\" data-e-type=\"section\">\n\t\t\t\t\t\t<div class=\"elementor-container elementor-column-gap-default\">\n\t\t\t\t\t<div class=\"elementor-column elementor-col-100 elementor-top-column elementor-element elementor-element-79086fd\" data-id=\"79086fd\" data-element_type=\"column\" data-e-type=\"column\">\n\t\t\t<div class=\"elementor-widget-wrap elementor-element-populated\">\n\t\t\t\t\t\t<div class=\"elementor-element elementor-element-24274eb elementor-widget elementor-widget-heading\" data-id=\"24274eb\" data-element_type=\"widget\" data-e-type=\"widget\" data-widget_type=\"heading.default\">\n\t\t\t\t<div class=\"elementor-widget-container\">\n\t\t\t\t\t<h3 class=\"elementor-heading-title elementor-size-default\">Dermatologie p\u00e9diatrique :<\/h3>\t\t\t\t<\/div>\n\t\t\t\t<\/div>\n\t\t\t\t<div class=\"elementor-element elementor-element-c99bd83 elementor-widget elementor-widget-text-editor\" data-id=\"c99bd83\" data-element_type=\"widget\" data-e-type=\"widget\" data-widget_type=\"text-editor.default\">\n\t\t\t\t<div class=\"elementor-widget-container\">\n\t\t\t\t\t\t\t\t\t<p style=\"text-align: center;\"><a href=\"https:\/\/www.brussels-skin-center.be\/fr\/dermatologue-bruxelles\/docteur-deborah-salik\/\">Dr D\u00e9borah Salik<\/a>, <a href=\"https:\/\/www.brussels-skin-center.be\/fr\/dermatologue-bruxelles\/docteur-cheyenne-delvaux\/\">Dr Cheyenne Delvaux<\/a>, <a href=\"https:\/\/www.brussels-skin-center.be\/fr\/dermatologue-bruxelles\/docteur-gwendoline-diet\/\">Dr Gwendoline Diet<\/a>, <a href=\"https:\/\/www.brussels-skin-center.be\/fr\/dermatologue-bruxelles\/docteur-laura-van-de-borne\/\">Dr Laura van de Borne<\/a>, <a href=\"https:\/\/www.brussels-skin-center.be\/fr\/dermatologue-bruxelles\/docteur-yasaman-jazaeri\/\">Dr Yasaman Jazaeri<\/a>, <a href=\"https:\/\/www.brussels-skin-center.be\/fr\/dermatologue-bruxelles\/docteur-celine-gilmant\/\">Dr C\u00e9line Gilmant<\/a>, <a href=\"https:\/\/www.brussels-skin-center.be\/fr\/dermatologue-bruxelles\/docteur-lilia-ben-mbarek\/\">Dr Lilia Ben M&rsquo;Barek,<\/a> <a href=\"https:\/\/www.brussels-skin-center.be\/fr\/dermatologue-bruxelles\/docteur-anouschka-kul\/\">Dr Anouschka Kul<\/a>, <a href=\"https:\/\/www.brussels-skin-center.be\/fr\/dermatologue-bruxelles\/docteur-celine-dandoy\/\">Dr C\u00e9line Dandoy<\/a>, <a href=\"https:\/\/www.brussels-skin-center.be\/fr\/dermatologue-bruxelles\/docteur-julie-de-vooght\/\">Dr Julie de Vooght (assistante)<\/a>, <a href=\"https:\/\/www.brussels-skin-center.be\/fr\/dermatologue-bruxelles\/assistants-dermatologues\/\">Dr Stephanie Herlaar (assistante), Dr Emma Priem (assistante), Dr Manel Chatti (assistante)<\/a><\/p>\t\t\t\t\t\t\t\t<\/div>\n\t\t\t\t<\/div>\n\t\t\t\t\t<\/div>\n\t\t<\/div>\n\t\t\t\t\t<\/div>\n\t\t<\/section>\n\t\t\t\t<section class=\"elementor-section elementor-top-section elementor-element elementor-element-b7e006c elementor-section-boxed elementor-section-height-default elementor-section-height-default\" data-id=\"b7e006c\" data-element_type=\"section\" data-e-type=\"section\">\n\t\t\t\t\t\t<div class=\"elementor-container elementor-column-gap-default\">\n\t\t\t\t\t<div class=\"elementor-column elementor-col-100 elementor-top-column elementor-element elementor-element-966df86\" data-id=\"966df86\" data-element_type=\"column\" data-e-type=\"column\">\n\t\t\t<div class=\"elementor-widget-wrap elementor-element-populated\">\n\t\t\t\t\t\t<div class=\"elementor-element elementor-element-5c10bcf elementor-widget elementor-widget-heading\" data-id=\"5c10bcf\" data-element_type=\"widget\" data-e-type=\"widget\" data-widget_type=\"heading.default\">\n\t\t\t\t<div class=\"elementor-widget-container\">\n\t\t\t\t\t<h3 class=\"elementor-heading-title elementor-size-default\">Soins des verrues :<\/h3>\t\t\t\t<\/div>\n\t\t\t\t<\/div>\n\t\t\t\t<div class=\"elementor-element elementor-element-e8c2444 elementor-widget elementor-widget-text-editor\" data-id=\"e8c2444\" data-element_type=\"widget\" data-e-type=\"widget\" data-widget_type=\"text-editor.default\">\n\t\t\t\t<div class=\"elementor-widget-container\">\n\t\t\t\t\t\t\t\t\t<p style=\"text-align: center;\"><a href=\"https:\/\/www.brussels-skin-center.be\/fr\/dermatologue-bruxelles\/assistants-dermatologues\/\">Dr Stephanie Herlaar (assistante), Dr Emma Priem (assistante), Dr Manel Chatti (assistante)<\/a>, <a href=\"https:\/\/www.brussels-skin-center.be\/fr\/dermatologue-bruxelles\/madame-perrine-vandercam\/\">Mme <span class=\"menu-text\">Perrine Vandercam<\/span><\/a><\/p>\t\t\t\t\t\t\t\t<\/div>\n\t\t\t\t<\/div>\n\t\t\t\t\t<\/div>\n\t\t<\/div>\n\t\t\t\t\t<\/div>\n\t\t<\/section>\n\t\t\t\t<section class=\"elementor-section elementor-top-section elementor-element elementor-element-bfe2d74 elementor-section-boxed elementor-section-height-default elementor-section-height-default\" data-id=\"bfe2d74\" data-element_type=\"section\" data-e-type=\"section\">\n\t\t\t\t\t\t<div class=\"elementor-container elementor-column-gap-default\">\n\t\t\t\t\t<div class=\"elementor-column elementor-col-100 elementor-top-column elementor-element elementor-element-5707725\" data-id=\"5707725\" data-element_type=\"column\" data-e-type=\"column\">\n\t\t\t<div class=\"elementor-widget-wrap elementor-element-populated\">\n\t\t\t\t\t\t<div class=\"elementor-element elementor-element-bcc8daa elementor-widget elementor-widget-heading\" data-id=\"bcc8daa\" data-element_type=\"widget\" data-e-type=\"widget\" data-widget_type=\"heading.default\">\n\t\t\t\t<div class=\"elementor-widget-container\">\n\t\t\t\t\t<h3 class=\"elementor-heading-title elementor-size-default\">Pathologies des muqueuses et IST :<\/h3>\t\t\t\t<\/div>\n\t\t\t\t<\/div>\n\t\t\t\t<div class=\"elementor-element elementor-element-a50c429 elementor-widget elementor-widget-text-editor\" data-id=\"a50c429\" data-element_type=\"widget\" data-e-type=\"widget\" data-widget_type=\"text-editor.default\">\n\t\t\t\t<div class=\"elementor-widget-container\">\n\t\t\t\t\t\t\t\t\t<p style=\"text-align: center;\"><a href=\"https:\/\/www.brussels-skin-center.be\/fr\/dermatologue-bruxelles\/professeur-dominique-parent\/\">Dr Dominique Parent<\/a>, <a href=\"https:\/\/www.brussels-skin-center.be\/fr\/dermatologue-bruxelles\/docteur-fanny-camus\/\">Dr Fanny Camus<\/a>, <a href=\"https:\/\/www.brussels-skin-center.be\/fr\/dermatologue-bruxelles\/docteur-makiko-miyamoto\/\">Dr Makiko Miyamoto (uniquement femmes)<\/a>, <a href=\"https:\/\/www.brussels-skin-center.be\/fr\/dermatologue-bruxelles\/docteur-gwendoline-diet\/\">Dr Gwendoline Diet (uniquement femmes)<\/a>, <a href=\"https:\/\/www.brussels-skin-center.be\/fr\/dermatologue-bruxelles\/docteur-delphine-pirard\/\">Dr Delphine Pirard (uniquement femmes)<\/a>, <a href=\"https:\/\/www.brussels-skin-center.be\/fr\/dermatologue-bruxelles\/docteur-claire-debusscher\/\">Dr Claire Debusscher<\/a>, <a href=\"https:\/\/www.brussels-skin-center.be\/fr\/dermatologue-bruxelles\/docteur-jonathan-krygier\/\">Dr Jonathan Krygier (muqueuses hommes uniquement)<\/a><\/p>\t\t\t\t\t\t\t\t<\/div>\n\t\t\t\t<\/div>\n\t\t\t\t\t<\/div>\n\t\t<\/div>\n\t\t\t\t\t<\/div>\n\t\t<\/section>\n\t\t\t\t<section class=\"elementor-section elementor-top-section elementor-element elementor-element-3256f7b elementor-section-boxed elementor-section-height-default elementor-section-height-default\" data-id=\"3256f7b\" data-element_type=\"section\" data-e-type=\"section\">\n\t\t\t\t\t\t<div class=\"elementor-container elementor-column-gap-default\">\n\t\t\t\t\t<div class=\"elementor-column elementor-col-100 elementor-top-column elementor-element elementor-element-5680990\" data-id=\"5680990\" data-element_type=\"column\" data-e-type=\"column\">\n\t\t\t<div class=\"elementor-widget-wrap elementor-element-populated\">\n\t\t\t\t\t\t<div class=\"elementor-element elementor-element-6c50a81 elementor-widget elementor-widget-heading\" data-id=\"6c50a81\" data-element_type=\"widget\" data-e-type=\"widget\" data-widget_type=\"heading.default\">\n\t\t\t\t<div class=\"elementor-widget-container\">\n\t\t\t\t\t<h3 class=\"elementor-heading-title elementor-size-default\">Pathologies de la muqueuse buccale :<\/h3>\t\t\t\t<\/div>\n\t\t\t\t<\/div>\n\t\t\t\t<div class=\"elementor-element elementor-element-48d930e elementor-widget elementor-widget-text-editor\" data-id=\"48d930e\" data-element_type=\"widget\" data-e-type=\"widget\" data-widget_type=\"text-editor.default\">\n\t\t\t\t<div class=\"elementor-widget-container\">\n\t\t\t\t\t\t\t\t\t<p style=\"text-align: center;\"><a href=\"https:\/\/www.brussels-skin-center.be\/fr\/dermatologue-bruxelles\/docteur-cheyenne-delvaux\/\">Dr Cheyenne Delvaux<\/a><\/p>\t\t\t\t\t\t\t\t<\/div>\n\t\t\t\t<\/div>\n\t\t\t\t\t<\/div>\n\t\t<\/div>\n\t\t\t\t\t<\/div>\n\t\t<\/section>\n\t\t\t\t<section class=\"elementor-section elementor-top-section elementor-element elementor-element-423f7c5 elementor-section-boxed elementor-section-height-default elementor-section-height-default\" data-id=\"423f7c5\" data-element_type=\"section\" data-e-type=\"section\">\n\t\t\t\t\t\t<div class=\"elementor-container elementor-column-gap-default\">\n\t\t\t\t\t<div class=\"elementor-column elementor-col-100 elementor-top-column elementor-element elementor-element-7828cfd\" data-id=\"7828cfd\" data-element_type=\"column\" data-e-type=\"column\">\n\t\t\t<div class=\"elementor-widget-wrap elementor-element-populated\">\n\t\t\t\t\t\t<div class=\"elementor-element elementor-element-7cbf3e8 elementor-widget elementor-widget-heading\" data-id=\"7cbf3e8\" data-element_type=\"widget\" data-e-type=\"widget\" data-widget_type=\"heading.default\">\n\t\t\t\t<div class=\"elementor-widget-container\">\n\t\t\t\t\t<h3 class=\"elementor-heading-title elementor-size-default\">Pathologies inflammatoires et syst\u00e9miques :<\/h3>\t\t\t\t<\/div>\n\t\t\t\t<\/div>\n\t\t\t\t<div class=\"elementor-element elementor-element-e1343bc elementor-widget elementor-widget-text-editor\" data-id=\"e1343bc\" data-element_type=\"widget\" data-e-type=\"widget\" data-widget_type=\"text-editor.default\">\n\t\t\t\t<div class=\"elementor-widget-container\">\n\t\t\t\t\t\t\t\t\t<p style=\"text-align: center;\"><a href=\"https:\/\/www.brussels-skin-center.be\/fr\/dermatologue-bruxelles\/docteur-claire-debusscher\/\">Dr Claire Debusscher<\/a>, <a href=\"https:\/\/www.brussels-skin-center.be\/fr\/dermatologue-bruxelles\/docteur-xuan-lan-lam-hoai\/\">Dr Xu\u00e2n-Lan Lam Hoai<\/a>, <a href=\"https:\/\/www.brussels-skin-center.be\/fr\/dermatologue-bruxelles\/docteur-florence-neczyporenko\/\">Dr Florence Neczyporenko<\/a>, <a href=\"https:\/\/www.brussels-skin-center.be\/fr\/dermatologue-bruxelles\/docteur-mathilde-daxhelet\/\">Dr Mathilde Daxhelet<\/a>, <a href=\"https:\/\/www.brussels-skin-center.be\/fr\/dermatologue-bruxelles\/docteur-cheyenne-delvaux\/\">Dr Cheyenne Delvaux<\/a>, <a href=\"https:\/\/www.brussels-skin-center.be\/fr\/dermatologue-bruxelles\/docteur-laura-van-de-borne\/\">Dr Laura van de Borne<\/a>, <a href=\"https:\/\/www.brussels-skin-center.be\/fr\/dermatologue-bruxelles\/docteur-yasaman-jazaeri\/\">Dr Yasaman Jazaeri<\/a>, <a href=\"https:\/\/www.brussels-skin-center.be\/fr\/dermatologue-bruxelles\/docteur-lilia-ben-mbarek\/\">Dr Lilia Ben M&rsquo;Barek<\/a>, <a href=\"https:\/\/www.brussels-skin-center.be\/fr\/dermatologue-bruxelles\/docteur-celine-dandoy\/\">Dr C\u00e9line Dandoy<\/a><\/p>\t\t\t\t\t\t\t\t<\/div>\n\t\t\t\t<\/div>\n\t\t\t\t\t<\/div>\n\t\t<\/div>\n\t\t\t\t\t<\/div>\n\t\t<\/section>\n\t\t\t\t<section class=\"elementor-section elementor-top-section elementor-element elementor-element-37d70fd elementor-section-boxed elementor-section-height-default elementor-section-height-default\" data-id=\"37d70fd\" data-element_type=\"section\" data-e-type=\"section\">\n\t\t\t\t\t\t<div class=\"elementor-container elementor-column-gap-default\">\n\t\t\t\t\t<div class=\"elementor-column elementor-col-100 elementor-top-column elementor-element elementor-element-698d957\" data-id=\"698d957\" data-element_type=\"column\" data-e-type=\"column\">\n\t\t\t<div class=\"elementor-widget-wrap elementor-element-populated\">\n\t\t\t\t\t\t<div class=\"elementor-element elementor-element-7420565 elementor-widget elementor-widget-heading\" data-id=\"7420565\" data-element_type=\"widget\" data-e-type=\"widget\" data-widget_type=\"heading.default\">\n\t\t\t\t<div class=\"elementor-widget-container\">\n\t\t\t\t\t<h3 class=\"elementor-heading-title elementor-size-default\">Allergies :<\/h3>\t\t\t\t<\/div>\n\t\t\t\t<\/div>\n\t\t\t\t<div class=\"elementor-element elementor-element-15ec981 elementor-widget elementor-widget-text-editor\" data-id=\"15ec981\" data-element_type=\"widget\" data-e-type=\"widget\" data-widget_type=\"text-editor.default\">\n\t\t\t\t<div class=\"elementor-widget-container\">\n\t\t\t\t\t\t\t\t\t<p style=\"text-align: center;\"><a href=\"https:\/\/www.brussels-skin-center.be\/fr\/dermatologue-bruxelles\/docteur-nathalie-sene\/\">Dr Nathalie S\u00e8ne (Patch-tests)<\/a><\/p>\t\t\t\t\t\t\t\t<\/div>\n\t\t\t\t<\/div>\n\t\t\t\t\t<\/div>\n\t\t<\/div>\n\t\t\t\t\t<\/div>\n\t\t<\/section>\n\t\t\t\t<section class=\"elementor-section elementor-top-section elementor-element elementor-element-58953cd elementor-section-boxed elementor-section-height-default elementor-section-height-default\" data-id=\"58953cd\" data-element_type=\"section\" data-e-type=\"section\">\n\t\t\t\t\t\t<div class=\"elementor-container elementor-column-gap-default\">\n\t\t\t\t\t<div class=\"elementor-column elementor-col-100 elementor-top-column elementor-element elementor-element-2fed130\" data-id=\"2fed130\" data-element_type=\"column\" data-e-type=\"column\">\n\t\t\t<div class=\"elementor-widget-wrap elementor-element-populated\">\n\t\t\t\t\t\t<div class=\"elementor-element elementor-element-19a234d elementor-widget elementor-widget-heading\" data-id=\"19a234d\" data-element_type=\"widget\" data-e-type=\"widget\" data-widget_type=\"heading.default\">\n\t\t\t\t<div class=\"elementor-widget-container\">\n\t\t\t\t\t<h3 class=\"elementor-heading-title elementor-size-default\">Maladies infectieuse et tropicale : <\/h3>\t\t\t\t<\/div>\n\t\t\t\t<\/div>\n\t\t\t\t<div class=\"elementor-element elementor-element-05f32c6 elementor-widget elementor-widget-text-editor\" data-id=\"05f32c6\" data-element_type=\"widget\" data-e-type=\"widget\" data-widget_type=\"text-editor.default\">\n\t\t\t\t<div class=\"elementor-widget-container\">\n\t\t\t\t\t\t\t\t\t<p style=\"text-align: center;\"><a href=\"https:\/\/www.brussels-skin-center.be\/fr\/dermatologue-bruxelles\/docteur-gwendoline-diet\/\">Dr Gwendoline Diet<\/a><\/p>\t\t\t\t\t\t\t\t<\/div>\n\t\t\t\t<\/div>\n\t\t\t\t\t<\/div>\n\t\t<\/div>\n\t\t\t\t\t<\/div>\n\t\t<\/section>\n\t\t\t\t<section class=\"elementor-section elementor-top-section elementor-element elementor-element-2b9ddaf elementor-section-boxed elementor-section-height-default elementor-section-height-default\" data-id=\"2b9ddaf\" data-element_type=\"section\" data-e-type=\"section\">\n\t\t\t\t\t\t<div class=\"elementor-container elementor-column-gap-default\">\n\t\t\t\t\t<div class=\"elementor-column elementor-col-100 elementor-top-column elementor-element elementor-element-4931564\" data-id=\"4931564\" data-element_type=\"column\" data-e-type=\"column\">\n\t\t\t<div class=\"elementor-widget-wrap elementor-element-populated\">\n\t\t\t\t\t\t<div class=\"elementor-element elementor-element-f305392 elementor-widget elementor-widget-heading\" data-id=\"f305392\" data-element_type=\"widget\" data-e-type=\"widget\" data-widget_type=\"heading.default\">\n\t\t\t\t<div class=\"elementor-widget-container\">\n\t\t\t\t\t<h3 class=\"elementor-heading-title elementor-size-default\">Pathologies des cheveux et traitement PRP :<\/h3>\t\t\t\t<\/div>\n\t\t\t\t<\/div>\n\t\t\t\t<div class=\"elementor-element elementor-element-e24e4ab elementor-widget elementor-widget-text-editor\" data-id=\"e24e4ab\" data-element_type=\"widget\" data-e-type=\"widget\" data-widget_type=\"text-editor.default\">\n\t\t\t\t<div class=\"elementor-widget-container\">\n\t\t\t\t\t\t\t\t\t<p style=\"text-align: center;\"><a href=\"https:\/\/www.brussels-skin-center.be\/fr\/dermatologue-bruxelles\/docteur-nathalie-sene\/\">Dr Nathalie S\u00e8ne (diagnostique et traitement PRP)<\/a>, <a href=\"https:\/\/www.brussels-skin-center.be\/fr\/dermatologue-bruxelles\/docteur-gwendoline-diet\/\">Dr Gwendoline Diet (diagnostique)<\/a>, <a href=\"https:\/\/www.brussels-skin-center.be\/fr\/dermatologue-bruxelles\/docteur-lilia-ben-mbarek\/\">Dr Lilia Ben M&rsquo;Barek (diagnostique)<\/a>, <a href=\"https:\/\/www.brussels-skin-center.be\/fr\/dermatologue-bruxelles\/madame-perrine-vandercam\/\">Mme Perrine Vandercam (traitement PRP)<\/a><\/p>\t\t\t\t\t\t\t\t<\/div>\n\t\t\t\t<\/div>\n\t\t\t\t\t<\/div>\n\t\t<\/div>\n\t\t\t\t\t<\/div>\n\t\t<\/section>\n\t\t\t\t<section class=\"elementor-section elementor-top-section elementor-element elementor-element-120d3bf elementor-section-boxed elementor-section-height-default elementor-section-height-default\" data-id=\"120d3bf\" data-element_type=\"section\" data-e-type=\"section\">\n\t\t\t\t\t\t<div class=\"elementor-container elementor-column-gap-default\">\n\t\t\t\t\t<div class=\"elementor-column elementor-col-100 elementor-top-column elementor-element elementor-element-6a1b41f\" data-id=\"6a1b41f\" data-element_type=\"column\" data-e-type=\"column\">\n\t\t\t<div class=\"elementor-widget-wrap elementor-element-populated\">\n\t\t\t\t\t\t<div class=\"elementor-element elementor-element-3c58908 elementor-widget elementor-widget-heading\" data-id=\"3c58908\" data-element_type=\"widget\" data-e-type=\"widget\" data-widget_type=\"heading.default\">\n\t\t\t\t<div class=\"elementor-widget-container\">\n\t\t\t\t\t<h3 class=\"elementor-heading-title elementor-size-default\">Pathologies et soins des ongles : <\/h3>\t\t\t\t<\/div>\n\t\t\t\t<\/div>\n\t\t\t\t<div class=\"elementor-element elementor-element-9e6e5f9 elementor-widget elementor-widget-text-editor\" data-id=\"9e6e5f9\" data-element_type=\"widget\" data-e-type=\"widget\" data-widget_type=\"text-editor.default\">\n\t\t\t\t<div class=\"elementor-widget-container\">\n\t\t\t\t\t\t\t\t\t<p style=\"text-align: center;\"><a href=\"https:\/\/www.brussels-skin-center.be\/fr\/dermatologue-bruxelles\/pr-bertrand-richert\/\">Pr Bertrand Richert<\/a>, <a href=\"https:\/\/www.brussels-skin-center.be\/fr\/dermatologue-bruxelles\/docteur-laura-van-de-borne\/\">Dr Laura van de Borne,<\/a> <a href=\"https:\/\/www.brussels-skin-center.be\/fr\/dermatologue-bruxelles\/docteur-anouschka-kul\/\">Dr Anouschka Kul<\/a>, <a href=\"https:\/\/www.brussels-skin-center.be\/fr\/dermatologue-bruxelles\/madame-marie-comas\/\">Mme Marie Comas (soins : p\u00e9dicurie m\u00e9dicale)<\/a><\/p>\t\t\t\t\t\t\t\t<\/div>\n\t\t\t\t<\/div>\n\t\t\t\t\t<\/div>\n\t\t<\/div>\n\t\t\t\t\t<\/div>\n\t\t<\/section>\n\t\t\t\t<section class=\"elementor-section elementor-top-section elementor-element elementor-element-6725aad elementor-section-boxed elementor-section-height-default elementor-section-height-default\" data-id=\"6725aad\" data-element_type=\"section\" data-e-type=\"section\">\n\t\t\t\t\t\t<div class=\"elementor-container elementor-column-gap-default\">\n\t\t\t\t\t<div class=\"elementor-column elementor-col-100 elementor-top-column elementor-element elementor-element-287445c\" data-id=\"287445c\" data-element_type=\"column\" data-e-type=\"column\">\n\t\t\t<div class=\"elementor-widget-wrap elementor-element-populated\">\n\t\t\t\t\t\t<div class=\"elementor-element elementor-element-7167887 elementor-widget elementor-widget-heading\" data-id=\"7167887\" data-element_type=\"widget\" data-e-type=\"widget\" data-widget_type=\"heading.default\">\n\t\t\t\t<div class=\"elementor-widget-container\">\n\t\t\t\t\t<h3 class=\"elementor-heading-title elementor-size-default\">Chirurgie dermatologique\u00a0:<\/h3>\t\t\t\t<\/div>\n\t\t\t\t<\/div>\n\t\t\t\t<div class=\"elementor-element elementor-element-3aa366c elementor-widget elementor-widget-text-editor\" data-id=\"3aa366c\" data-element_type=\"widget\" data-e-type=\"widget\" data-widget_type=\"text-editor.default\">\n\t\t\t\t<div class=\"elementor-widget-container\">\n\t\t\t\t\t\t\t\t\t<p style=\"text-align: center;\"><a href=\"https:\/\/www.brussels-skin-center.be\/fr\/dermatologue-bruxelles\/docteur-gil-vervloet\/\">Dr Gil Vervloet<\/a>, <a href=\"https:\/\/www.brussels-skin-center.be\/fr\/dermatologue-bruxelles\/pr-bertrand-richert\/\">Pr Bertrand Richert<\/a>, <a href=\"https:\/\/www.brussels-skin-center.be\/fr\/dermatologue-bruxelles\/docteur-florence-neczyporenko\/\">Dr Florence Neczyporenko<\/a>, <a href=\"https:\/\/www.brussels-skin-center.be\/fr\/dermatologue-bruxelles\/docteur-makiko-miyamoto\/\">Dr Makiko Miyamoto<\/a>, <a href=\"https:\/\/www.brussels-skin-center.be\/fr\/dermatologue-bruxelles\/docteur-yasaman-jazaeri\/\">Dr Yasaman Jazaeri<\/a>, <a href=\"https:\/\/www.brussels-skin-center.be\/fr\/dermatologue-bruxelles\/docteur-anouschka-kul\/\">Dr Anouschka Kul<\/a>, <a href=\"https:\/\/www.brussels-skin-center.be\/fr\/dermatologue-bruxelles\/docteur-celine-dandoy\/\">Dr C\u00e9line Dandoy<\/a><\/p>\t\t\t\t\t\t\t\t<\/div>\n\t\t\t\t<\/div>\n\t\t\t\t\t<\/div>\n\t\t<\/div>\n\t\t\t\t\t<\/div>\n\t\t<\/section>\n\t\t\t\t<section class=\"elementor-section elementor-top-section elementor-element elementor-element-f28636d elementor-section-boxed elementor-section-height-default elementor-section-height-default\" data-id=\"f28636d\" data-element_type=\"section\" data-e-type=\"section\">\n\t\t\t\t\t\t<div class=\"elementor-container elementor-column-gap-default\">\n\t\t\t\t\t<div class=\"elementor-column elementor-col-100 elementor-top-column elementor-element elementor-element-c2e2d0d\" data-id=\"c2e2d0d\" data-element_type=\"column\" data-e-type=\"column\">\n\t\t\t<div class=\"elementor-widget-wrap elementor-element-populated\">\n\t\t\t\t\t\t<div class=\"elementor-element elementor-element-9a617f5 elementor-widget elementor-widget-heading\" data-id=\"9a617f5\" data-element_type=\"widget\" data-e-type=\"widget\" data-widget_type=\"heading.default\">\n\t\t\t\t<div class=\"elementor-widget-container\">\n\t\t\t\t\t<h3 class=\"elementor-heading-title elementor-size-default\">Dermatologie esth\u00e9tique :<\/h3>\t\t\t\t<\/div>\n\t\t\t\t<\/div>\n\t\t\t\t<div class=\"elementor-element elementor-element-99278b8 elementor-widget elementor-widget-text-editor\" data-id=\"99278b8\" data-element_type=\"widget\" data-e-type=\"widget\" data-widget_type=\"text-editor.default\">\n\t\t\t\t<div class=\"elementor-widget-container\">\n\t\t\t\t\t\t\t\t\t<p style=\"text-align: center;\"><a href=\"https:\/\/www.brussels-skin-center.be\/fr\/dermatologue-bruxelles\/docteur-nathalie-sene\/\">Dr Nathalie S\u00e8ne<\/a>, <a href=\"https:\/\/www.brussels-skin-center.be\/fr\/dermatologue-bruxelles\/docteur-florence-neczyporenko\/\">Dr Florence Neczyporenko<\/a>,\u00a0<a href=\"https:\/\/www.brussels-skin-center.be\/fr\/dermatologue-bruxelles\/docteur-claire-debusscher\/\">Dr Claire Debusscher<\/a>,\u00a0<a href=\"https:\/\/www.brussels-skin-center.be\/fr\/dermatologue-bruxelles\/docteur-makiko-miyamoto\/\">Dr Makiko Miyamoto<\/a>, <a href=\"https:\/\/www.brussels-skin-center.be\/fr\/dermatologue-bruxelles\/docteur-gil-vervloet\/\">Dr Gil Vervloet<\/a><\/p>\t\t\t\t\t\t\t\t<\/div>\n\t\t\t\t<\/div>\n\t\t\t\t\t<\/div>\n\t\t<\/div>\n\t\t\t\t\t<\/div>\n\t\t<\/section>\n\t\t\t\t<section class=\"elementor-section elementor-top-section elementor-element elementor-element-f87a614 elementor-section-boxed elementor-section-height-default elementor-section-height-default\" data-id=\"f87a614\" data-element_type=\"section\" data-e-type=\"section\">\n\t\t\t\t\t\t<div class=\"elementor-container elementor-column-gap-default\">\n\t\t\t\t\t<div class=\"elementor-column elementor-col-100 elementor-top-column elementor-element elementor-element-cca90be\" data-id=\"cca90be\" data-element_type=\"column\" data-e-type=\"column\">\n\t\t\t<div class=\"elementor-widget-wrap elementor-element-populated\">\n\t\t\t\t\t\t<div class=\"elementor-element elementor-element-a764dd2 elementor-widget elementor-widget-heading\" data-id=\"a764dd2\" data-element_type=\"widget\" data-e-type=\"widget\" data-widget_type=\"heading.default\">\n\t\t\t\t<div class=\"elementor-widget-container\">\n\t\t\t\t\t<h3 class=\"elementor-heading-title elementor-size-default\">Rajeunissement du visage, du cou, du d\u00e9collet\u00e9 et des mains (PRP) :<\/h3>\t\t\t\t<\/div>\n\t\t\t\t<\/div>\n\t\t\t\t<div class=\"elementor-element elementor-element-7943fa2 elementor-widget elementor-widget-text-editor\" data-id=\"7943fa2\" data-element_type=\"widget\" data-e-type=\"widget\" data-widget_type=\"text-editor.default\">\n\t\t\t\t<div class=\"elementor-widget-container\">\n\t\t\t\t\t\t\t\t\t<p style=\"text-align: center;\"><a href=\"https:\/\/www.brussels-skin-center.be\/fr\/dermatologue-bruxelles\/docteur-nathalie-sene\/\">Dr Nathalie S\u00e8ne<\/a>,\u00a0<a href=\"https:\/\/www.brussels-skin-center.be\/fr\/dermatologue-bruxelles\/madame-perrine-vandercam\/\">Mme <span class=\"menu-text\">Perrine Vandercam<\/span><\/a><\/p>\t\t\t\t\t\t\t\t<\/div>\n\t\t\t\t<\/div>\n\t\t\t\t\t<\/div>\n\t\t<\/div>\n\t\t\t\t\t<\/div>\n\t\t<\/section>\n\t\t\t\t<section class=\"elementor-section elementor-top-section elementor-element elementor-element-f6b1e45 elementor-section-boxed elementor-section-height-default elementor-section-height-default\" data-id=\"f6b1e45\" data-element_type=\"section\" data-e-type=\"section\">\n\t\t\t\t\t\t<div class=\"elementor-container elementor-column-gap-default\">\n\t\t\t\t\t<div class=\"elementor-column elementor-col-100 elementor-top-column elementor-element elementor-element-563fb9e\" data-id=\"563fb9e\" data-element_type=\"column\" data-e-type=\"column\">\n\t\t\t<div class=\"elementor-widget-wrap elementor-element-populated\">\n\t\t\t\t\t\t<div class=\"elementor-element elementor-element-aecfa81 elementor-widget elementor-widget-heading\" data-id=\"aecfa81\" data-element_type=\"widget\" data-e-type=\"widget\" data-widget_type=\"heading.default\">\n\t\t\t\t<div class=\"elementor-widget-container\">\n\t\t\t\t\t<h3 class=\"elementor-heading-title elementor-size-default\">Rajeunissement cutan\u00e9 (Genesis) :<\/h3>\t\t\t\t<\/div>\n\t\t\t\t<\/div>\n\t\t\t\t<div class=\"elementor-element elementor-element-5898e34 elementor-widget elementor-widget-text-editor\" data-id=\"5898e34\" data-element_type=\"widget\" data-e-type=\"widget\" data-widget_type=\"text-editor.default\">\n\t\t\t\t<div class=\"elementor-widget-container\">\n\t\t\t\t\t\t\t\t\t<p style=\"text-align: center;\"><a href=\"https:\/\/www.brussels-skin-center.be\/fr\/dermatologue-bruxelles\/docteur-nathalie-sene\/\">Dr Nathalie S\u00e8ne<\/a>, <a href=\"https:\/\/www.brussels-skin-center.be\/fr\/dermatologue-bruxelles\/docteur-michele-lejeune\/\">Dr Mich\u00e8le Lejeune<\/a>, <a href=\"https:\/\/www.brussels-skin-center.be\/fr\/dermatologue-bruxelles\/madame-ann-magnus\/\">Mme Ann Magnus<\/a><\/p>\t\t\t\t\t\t\t\t<\/div>\n\t\t\t\t<\/div>\n\t\t\t\t\t<\/div>\n\t\t<\/div>\n\t\t\t\t\t<\/div>\n\t\t<\/section>\n\t\t\t\t<section class=\"elementor-section elementor-top-section elementor-element elementor-element-2201918 elementor-section-boxed elementor-section-height-default elementor-section-height-default\" data-id=\"2201918\" data-element_type=\"section\" data-e-type=\"section\">\n\t\t\t\t\t\t<div class=\"elementor-container elementor-column-gap-default\">\n\t\t\t\t\t<div class=\"elementor-column elementor-col-100 elementor-top-column elementor-element elementor-element-89eb686\" data-id=\"89eb686\" data-element_type=\"column\" data-e-type=\"column\">\n\t\t\t<div class=\"elementor-widget-wrap elementor-element-populated\">\n\t\t\t\t\t\t<div class=\"elementor-element elementor-element-afa7360 elementor-widget elementor-widget-heading\" data-id=\"afa7360\" data-element_type=\"widget\" data-e-type=\"widget\" data-widget_type=\"heading.default\">\n\t\t\t\t<div class=\"elementor-widget-container\">\n\t\t\t\t\t<h3 class=\"elementor-heading-title elementor-size-default\">Laser \u00e9pilatoire :<\/h3>\t\t\t\t<\/div>\n\t\t\t\t<\/div>\n\t\t\t\t<div class=\"elementor-element elementor-element-9919437 elementor-widget elementor-widget-text-editor\" data-id=\"9919437\" data-element_type=\"widget\" data-e-type=\"widget\" data-widget_type=\"text-editor.default\">\n\t\t\t\t<div class=\"elementor-widget-container\">\n\t\t\t\t\t\t\t\t\t<p style=\"text-align: center;\"><a href=\"https:\/\/www.brussels-skin-center.be\/fr\/dermatologue-bruxelles\/docteur-florence-neczyporenko\/\">Dr Florence Neczyporenko<\/a>, <a href=\"https:\/\/www.brussels-skin-center.be\/fr\/dermatologue-bruxelles\/docteur-xuan-lan-lam-hoai\/\">Dr Xu\u00e2n-Lan Lam Hoai<\/a>,\u00a0<a href=\"https:\/\/www.brussels-skin-center.be\/fr\/dermatologue-bruxelles\/docteur-nathalie-sene\/\">Dr Nathalie S\u00e8ne<\/a>,\u00a0<a href=\"https:\/\/www.brussels-skin-center.be\/fr\/dermatologue-bruxelles\/madame-jihane-saadoun\/\">Mme Jihane Saadoun<\/a>, <a href=\"https:\/\/www.brussels-skin-center.be\/fr\/dermatologue-bruxelles\/madame-perrine-vandercam\/\">Mme <span class=\"menu-text\">Perrine Vandercam<\/span><\/a><\/p>\t\t\t\t\t\t\t\t<\/div>\n\t\t\t\t<\/div>\n\t\t\t\t\t<\/div>\n\t\t<\/div>\n\t\t\t\t\t<\/div>\n\t\t<\/section>\n\t\t\t\t<section class=\"elementor-section elementor-top-section elementor-element elementor-element-a880764 elementor-section-boxed elementor-section-height-default elementor-section-height-default\" data-id=\"a880764\" data-element_type=\"section\" data-e-type=\"section\">\n\t\t\t\t\t\t<div class=\"elementor-container elementor-column-gap-default\">\n\t\t\t\t\t<div class=\"elementor-column elementor-col-100 elementor-top-column elementor-element elementor-element-a0a521f\" data-id=\"a0a521f\" data-element_type=\"column\" data-e-type=\"column\">\n\t\t\t<div class=\"elementor-widget-wrap elementor-element-populated\">\n\t\t\t\t\t\t<div class=\"elementor-element elementor-element-683e66c elementor-widget elementor-widget-heading\" data-id=\"683e66c\" data-element_type=\"widget\" data-e-type=\"widget\" data-widget_type=\"heading.default\">\n\t\t\t\t<div class=\"elementor-widget-container\">\n\t\t\t\t\t<h3 class=\"elementor-heading-title elementor-size-default\">Laser vasculaire :<\/h3>\t\t\t\t<\/div>\n\t\t\t\t<\/div>\n\t\t\t\t<div class=\"elementor-element elementor-element-8d45388 elementor-widget elementor-widget-text-editor\" data-id=\"8d45388\" data-element_type=\"widget\" data-e-type=\"widget\" data-widget_type=\"text-editor.default\">\n\t\t\t\t<div class=\"elementor-widget-container\">\n\t\t\t\t\t\t\t\t\t<p style=\"text-align: center;\"><a href=\"https:\/\/www.brussels-skin-center.be\/fr\/dermatologue-bruxelles\/docteur-claire-debusscher\/\">Dr Claire Debusscher<\/a>, <a href=\"https:\/\/www.brussels-skin-center.be\/fr\/dermatologue-bruxelles\/docteur-florence-neczyporenko\/\">Dr Florence Neczyporenko<\/a>, <a href=\"https:\/\/www.brussels-skin-center.be\/fr\/dermatologue-bruxelles\/docteur-xuan-lan-lam-hoai\/\">Dr Xu\u00e2n-Lan Lam Hoai<\/a>, <a href=\"https:\/\/www.brussels-skin-center.be\/fr\/dermatologue-bruxelles\/docteur-nathalie-sene\/\">Dr Nathalie S\u00e8ne<\/a>, <a href=\"https:\/\/www.brussels-skin-center.be\/fr\/dermatologue-bruxelles\/docteur-michele-lejeune\/\">Dr Mich\u00e8le Lejeune,<\/a> <a href=\"https:\/\/www.brussels-skin-center.be\/fr\/dermatologue-bruxelles\/docteur-gil-vervloet\/\">Dr Gil Vervloet<\/a>, <a href=\"https:\/\/www.brussels-skin-center.be\/fr\/dermatologue-bruxelles\/madame-ann-magnus\/\">Mme Ann Magnus<\/a><\/p>\t\t\t\t\t\t\t\t<\/div>\n\t\t\t\t<\/div>\n\t\t\t\t\t<\/div>\n\t\t<\/div>\n\t\t\t\t\t<\/div>\n\t\t<\/section>\n\t\t\t\t<section class=\"elementor-section elementor-top-section elementor-element elementor-element-04b1f90 elementor-section-boxed elementor-section-height-default elementor-section-height-default\" data-id=\"04b1f90\" data-element_type=\"section\" data-e-type=\"section\">\n\t\t\t\t\t\t<div class=\"elementor-container elementor-column-gap-default\">\n\t\t\t\t\t<div class=\"elementor-column elementor-col-100 elementor-top-column elementor-element elementor-element-bdba537\" data-id=\"bdba537\" data-element_type=\"column\" data-e-type=\"column\">\n\t\t\t<div class=\"elementor-widget-wrap elementor-element-populated\">\n\t\t\t\t\t\t<div class=\"elementor-element elementor-element-a688f03 elementor-widget elementor-widget-heading\" data-id=\"a688f03\" data-element_type=\"widget\" data-e-type=\"widget\" data-widget_type=\"heading.default\">\n\t\t\t\t<div class=\"elementor-widget-container\">\n\t\t\t\t\t<h3 class=\"elementor-heading-title elementor-size-default\">Scleroth\u00e9rapie des varices :<\/h3>\t\t\t\t<\/div>\n\t\t\t\t<\/div>\n\t\t\t\t<div class=\"elementor-element elementor-element-bed233f elementor-widget elementor-widget-text-editor\" data-id=\"bed233f\" data-element_type=\"widget\" data-e-type=\"widget\" data-widget_type=\"text-editor.default\">\n\t\t\t\t<div class=\"elementor-widget-container\">\n\t\t\t\t\t\t\t\t\t<p style=\"text-align: center;\"><a href=\"https:\/\/www.brussels-skin-center.be\/fr\/dermatologue-bruxelles\/docteur-gil-vervloet\/\">Dr Gil Vervloet<\/a><\/p>\t\t\t\t\t\t\t\t<\/div>\n\t\t\t\t<\/div>\n\t\t\t\t\t<\/div>\n\t\t<\/div>\n\t\t\t\t\t<\/div>\n\t\t<\/section>\n\t\t\t\t<section class=\"elementor-section elementor-top-section elementor-element elementor-element-bd1daf9 elementor-section-boxed elementor-section-height-default elementor-section-height-default\" data-id=\"bd1daf9\" data-element_type=\"section\" data-e-type=\"section\">\n\t\t\t\t\t\t<div class=\"elementor-container elementor-column-gap-default\">\n\t\t\t\t\t<div class=\"elementor-column elementor-col-100 elementor-top-column elementor-element elementor-element-3170c8e\" data-id=\"3170c8e\" data-element_type=\"column\" data-e-type=\"column\">\n\t\t\t<div class=\"elementor-widget-wrap elementor-element-populated\">\n\t\t\t\t\t\t<div class=\"elementor-element elementor-element-df75c0a elementor-widget elementor-widget-heading\" data-id=\"df75c0a\" data-element_type=\"widget\" data-e-type=\"widget\" data-widget_type=\"heading.default\">\n\t\t\t\t<div class=\"elementor-widget-container\">\n\t\t\t\t\t<h3 class=\"elementor-heading-title elementor-size-default\">Cosm\u00e9tologie :<\/h3>\t\t\t\t<\/div>\n\t\t\t\t<\/div>\n\t\t\t\t<div class=\"elementor-element elementor-element-2b57ad8 elementor-widget elementor-widget-text-editor\" data-id=\"2b57ad8\" data-element_type=\"widget\" data-e-type=\"widget\" data-widget_type=\"text-editor.default\">\n\t\t\t\t<div class=\"elementor-widget-container\">\n\t\t\t\t\t\t\t\t\t<p style=\"text-align: center;\"><a href=\"https:\/\/www.brussels-skin-center.be\/fr\/dermatologue-bruxelles\/madame-marie-comas\/\">Mme Marie Comas<\/a><\/p>\t\t\t\t\t\t\t\t<\/div>\n\t\t\t\t<\/div>\n\t\t\t\t\t<\/div>\n\t\t<\/div>\n\t\t\t\t\t<\/div>\n\t\t<\/section>\n\t\t\t\t<section class=\"elementor-section elementor-top-section elementor-element elementor-element-a3edb69 elementor-section-boxed elementor-section-height-default elementor-section-height-default\" data-id=\"a3edb69\" data-element_type=\"section\" data-e-type=\"section\">\n\t\t\t\t\t\t<div class=\"elementor-container elementor-column-gap-default\">\n\t\t\t\t\t<div class=\"elementor-column elementor-col-100 elementor-top-column elementor-element elementor-element-f0ecb53\" data-id=\"f0ecb53\" data-element_type=\"column\" data-e-type=\"column\">\n\t\t\t<div class=\"elementor-widget-wrap elementor-element-populated\">\n\t\t\t\t\t\t<div class=\"elementor-element elementor-element-c77b192 elementor-widget elementor-widget-heading\" data-id=\"c77b192\" data-element_type=\"widget\" data-e-type=\"widget\" data-widget_type=\"heading.default\">\n\t\t\t\t<div class=\"elementor-widget-container\">\n\t\t\t\t\t<h3 class=\"elementor-heading-title elementor-size-default\">Un accueil personnalis\u00e9 pour une m\u00e9decine orient\u00e9e patient<\/h3>\t\t\t\t<\/div>\n\t\t\t\t<\/div>\n\t\t\t\t<div class=\"elementor-element elementor-element-8e388b7 elementor-widget elementor-widget-text-editor\" data-id=\"8e388b7\" data-element_type=\"widget\" data-e-type=\"widget\" data-widget_type=\"text-editor.default\">\n\t\t\t\t<div class=\"elementor-widget-container\">\n\t\t\t\t\t\t\t\t\t<p style=\"text-align: center;\">Le Brussels Skin Center vous assure des <strong>d\u00e9lais de prise de rendez-vous raisonnables<\/strong>, y compris pour tout rendez-vous urgent avec votre dermatologue, <strong>une continuit\u00e9 et une homog\u00e9n\u00e9it\u00e9 dans la qualit\u00e9 des soins, et un accueil personnalis\u00e9 et bienveillant<\/strong> dans un cadre contemporain.<\/p><p style=\"text-align: center;\">Il est \u00e0 noter que les dermatologues du Brussels Skin Center sont <strong>non-conventionn\u00e9s<\/strong>.<\/p>\t\t\t\t\t\t\t\t<\/div>\n\t\t\t\t<\/div>\n\t\t\t\t\t<\/div>\n\t\t<\/div>\n\t\t\t\t\t<\/div>\n\t\t<\/section>\n\t\t\t\t<section class=\"elementor-section elementor-top-section elementor-element elementor-element-6ab38a4 elementor-section-boxed elementor-section-height-default elementor-section-height-default\" data-id=\"6ab38a4\" data-element_type=\"section\" data-e-type=\"section\">\n\t\t\t\t\t\t<div class=\"elementor-container elementor-column-gap-default\">\n\t\t\t\t\t<div class=\"elementor-column elementor-col-50 elementor-top-column elementor-element elementor-element-dafe2e3\" data-id=\"dafe2e3\" data-element_type=\"column\" data-e-type=\"column\">\n\t\t\t<div class=\"elementor-widget-wrap elementor-element-populated\">\n\t\t\t\t\t\t<div class=\"elementor-element elementor-element-297c99f elementor-align-center elementor-widget elementor-widget-button\" data-id=\"297c99f\" data-element_type=\"widget\" data-e-type=\"widget\" data-widget_type=\"button.default\">\n\t\t\t\t<div class=\"elementor-widget-container\">\n\t\t\t\t\t\t\t\t\t<div class=\"elementor-button-wrapper\">\n\t\t\t\t\t<a class=\"elementor-button elementor-button-link elementor-size-sm\" href=\"https:\/\/www.brussels-skin-center.be\/fr\/rendez-vous\/\">\n\t\t\t\t\t\t<span class=\"elementor-button-content-wrapper\">\n\t\t\t\t\t\t<span class=\"elementor-button-icon\">\n\t\t\t\t<i aria-hidden=\"true\" class=\"far fa-calendar-alt\"><\/i>\t\t\t<\/span>\n\t\t\t\t\t\t\t\t\t<span class=\"elementor-button-text\">Prendre rendez-vous<\/span>\n\t\t\t\t\t<\/span>\n\t\t\t\t\t<\/a>\n\t\t\t\t<\/div>\n\t\t\t\t\t\t\t\t<\/div>\n\t\t\t\t<\/div>\n\t\t\t\t\t<\/div>\n\t\t<\/div>\n\t\t\t\t<div class=\"elementor-column elementor-col-50 elementor-top-column elementor-element elementor-element-09d41d7\" data-id=\"09d41d7\" data-element_type=\"column\" data-e-type=\"column\">\n\t\t\t<div class=\"elementor-widget-wrap elementor-element-populated\">\n\t\t\t\t\t\t<div class=\"elementor-element elementor-element-1bca68f elementor-align-center elementor-widget elementor-widget-button\" data-id=\"1bca68f\" data-element_type=\"widget\" data-e-type=\"widget\" data-widget_type=\"button.default\">\n\t\t\t\t<div class=\"elementor-widget-container\">\n\t\t\t\t\t\t\t\t\t<div class=\"elementor-button-wrapper\">\n\t\t\t\t\t<a class=\"elementor-button elementor-button-link elementor-size-sm\" href=\"https:\/\/www.brussels-skin-center.be\/fr\/acces-transports\/\">\n\t\t\t\t\t\t<span class=\"elementor-button-content-wrapper\">\n\t\t\t\t\t\t\t\t\t<span class=\"elementor-button-text\">Acc\u00e8s et transports<\/span>\n\t\t\t\t\t<\/span>\n\t\t\t\t\t<\/a>\n\t\t\t\t<\/div>\n\t\t\t\t\t\t\t\t<\/div>\n\t\t\t\t<\/div>\n\t\t\t\t\t<\/div>\n\t\t<\/div>\n\t\t\t\t\t<\/div>\n\t\t<\/section>\n\t\t\t\t<\/div>\n\t\t","protected":false},"excerpt":{"rendered":"<p>Votre dermatologue \u00e0 Bruxelles Besoin d\u2019un dermatologue \u00e0 Uccle, \u00e0 Ixelles ou dans le Quartier Europ\u00e9en ? Le Brussels Skin Center met 30 praticiens \u00e0 votre service : 21 dermatologues 4 dermatologues assistants en sp\u00e9cialisation 1 chirurgien 1 cosm\u00e9tologue 1 infirmi\u00e8re sp\u00e9cialis\u00e9e en soins des verrues et en esth\u00e9tique (PRP et laser \u00e9pilatoire) 1 infirmi\u00e8re sp\u00e9cialis\u00e9e lasers et \u00e9lectrolyse 1 infirmi\u00e8re sp\u00e9cialis\u00e9e en laser vasculaire, pigmentaire et de rajeunissement cutan\u00e9 (Genesis) La compl\u00e9mentarit\u00e9 des dermatologues du Brussels Skin Center permet la prise en charge de tout type de pathologie dermatologique et vous assure \u00e9galement des soins de pointe en dermatologie&hellip; <\/p>\n","protected":false},"author":6,"featured_media":0,"parent":0,"menu_order":0,"comment_status":"closed","ping_status":"closed","template":"","meta":{"footnotes":""},"class_list":["post-47","page","type-page","status-publish","hentry"],"yoast_head":"<!-- This site is optimized with the Yoast SEO Premium plugin v26.3 (Yoast SEO v27.4) - https:\/\/yoast.com\/product\/yoast-seo-premium-wordpress\/ -->\n<title>Votre dermatologue \u00e0 Bruxelles - Brussels Skin Center<\/title>\n<meta name=\"description\" content=\"Le Brussels Skin Center regroupe une \u00e9quipe de praticiens pour vos pathologies de peaux, ongles, cheveux et soucis g\u00e9nitaux.\" \/>\n<meta name=\"robots\" content=\"index, follow, max-snippet:-1, max-image-preview:large, max-video-preview:-1\" \/>\n<link rel=\"canonical\" href=\"https:\/\/www.brussels-skin-center.be\/fr\/votre-dermatologue-a-bruxelles\/\" \/>\n<meta property=\"og:locale\" content=\"fr_FR\" \/>\n<meta property=\"og:type\" content=\"article\" \/>\n<meta property=\"og:title\" content=\"Votre dermatologue \u00e0 Bruxelles\" \/>\n<meta property=\"og:description\" content=\"Votre dermatologue \u00e0 Bruxelles Besoin d\u2019un dermatologue \u00e0 Uccle, \u00e0 Ixelles ou dans le Quartier Europ\u00e9en ? Le Brussels Skin Center met 30 praticiens \u00e0\" \/>\n<meta property=\"og:url\" content=\"https:\/\/www.brussels-skin-center.be\/fr\/votre-dermatologue-a-bruxelles\/\" \/>\n<meta property=\"og:site_name\" content=\"Brussels Skin Center\" \/>\n<meta property=\"article:publisher\" content=\"https:\/\/www.facebook.com\/brusselsskincenter\/\" \/>\n<meta property=\"article:modified_time\" content=\"2026-03-31T10:36:18+00:00\" \/>\n<meta name=\"twitter:label1\" content=\"Dur\u00e9e de lecture estim\u00e9e\" \/>\n\t<meta name=\"twitter:data1\" content=\"4 minutes\" \/>\n<script type=\"application\/ld+json\" class=\"yoast-schema-graph\">{\"@context\":\"https:\\\/\\\/schema.org\",\"@graph\":[{\"@type\":\"WebPage\",\"@id\":\"https:\\\/\\\/www.brussels-skin-center.be\\\/fr\\\/votre-dermatologue-a-bruxelles\\\/\",\"url\":\"https:\\\/\\\/www.brussels-skin-center.be\\\/fr\\\/votre-dermatologue-a-bruxelles\\\/\",\"name\":\"Votre dermatologue \u00e0 Bruxelles - Brussels Skin Center\",\"isPartOf\":{\"@id\":\"https:\\\/\\\/www.brussels-skin-center.be\\\/fr\\\/#website\"},\"datePublished\":\"2014-05-01T08:48:33+00:00\",\"dateModified\":\"2026-03-31T10:36:18+00:00\",\"description\":\"Le Brussels Skin Center regroupe une \u00e9quipe de praticiens pour vos pathologies de peaux, ongles, cheveux et soucis g\u00e9nitaux.\",\"breadcrumb\":{\"@id\":\"https:\\\/\\\/www.brussels-skin-center.be\\\/fr\\\/votre-dermatologue-a-bruxelles\\\/#breadcrumb\"},\"inLanguage\":\"fr-FR\",\"potentialAction\":[{\"@type\":\"ReadAction\",\"target\":[\"https:\\\/\\\/www.brussels-skin-center.be\\\/fr\\\/votre-dermatologue-a-bruxelles\\\/\"]}]},{\"@type\":\"BreadcrumbList\",\"@id\":\"https:\\\/\\\/www.brussels-skin-center.be\\\/fr\\\/votre-dermatologue-a-bruxelles\\\/#breadcrumb\",\"itemListElement\":[{\"@type\":\"ListItem\",\"position\":1,\"name\":\"Home\",\"item\":\"https:\\\/\\\/www.brussels-skin-center.be\\\/fr\\\/\"},{\"@type\":\"ListItem\",\"position\":2,\"name\":\"Votre dermatologue \u00e0 Bruxelles\"}]},{\"@type\":\"WebSite\",\"@id\":\"https:\\\/\\\/www.brussels-skin-center.be\\\/fr\\\/#website\",\"url\":\"https:\\\/\\\/www.brussels-skin-center.be\\\/fr\\\/\",\"name\":\"Brussels Skin Center\",\"description\":\"Dermatologie - Dermatology\",\"publisher\":{\"@id\":\"https:\\\/\\\/www.brussels-skin-center.be\\\/fr\\\/#organization\"},\"potentialAction\":[{\"@type\":\"SearchAction\",\"target\":{\"@type\":\"EntryPoint\",\"urlTemplate\":\"https:\\\/\\\/www.brussels-skin-center.be\\\/fr\\\/?s={search_term_string}\"},\"query-input\":{\"@type\":\"PropertyValueSpecification\",\"valueRequired\":true,\"valueName\":\"search_term_string\"}}],\"inLanguage\":\"fr-FR\"},{\"@type\":\"Organization\",\"@id\":\"https:\\\/\\\/www.brussels-skin-center.be\\\/fr\\\/#organization\",\"name\":\"Brussels Skin Center\",\"url\":\"https:\\\/\\\/www.brussels-skin-center.be\\\/fr\\\/\",\"logo\":{\"@type\":\"ImageObject\",\"inLanguage\":\"fr-FR\",\"@id\":\"https:\\\/\\\/www.brussels-skin-center.be\\\/fr\\\/#\\\/schema\\\/logo\\\/image\\\/\",\"url\":\"https:\\\/\\\/www.brussels-skin-center.be\\\/wp-content\\\/uploads\\\/2022\\\/03\\\/BSC_logo-2.png\",\"contentUrl\":\"https:\\\/\\\/www.brussels-skin-center.be\\\/wp-content\\\/uploads\\\/2022\\\/03\\\/BSC_logo-2.png\",\"width\":512,\"height\":512,\"caption\":\"Brussels Skin Center\"},\"image\":{\"@id\":\"https:\\\/\\\/www.brussels-skin-center.be\\\/fr\\\/#\\\/schema\\\/logo\\\/image\\\/\"},\"sameAs\":[\"https:\\\/\\\/www.facebook.com\\\/brusselsskincenter\\\/\",\"https:\\\/\\\/www.linkedin.com\\\/company\\\/brussels-skin-center\\\/\"]}]}<\/script>\n<!-- \/ Yoast SEO Premium plugin. -->","yoast_head_json":{"title":"Votre dermatologue \u00e0 Bruxelles - Brussels Skin Center","description":"Le Brussels Skin Center regroupe une \u00e9quipe de praticiens pour vos pathologies de peaux, ongles, cheveux et soucis g\u00e9nitaux.","robots":{"index":"index","follow":"follow","max-snippet":"max-snippet:-1","max-image-preview":"max-image-preview:large","max-video-preview":"max-video-preview:-1"},"canonical":"https:\/\/www.brussels-skin-center.be\/fr\/votre-dermatologue-a-bruxelles\/","og_locale":"fr_FR","og_type":"article","og_title":"Votre dermatologue \u00e0 Bruxelles","og_description":"Votre dermatologue \u00e0 Bruxelles Besoin d\u2019un dermatologue \u00e0 Uccle, \u00e0 Ixelles ou dans le Quartier Europ\u00e9en ? Le Brussels Skin Center met 30 praticiens \u00e0","og_url":"https:\/\/www.brussels-skin-center.be\/fr\/votre-dermatologue-a-bruxelles\/","og_site_name":"Brussels Skin Center","article_publisher":"https:\/\/www.facebook.com\/brusselsskincenter\/","article_modified_time":"2026-03-31T10:36:18+00:00","twitter_misc":{"Dur\u00e9e de lecture estim\u00e9e":"4 minutes"},"schema":{"@context":"https:\/\/schema.org","@graph":[{"@type":"WebPage","@id":"https:\/\/www.brussels-skin-center.be\/fr\/votre-dermatologue-a-bruxelles\/","url":"https:\/\/www.brussels-skin-center.be\/fr\/votre-dermatologue-a-bruxelles\/","name":"Votre dermatologue \u00e0 Bruxelles - Brussels Skin Center","isPartOf":{"@id":"https:\/\/www.brussels-skin-center.be\/fr\/#website"},"datePublished":"2014-05-01T08:48:33+00:00","dateModified":"2026-03-31T10:36:18+00:00","description":"Le Brussels Skin Center regroupe une \u00e9quipe de praticiens pour vos pathologies de peaux, ongles, cheveux et soucis g\u00e9nitaux.","breadcrumb":{"@id":"https:\/\/www.brussels-skin-center.be\/fr\/votre-dermatologue-a-bruxelles\/#breadcrumb"},"inLanguage":"fr-FR","potentialAction":[{"@type":"ReadAction","target":["https:\/\/www.brussels-skin-center.be\/fr\/votre-dermatologue-a-bruxelles\/"]}]},{"@type":"BreadcrumbList","@id":"https:\/\/www.brussels-skin-center.be\/fr\/votre-dermatologue-a-bruxelles\/#breadcrumb","itemListElement":[{"@type":"ListItem","position":1,"name":"Home","item":"https:\/\/www.brussels-skin-center.be\/fr\/"},{"@type":"ListItem","position":2,"name":"Votre dermatologue \u00e0 Bruxelles"}]},{"@type":"WebSite","@id":"https:\/\/www.brussels-skin-center.be\/fr\/#website","url":"https:\/\/www.brussels-skin-center.be\/fr\/","name":"Brussels Skin Center","description":"Dermatologie - Dermatology","publisher":{"@id":"https:\/\/www.brussels-skin-center.be\/fr\/#organization"},"potentialAction":[{"@type":"SearchAction","target":{"@type":"EntryPoint","urlTemplate":"https:\/\/www.brussels-skin-center.be\/fr\/?s={search_term_string}"},"query-input":{"@type":"PropertyValueSpecification","valueRequired":true,"valueName":"search_term_string"}}],"inLanguage":"fr-FR"},{"@type":"Organization","@id":"https:\/\/www.brussels-skin-center.be\/fr\/#organization","name":"Brussels Skin Center","url":"https:\/\/www.brussels-skin-center.be\/fr\/","logo":{"@type":"ImageObject","inLanguage":"fr-FR","@id":"https:\/\/www.brussels-skin-center.be\/fr\/#\/schema\/logo\/image\/","url":"https:\/\/www.brussels-skin-center.be\/wp-content\/uploads\/2022\/03\/BSC_logo-2.png","contentUrl":"https:\/\/www.brussels-skin-center.be\/wp-content\/uploads\/2022\/03\/BSC_logo-2.png","width":512,"height":512,"caption":"Brussels Skin Center"},"image":{"@id":"https:\/\/www.brussels-skin-center.be\/fr\/#\/schema\/logo\/image\/"},"sameAs":["https:\/\/www.facebook.com\/brusselsskincenter\/","https:\/\/www.linkedin.com\/company\/brussels-skin-center\/"]}]}},"_links":{"self":[{"href":"https:\/\/www.brussels-skin-center.be\/fr\/wp-json\/wp\/v2\/pages\/47","targetHints":{"allow":["GET"]}}],"collection":[{"href":"https:\/\/www.brussels-skin-center.be\/fr\/wp-json\/wp\/v2\/pages"}],"about":[{"href":"https:\/\/www.brussels-skin-center.be\/fr\/wp-json\/wp\/v2\/types\/page"}],"author":[{"embeddable":true,"href":"https:\/\/www.brussels-skin-center.be\/fr\/wp-json\/wp\/v2\/users\/6"}],"replies":[{"embeddable":true,"href":"https:\/\/www.brussels-skin-center.be\/fr\/wp-json\/wp\/v2\/comments?post=47"}],"version-history":[{"count":0,"href":"https:\/\/www.brussels-skin-center.be\/fr\/wp-json\/wp\/v2\/pages\/47\/revisions"}],"wp:attachment":[{"href":"https:\/\/www.brussels-skin-center.be\/fr\/wp-json\/wp\/v2\/media?parent=47"}],"curies":[{"name":"wp","href":"https:\/\/api.w.org\/{rel}","templated":true}]}}