{"id":6156,"date":"2022-08-18T09:53:44","date_gmt":"2022-08-18T08:53:44","guid":{"rendered":"https:\/\/www.brussels-skin-center.be\/?page_id=6156"},"modified":"2022-12-28T12:15:24","modified_gmt":"2022-12-28T11:15:24","slug":"notice-prise-de-rendez-vous","status":"publish","type":"page","link":"https:\/\/www.brussels-skin-center.be\/fr\/notice-prise-de-rendez-vous\/","title":{"rendered":"Notice d&rsquo;information &#8211; Prise de rendez-vous"},"content":{"rendered":"\t\t<div data-elementor-type=\"wp-page\" data-elementor-id=\"6156\" class=\"elementor elementor-6156\">\n\t\t\t\t\t\t<section class=\"elementor-section elementor-top-section elementor-element elementor-element-1a78436 elementor-section-boxed elementor-section-height-default elementor-section-height-default\" data-id=\"1a78436\" data-element_type=\"section\" data-e-type=\"section\">\n\t\t\t\t\t\t<div class=\"elementor-container elementor-column-gap-default\">\n\t\t\t\t\t<div class=\"elementor-column elementor-col-100 elementor-top-column elementor-element elementor-element-9e6dd63\" data-id=\"9e6dd63\" data-element_type=\"column\" data-e-type=\"column\">\n\t\t\t<div class=\"elementor-widget-wrap elementor-element-populated\">\n\t\t\t\t\t\t<div class=\"elementor-element elementor-element-f757d2c elementor-widget elementor-widget-heading\" data-id=\"f757d2c\" data-element_type=\"widget\" data-e-type=\"widget\" data-widget_type=\"heading.default\">\n\t\t\t\t<div class=\"elementor-widget-container\">\n\t\t\t\t\t<h1 class=\"elementor-heading-title elementor-size-default\">Notice d\u2019information concernant la prise de rendez-vous<\/h1>\t\t\t\t<\/div>\n\t\t\t\t<\/div>\n\t\t\t\t<div class=\"elementor-element elementor-element-9319a7c elementor-widget elementor-widget-text-editor\" data-id=\"9319a7c\" data-element_type=\"widget\" data-e-type=\"widget\" data-widget_type=\"text-editor.default\">\n\t\t\t\t<div class=\"elementor-widget-container\">\n\t\t\t\t\t\t\t\t\t<p>Traitement de donn\u00e9es personnelles \u2013 Notice d\u2019information concernant la prise de rendez-vous<\/p><h2>Qui traite vos donn\u00e9es personnelles ?<\/h2><p>En prenant rendez-vous avec un des prestataires de soins aupr\u00e8s du Brussels Skin Center, vous reconnaissez que la SRL Brussels Skin Center, dont le si\u00e8ge social est \u00e9tabli Avenue Winston Churchill 165 E, Bo\u00eete 70 \u00e0 1180 Bruxelles (Belgique), inscrite \u00e0 la Banque carrefour des entreprises sous le num\u00e9ro 0739.788.613 (le \u00ab\u00a0Centre\u00a0\u00bb) collecte et traite certaines donn\u00e9es personnelles vous concernant.<\/p><h2>Cat\u00e9gories de donn\u00e9es personnelles trait\u00e9es.<\/h2><p>Vos donn\u00e9es personnelles comprennent vos nom, pr\u00e9nom, langue, num\u00e9ro de t\u00e9l\u00e9phone mobile et adresse e-mail, le prestataire avec lequel vous avez pris rendez-vous, le type de rendez-vous (esth\u00e9tique, chirurgie, consultation patient existant, consultation nouveau patient, urgence), le centre choisi (Uccle ou quartier europ\u00e9en) et les date et heure de rendez-vous.<\/p><h2>Finalit\u00e9 du traitement.<\/h2><p>Vos donn\u00e9es personnelles sont trait\u00e9es pour les finalit\u00e9s suivantes: organiser et assurer le suivi de votre rendez-vous.<\/p><h2>Base juridique du traitement.<\/h2><p>La base juridique du traitement de ces donn\u00e9es est la n\u00e9cessit\u00e9 pour l\u2019ex\u00e9cution de mesures pr\u00e9contractuelles.<\/p><h2>Transfert de donn\u00e9es personnelles.<\/h2><p>Les personnes ayant acc\u00e8s \u00e0 ces donn\u00e9es sont les employ\u00e9s du Centre et les prestataires de soins. Vous reconnaissez que vos donn\u00e9es personnelles sont \u00e9galement accessibles aux prestataires techniques du Centre, en particulier la SRL Progenda, exclusivement pour les finalit\u00e9s susmentionn\u00e9es, et par rapport auxquels le Centre a pris les mesures contractuelles appropri\u00e9es pour la protection de vos donn\u00e9es personnelles, conform\u00e9ment \u00e0 la l\u00e9gislation applicable.<\/p><h2>Dur\u00e9e de conservation.<\/h2><p>Le Centre conservera vos donn\u00e9es personnelles relatives \u00e0 la prise de rendez-vous pour une p\u00e9riode de maximum 15 ans apr\u00e8s la date de rendez-vous, except\u00e9 dans le cas o\u00f9 le Centre a un int\u00e9r\u00eat l\u00e9gitime sp\u00e9cifique pour conserver vos donn\u00e9es personnelles pour une dur\u00e9e sup\u00e9rieure (par exemple, dans la mesure o\u00f9 les donn\u00e9es seraient requises pour respecter une obligation l\u00e9gale, notamment en mati\u00e8re de tenue de votre dossier m\u00e9dical).<\/p><h2>Vos droits.<\/h2><p>Vous avez le droit d\u2019acc\u00e9der \u00e0 vos donn\u00e9es personnelles, telles que collect\u00e9es et trait\u00e9es par le Centre, et d\u2019en solliciter la rectification ou la suppression (le cas \u00e9ch\u00e9ant) dans l\u2019\u00e9ventualit\u00e9 o\u00f9 elles seraient incorrectes ou non-n\u00e9cessaires. Vous avez \u00e9galement le droit de restreindre le traitement ou de vous opposer au traitement. Pour exercer vos droits, il vous suffit d\u2019envoyer une demande \u00e0 l\u2019adresse e-mail privacy@brussels-skin-center.beou \u00e0 l\u2019adresse postale mentionn\u00e9e ci-dessus, avec une copie de tout document prouvant que vous \u00eates la personne concern\u00e9e par les donn\u00e9es personnelles.<\/p><h2>Informations de contact.<\/h2><p>N\u2019h\u00e9sitez pas \u00e0 interroger le Centre \u00e0 l\u2019adresse e-mail privacy@brussels-skin-center.be pour toute question quant au traitement de vos donn\u00e9es personnelles. Vous avez le droit de d\u00e9poser une plainte aupr\u00e8s d&rsquo;une autorit\u00e9 de contr\u00f4le, en particulier dans l&rsquo;\u00c9tat membre de l&rsquo;Union europ\u00e9enne de votre lieu habituel de r\u00e9sidence, de votre lieu de travail ou du lieu de la violation.<\/p>\t\t\t\t\t\t\t\t<\/div>\n\t\t\t\t<\/div>\n\t\t\t\t\t<\/div>\n\t\t<\/div>\n\t\t\t\t\t<\/div>\n\t\t<\/section>\n\t\t\t\t<section class=\"elementor-section elementor-top-section elementor-element elementor-element-4a01044 elementor-section-boxed elementor-section-height-default elementor-section-height-default\" data-id=\"4a01044\" data-element_type=\"section\" data-e-type=\"section\">\n\t\t\t\t\t\t<div class=\"elementor-container elementor-column-gap-default\">\n\t\t\t\t\t<div class=\"elementor-column elementor-col-100 elementor-top-column elementor-element elementor-element-c647543\" data-id=\"c647543\" data-element_type=\"column\" data-e-type=\"column\">\n\t\t\t<div class=\"elementor-widget-wrap elementor-element-populated\">\n\t\t\t\t\t\t<div class=\"elementor-element elementor-element-f2173b2 elementor-widget elementor-widget-text-editor\" data-id=\"f2173b2\" data-element_type=\"widget\" data-e-type=\"widget\" data-widget_type=\"text-editor.default\">\n\t\t\t\t<div class=\"elementor-widget-container\">\n\t\t\t\t\t\t\t\t\t<p><em>Derni\u00e8re mise \u00e0 jour : 14 juin 2022.<\/em><\/p>\t\t\t\t\t\t\t\t<\/div>\n\t\t\t\t<\/div>\n\t\t\t\t\t<\/div>\n\t\t<\/div>\n\t\t\t\t\t<\/div>\n\t\t<\/section>\n\t\t\t\t<section class=\"elementor-section elementor-top-section elementor-element elementor-element-81e507b elementor-section-boxed elementor-section-height-default elementor-section-height-default\" data-id=\"81e507b\" data-element_type=\"section\" data-e-type=\"section\">\n\t\t\t\t\t\t<div class=\"elementor-container elementor-column-gap-default\">\n\t\t\t\t\t<div class=\"elementor-column elementor-col-100 elementor-top-column elementor-element elementor-element-83ff634\" data-id=\"83ff634\" data-element_type=\"column\" data-e-type=\"column\">\n\t\t\t<div class=\"elementor-widget-wrap elementor-element-populated\">\n\t\t\t\t\t\t<div class=\"elementor-element elementor-element-808b7fb elementor-align-center elementor-widget elementor-widget-button\" data-id=\"808b7fb\" data-element_type=\"widget\" data-e-type=\"widget\" data-widget_type=\"button.default\">\n\t\t\t\t<div class=\"elementor-widget-container\">\n\t\t\t\t\t\t\t\t\t<div class=\"elementor-button-wrapper\">\n\t\t\t\t\t<a class=\"elementor-button elementor-button-link elementor-size-sm\" href=\"https:\/\/www.brussels-skin-center.be\/wp-content\/uploads\/2022\/10\/Notice-d-information-concernant-la-prise-de-rendez-vous.pdf\" target=\"_blank\">\n\t\t\t\t\t\t<span class=\"elementor-button-content-wrapper\">\n\t\t\t\t\t\t<span class=\"elementor-button-icon\">\n\t\t\t\t<i aria-hidden=\"true\" class=\"fas fa-file-download\"><\/i>\t\t\t<\/span>\n\t\t\t\t\t\t\t\t\t<span class=\"elementor-button-text\">T\u00e9l\u00e9charger la notice<\/span>\n\t\t\t\t\t<\/span>\n\t\t\t\t\t<\/a>\n\t\t\t\t<\/div>\n\t\t\t\t\t\t\t\t<\/div>\n\t\t\t\t<\/div>\n\t\t\t\t\t<\/div>\n\t\t<\/div>\n\t\t\t\t\t<\/div>\n\t\t<\/section>\n\t\t\t\t<\/div>\n\t\t","protected":false},"excerpt":{"rendered":"<p>Notice d\u2019information concernant la prise de rendez-vous Traitement de donn\u00e9es personnelles \u2013 Notice d\u2019information concernant la prise de rendez-vous Qui traite vos donn\u00e9es personnelles ? En prenant rendez-vous avec un des prestataires de soins aupr\u00e8s du Brussels Skin Center, vous reconnaissez que la SRL Brussels Skin Center, dont le si\u00e8ge social est \u00e9tabli Avenue Winston Churchill 165 E, Bo\u00eete 70 \u00e0 1180 Bruxelles (Belgique), inscrite \u00e0 la Banque carrefour des entreprises sous le num\u00e9ro 0739.788.613 (le \u00ab\u00a0Centre\u00a0\u00bb) collecte et traite certaines donn\u00e9es personnelles vous concernant. Cat\u00e9gories de donn\u00e9es personnelles trait\u00e9es. Vos donn\u00e9es personnelles comprennent vos nom, pr\u00e9nom, langue, num\u00e9ro de&hellip; <\/p>\n","protected":false},"author":6,"featured_media":0,"parent":0,"menu_order":0,"comment_status":"closed","ping_status":"closed","template":"","meta":{"footnotes":""},"class_list":["post-6156","page","type-page","status-publish","hentry"],"yoast_head":"<!-- This site is optimized with the Yoast SEO Premium plugin v26.3 (Yoast SEO v27.4) - https:\/\/yoast.com\/product\/yoast-seo-premium-wordpress\/ -->\n<title>Notice d&#039;information - Prise de rendez-vous - Brussels Skin Center<\/title>\n<meta name=\"description\" content=\"La &quot;Notice d\u2019information concernant la prise de rendez-vous&quot; vous informe sur le traitement de vos donn\u00e9es personnelles.\" \/>\n<meta name=\"robots\" content=\"index, follow, max-snippet:-1, max-image-preview:large, max-video-preview:-1\" \/>\n<link rel=\"canonical\" href=\"https:\/\/www.brussels-skin-center.be\/fr\/notice-prise-de-rendez-vous\/\" \/>\n<meta property=\"og:locale\" content=\"fr_FR\" \/>\n<meta property=\"og:type\" content=\"article\" \/>\n<meta property=\"og:title\" content=\"Notice d&#039;information - Prise de rendez-vous\" \/>\n<meta property=\"og:description\" content=\"Notice d\u2019information concernant la prise de rendez-vous Traitement de donn\u00e9es personnelles \u2013 Notice d\u2019information concernant la prise de rendez-vousQui\" \/>\n<meta property=\"og:url\" content=\"https:\/\/www.brussels-skin-center.be\/fr\/notice-prise-de-rendez-vous\/\" \/>\n<meta property=\"og:site_name\" content=\"Brussels Skin Center\" \/>\n<meta property=\"article:publisher\" content=\"https:\/\/www.facebook.com\/brusselsskincenter\/\" \/>\n<meta property=\"article:modified_time\" content=\"2022-12-28T11:15:24+00:00\" \/>\n<meta name=\"twitter:label1\" content=\"Dur\u00e9e de lecture estim\u00e9e\" \/>\n\t<meta name=\"twitter:data1\" content=\"3 minutes\" \/>\n<script type=\"application\/ld+json\" class=\"yoast-schema-graph\">{\"@context\":\"https:\\\/\\\/schema.org\",\"@graph\":[{\"@type\":\"WebPage\",\"@id\":\"https:\\\/\\\/www.brussels-skin-center.be\\\/fr\\\/notice-prise-de-rendez-vous\\\/\",\"url\":\"https:\\\/\\\/www.brussels-skin-center.be\\\/fr\\\/notice-prise-de-rendez-vous\\\/\",\"name\":\"Notice d'information - Prise de rendez-vous - Brussels Skin Center\",\"isPartOf\":{\"@id\":\"https:\\\/\\\/www.brussels-skin-center.be\\\/fr\\\/#website\"},\"datePublished\":\"2022-08-18T08:53:44+00:00\",\"dateModified\":\"2022-12-28T11:15:24+00:00\",\"description\":\"La \\\"Notice d\u2019information concernant la prise de rendez-vous\\\" vous informe sur le traitement de vos donn\u00e9es personnelles.\",\"breadcrumb\":{\"@id\":\"https:\\\/\\\/www.brussels-skin-center.be\\\/fr\\\/notice-prise-de-rendez-vous\\\/#breadcrumb\"},\"inLanguage\":\"fr-FR\",\"potentialAction\":[{\"@type\":\"ReadAction\",\"target\":[\"https:\\\/\\\/www.brussels-skin-center.be\\\/fr\\\/notice-prise-de-rendez-vous\\\/\"]}]},{\"@type\":\"BreadcrumbList\",\"@id\":\"https:\\\/\\\/www.brussels-skin-center.be\\\/fr\\\/notice-prise-de-rendez-vous\\\/#breadcrumb\",\"itemListElement\":[{\"@type\":\"ListItem\",\"position\":1,\"name\":\"Home\",\"item\":\"https:\\\/\\\/www.brussels-skin-center.be\\\/fr\\\/\"},{\"@type\":\"ListItem\",\"position\":2,\"name\":\"Notice d&rsquo;information &#8211; Prise de rendez-vous\"}]},{\"@type\":\"WebSite\",\"@id\":\"https:\\\/\\\/www.brussels-skin-center.be\\\/fr\\\/#website\",\"url\":\"https:\\\/\\\/www.brussels-skin-center.be\\\/fr\\\/\",\"name\":\"Brussels Skin Center\",\"description\":\"Dermatologie - Dermatology\",\"publisher\":{\"@id\":\"https:\\\/\\\/www.brussels-skin-center.be\\\/fr\\\/#organization\"},\"potentialAction\":[{\"@type\":\"SearchAction\",\"target\":{\"@type\":\"EntryPoint\",\"urlTemplate\":\"https:\\\/\\\/www.brussels-skin-center.be\\\/fr\\\/?s={search_term_string}\"},\"query-input\":{\"@type\":\"PropertyValueSpecification\",\"valueRequired\":true,\"valueName\":\"search_term_string\"}}],\"inLanguage\":\"fr-FR\"},{\"@type\":\"Organization\",\"@id\":\"https:\\\/\\\/www.brussels-skin-center.be\\\/fr\\\/#organization\",\"name\":\"Brussels Skin Center\",\"url\":\"https:\\\/\\\/www.brussels-skin-center.be\\\/fr\\\/\",\"logo\":{\"@type\":\"ImageObject\",\"inLanguage\":\"fr-FR\",\"@id\":\"https:\\\/\\\/www.brussels-skin-center.be\\\/fr\\\/#\\\/schema\\\/logo\\\/image\\\/\",\"url\":\"https:\\\/\\\/www.brussels-skin-center.be\\\/wp-content\\\/uploads\\\/2022\\\/03\\\/BSC_logo-2.png\",\"contentUrl\":\"https:\\\/\\\/www.brussels-skin-center.be\\\/wp-content\\\/uploads\\\/2022\\\/03\\\/BSC_logo-2.png\",\"width\":512,\"height\":512,\"caption\":\"Brussels Skin Center\"},\"image\":{\"@id\":\"https:\\\/\\\/www.brussels-skin-center.be\\\/fr\\\/#\\\/schema\\\/logo\\\/image\\\/\"},\"sameAs\":[\"https:\\\/\\\/www.facebook.com\\\/brusselsskincenter\\\/\",\"https:\\\/\\\/www.linkedin.com\\\/company\\\/brussels-skin-center\\\/\"]}]}<\/script>\n<!-- \/ Yoast SEO Premium plugin. -->","yoast_head_json":{"title":"Notice d'information - Prise de rendez-vous - Brussels Skin Center","description":"La \"Notice d\u2019information concernant la prise de rendez-vous\" vous informe sur le traitement de vos donn\u00e9es personnelles.","robots":{"index":"index","follow":"follow","max-snippet":"max-snippet:-1","max-image-preview":"max-image-preview:large","max-video-preview":"max-video-preview:-1"},"canonical":"https:\/\/www.brussels-skin-center.be\/fr\/notice-prise-de-rendez-vous\/","og_locale":"fr_FR","og_type":"article","og_title":"Notice d'information - Prise de rendez-vous","og_description":"Notice d\u2019information concernant la prise de rendez-vous Traitement de donn\u00e9es personnelles \u2013 Notice d\u2019information concernant la prise de rendez-vousQui","og_url":"https:\/\/www.brussels-skin-center.be\/fr\/notice-prise-de-rendez-vous\/","og_site_name":"Brussels Skin Center","article_publisher":"https:\/\/www.facebook.com\/brusselsskincenter\/","article_modified_time":"2022-12-28T11:15:24+00:00","twitter_misc":{"Dur\u00e9e de lecture estim\u00e9e":"3 minutes"},"schema":{"@context":"https:\/\/schema.org","@graph":[{"@type":"WebPage","@id":"https:\/\/www.brussels-skin-center.be\/fr\/notice-prise-de-rendez-vous\/","url":"https:\/\/www.brussels-skin-center.be\/fr\/notice-prise-de-rendez-vous\/","name":"Notice d'information - Prise de rendez-vous - Brussels Skin Center","isPartOf":{"@id":"https:\/\/www.brussels-skin-center.be\/fr\/#website"},"datePublished":"2022-08-18T08:53:44+00:00","dateModified":"2022-12-28T11:15:24+00:00","description":"La \"Notice d\u2019information concernant la prise de rendez-vous\" vous informe sur le traitement de vos donn\u00e9es personnelles.","breadcrumb":{"@id":"https:\/\/www.brussels-skin-center.be\/fr\/notice-prise-de-rendez-vous\/#breadcrumb"},"inLanguage":"fr-FR","potentialAction":[{"@type":"ReadAction","target":["https:\/\/www.brussels-skin-center.be\/fr\/notice-prise-de-rendez-vous\/"]}]},{"@type":"BreadcrumbList","@id":"https:\/\/www.brussels-skin-center.be\/fr\/notice-prise-de-rendez-vous\/#breadcrumb","itemListElement":[{"@type":"ListItem","position":1,"name":"Home","item":"https:\/\/www.brussels-skin-center.be\/fr\/"},{"@type":"ListItem","position":2,"name":"Notice d&rsquo;information &#8211; Prise de rendez-vous"}]},{"@type":"WebSite","@id":"https:\/\/www.brussels-skin-center.be\/fr\/#website","url":"https:\/\/www.brussels-skin-center.be\/fr\/","name":"Brussels Skin Center","description":"Dermatologie - Dermatology","publisher":{"@id":"https:\/\/www.brussels-skin-center.be\/fr\/#organization"},"potentialAction":[{"@type":"SearchAction","target":{"@type":"EntryPoint","urlTemplate":"https:\/\/www.brussels-skin-center.be\/fr\/?s={search_term_string}"},"query-input":{"@type":"PropertyValueSpecification","valueRequired":true,"valueName":"search_term_string"}}],"inLanguage":"fr-FR"},{"@type":"Organization","@id":"https:\/\/www.brussels-skin-center.be\/fr\/#organization","name":"Brussels Skin Center","url":"https:\/\/www.brussels-skin-center.be\/fr\/","logo":{"@type":"ImageObject","inLanguage":"fr-FR","@id":"https:\/\/www.brussels-skin-center.be\/fr\/#\/schema\/logo\/image\/","url":"https:\/\/www.brussels-skin-center.be\/wp-content\/uploads\/2022\/03\/BSC_logo-2.png","contentUrl":"https:\/\/www.brussels-skin-center.be\/wp-content\/uploads\/2022\/03\/BSC_logo-2.png","width":512,"height":512,"caption":"Brussels Skin Center"},"image":{"@id":"https:\/\/www.brussels-skin-center.be\/fr\/#\/schema\/logo\/image\/"},"sameAs":["https:\/\/www.facebook.com\/brusselsskincenter\/","https:\/\/www.linkedin.com\/company\/brussels-skin-center\/"]}]}},"_links":{"self":[{"href":"https:\/\/www.brussels-skin-center.be\/fr\/wp-json\/wp\/v2\/pages\/6156","targetHints":{"allow":["GET"]}}],"collection":[{"href":"https:\/\/www.brussels-skin-center.be\/fr\/wp-json\/wp\/v2\/pages"}],"about":[{"href":"https:\/\/www.brussels-skin-center.be\/fr\/wp-json\/wp\/v2\/types\/page"}],"author":[{"embeddable":true,"href":"https:\/\/www.brussels-skin-center.be\/fr\/wp-json\/wp\/v2\/users\/6"}],"replies":[{"embeddable":true,"href":"https:\/\/www.brussels-skin-center.be\/fr\/wp-json\/wp\/v2\/comments?post=6156"}],"version-history":[{"count":0,"href":"https:\/\/www.brussels-skin-center.be\/fr\/wp-json\/wp\/v2\/pages\/6156\/revisions"}],"wp:attachment":[{"href":"https:\/\/www.brussels-skin-center.be\/fr\/wp-json\/wp\/v2\/media?parent=6156"}],"curies":[{"name":"wp","href":"https:\/\/api.w.org\/{rel}","templated":true}]}}