{"id":8099,"date":"2023-04-04T07:28:41","date_gmt":"2023-04-04T06:28:41","guid":{"rendered":"https:\/\/www.brussels-skin-center.be\/?page_id=8099"},"modified":"2025-03-25T11:57:58","modified_gmt":"2025-03-25T10:57:58","slug":"dokter-cheyenne-delvaux","status":"publish","type":"page","link":"https:\/\/www.brussels-skin-center.be\/nl\/uw-dermatoloog-in-brussel\/dokter-cheyenne-delvaux\/","title":{"rendered":"Dokter Cheyenne Delvaux"},"content":{"rendered":"\t\t<div data-elementor-type=\"wp-page\" data-elementor-id=\"8099\" class=\"elementor elementor-8099 elementor-7975\">\n\t\t\t\t\t\t<section class=\"elementor-section elementor-top-section elementor-element elementor-element-7605fa13 elementor-section-boxed elementor-section-height-default elementor-section-height-default\" data-id=\"7605fa13\" data-element_type=\"section\" data-e-type=\"section\">\n\t\t\t\t\t\t<div class=\"elementor-container elementor-column-gap-default\">\n\t\t\t\t\t<div class=\"elementor-column elementor-col-100 elementor-top-column elementor-element elementor-element-690d24d7\" data-id=\"690d24d7\" data-element_type=\"column\" data-e-type=\"column\">\n\t\t\t<div class=\"elementor-widget-wrap elementor-element-populated\">\n\t\t\t\t\t\t<div class=\"elementor-element elementor-element-6208d0f9 elementor-widget elementor-widget-heading\" data-id=\"6208d0f9\" data-element_type=\"widget\" data-e-type=\"widget\" data-widget_type=\"heading.default\">\n\t\t\t\t<div class=\"elementor-widget-container\">\n\t\t\t\t\t<h1 class=\"elementor-heading-title elementor-size-default\">Dokter Cheyenne Delvaux<\/h1>\t\t\t\t<\/div>\n\t\t\t\t<\/div>\n\t\t\t\t\t<\/div>\n\t\t<\/div>\n\t\t\t\t\t<\/div>\n\t\t<\/section>\n\t\t\t\t<section class=\"elementor-section elementor-top-section elementor-element elementor-element-79ce3b27 elementor-section-boxed elementor-section-height-default elementor-section-height-default\" data-id=\"79ce3b27\" data-element_type=\"section\" data-e-type=\"section\">\n\t\t\t\t\t\t<div class=\"elementor-container elementor-column-gap-default\">\n\t\t\t\t\t<div class=\"elementor-column elementor-col-100 elementor-top-column elementor-element elementor-element-6d8799f1\" data-id=\"6d8799f1\" data-element_type=\"column\" data-e-type=\"column\">\n\t\t\t<div class=\"elementor-widget-wrap elementor-element-populated\">\n\t\t\t\t\t\t<section class=\"elementor-section elementor-inner-section elementor-element elementor-element-31a143c1 elementor-section-boxed elementor-section-height-default elementor-section-height-default\" data-id=\"31a143c1\" data-element_type=\"section\" data-e-type=\"section\">\n\t\t\t\t\t\t<div class=\"elementor-container elementor-column-gap-default\">\n\t\t\t\t\t<div class=\"elementor-column elementor-col-50 elementor-inner-column elementor-element elementor-element-446e3eff\" data-id=\"446e3eff\" data-element_type=\"column\" data-e-type=\"column\">\n\t\t\t<div class=\"elementor-widget-wrap elementor-element-populated\">\n\t\t\t\t\t\t<div class=\"elementor-element elementor-element-35e1081e elementor-widget elementor-widget-image\" data-id=\"35e1081e\" data-element_type=\"widget\" data-e-type=\"widget\" data-widget_type=\"image.default\">\n\t\t\t\t<div class=\"elementor-widget-container\">\n\t\t\t\t\t\t\t\t\t\t\t\t\t\t\t<img fetchpriority=\"high\" decoding=\"async\" width=\"400\" height=\"600\" src=\"https:\/\/www.brussels-skin-center.be\/wp-content\/uploads\/2023\/09\/Dr-Cheyenne-Delvaux-Dermatologue-au-Brussels-Skin-Center.jpg\" class=\"attachment-full size-full wp-image-8793\" alt=\"Dr. Cheyenne Delvaux is dermatoloog gespecialiseerd in pathologie\u00ebn van het mondslijmvlies.\" srcset=\"https:\/\/www.brussels-skin-center.be\/wp-content\/uploads\/2023\/09\/Dr-Cheyenne-Delvaux-Dermatologue-au-Brussels-Skin-Center.jpg 400w, https:\/\/www.brussels-skin-center.be\/wp-content\/uploads\/2023\/09\/Dr-Cheyenne-Delvaux-Dermatologue-au-Brussels-Skin-Center-67x100.jpg 67w\" sizes=\"(max-width: 400px) 100vw, 400px\" \/>\t\t\t\t\t\t\t\t\t\t\t\t\t\t\t<\/div>\n\t\t\t\t<\/div>\n\t\t\t\t\t<\/div>\n\t\t<\/div>\n\t\t\t\t<div class=\"elementor-column elementor-col-50 elementor-inner-column elementor-element elementor-element-552b5ebd\" data-id=\"552b5ebd\" data-element_type=\"column\" data-e-type=\"column\">\n\t\t\t<div class=\"elementor-widget-wrap elementor-element-populated\">\n\t\t\t\t\t\t<div class=\"elementor-element elementor-element-3f7e07d0 elementor-widget elementor-widget-heading\" data-id=\"3f7e07d0\" data-element_type=\"widget\" data-e-type=\"widget\" data-widget_type=\"heading.default\">\n\t\t\t\t<div class=\"elementor-widget-container\">\n\t\t\t\t\t<h2 class=\"elementor-heading-title elementor-size-default\">Expertisegebied van dr. Cheyenne Delvaux<\/h2>\t\t\t\t<\/div>\n\t\t\t\t<\/div>\n\t\t\t\t<div class=\"elementor-element elementor-element-b5bcd2c elementor-widget elementor-widget-text-editor\" data-id=\"b5bcd2c\" data-element_type=\"widget\" data-e-type=\"widget\" data-widget_type=\"text-editor.default\">\n\t\t\t\t<div class=\"elementor-widget-container\">\n\t\t\t\t\t\t\t\t\t<ul><li>Algemene dermatologie (alle leeftijden)<\/li><\/ul>\t\t\t\t\t\t\t\t<\/div>\n\t\t\t\t<\/div>\n\t\t\t\t<div class=\"elementor-element elementor-element-38d27466 elementor-widget elementor-widget-heading\" data-id=\"38d27466\" data-element_type=\"widget\" data-e-type=\"widget\" data-widget_type=\"heading.default\">\n\t\t\t\t<div class=\"elementor-widget-container\">\n\t\t\t\t\t<h2 class=\"elementor-heading-title elementor-size-default\">Specialisaties in algemene dermatologie<\/h2>\t\t\t\t<\/div>\n\t\t\t\t<\/div>\n\t\t\t\t<div class=\"elementor-element elementor-element-170408f8 elementor-widget elementor-widget-text-editor\" data-id=\"170408f8\" data-element_type=\"widget\" data-e-type=\"widget\" data-widget_type=\"text-editor.default\">\n\t\t\t\t<div class=\"elementor-widget-container\">\n\t\t\t\t\t\t\t\t\t<ul><li>Pathologie\u00ebn van het mondslijmvlies<\/li><li>Auto-immune bulleuze dermatosen<\/li><li>Systemische ziekten<\/li><\/ul>\t\t\t\t\t\t\t\t<\/div>\n\t\t\t\t<\/div>\n\t\t\t\t\t<\/div>\n\t\t<\/div>\n\t\t\t\t\t<\/div>\n\t\t<\/section>\n\t\t\t\t\t<\/div>\n\t\t<\/div>\n\t\t\t\t\t<\/div>\n\t\t<\/section>\n\t\t\t\t<section class=\"elementor-section elementor-top-section elementor-element elementor-element-5e6688a8 elementor-section-boxed elementor-section-height-default elementor-section-height-default\" data-id=\"5e6688a8\" data-element_type=\"section\" data-e-type=\"section\">\n\t\t\t\t\t\t<div class=\"elementor-container elementor-column-gap-default\">\n\t\t\t\t\t<div class=\"elementor-column elementor-col-100 elementor-top-column elementor-element elementor-element-38837efa\" data-id=\"38837efa\" data-element_type=\"column\" data-e-type=\"column\">\n\t\t\t<div class=\"elementor-widget-wrap elementor-element-populated\">\n\t\t\t\t\t\t<div class=\"elementor-element elementor-element-5e36cd08 elementor-widget elementor-widget-heading\" data-id=\"5e36cd08\" data-element_type=\"widget\" data-e-type=\"widget\" data-widget_type=\"heading.default\">\n\t\t\t\t<div class=\"elementor-widget-container\">\n\t\t\t\t\t<h2 class=\"elementor-heading-title elementor-size-default\">Meer weten over dr. Delvaux<\/h2>\t\t\t\t<\/div>\n\t\t\t\t<\/div>\n\t\t\t\t<div class=\"elementor-element elementor-element-43164ab elementor-widget elementor-widget-text-editor\" data-id=\"43164ab\" data-element_type=\"widget\" data-e-type=\"widget\" data-widget_type=\"text-editor.default\">\n\t\t\t\t<div class=\"elementor-widget-container\">\n\t\t\t\t\t\t\t\t\t<p style=\"text-align: center;\">Dokter Cheyenne Delvaux is <b>dermatoloog in Brussel<\/b> en behaalde haar diploma aan het Universit\u00e9 Libre de Bruxelles. Naast haar activiteiten aan het <b>Brussels Skin Center<\/b>,\u00a0is ze eveneens <b>actief in het Erasmusziekenhuis en in het Universitair Medisch Centrum Sint-Pieter in Brussel<\/b>.<\/p><p style=\"text-align: center;\">Tijdens haar specialisatie legde ze zich toe op <b>pathologie\u00ebn van het mondslijmvlies<\/b> in het Erasmusziekenhuis bij professor Parent en vervolledigde ze haar kennis in het h\u00f4pital de la Piti\u00e9-Salp\u00eatri\u00e8re (Parijs). Bovendien heeft dr. Cheyenne Delvaux de mogelijkheid gehad om zich te <b>vervolmaken bij het Frans referentiecentrum voor auto-immune bulleuze dermatosen<\/b> (H\u00f4pital Avicenne, Parijs).\u00a0<\/p><p style=\"text-align: center;\">Ze is eveneens houder van het <b>interuniversitair diploma dermatologie-interne geneeskunde<\/b>\u00a0(CHU Montpellier), van het<b> interuniversitair diploma kinderdermatologie<\/b>\u00a0(CHU Nice) en van het <b>interuniversitair diploma infectieuze huidziekten<\/b> (Paris Sorbonne).<\/p><p style=\"text-align: center;\">Ze is lid van de KBVDV (Koninklijke Belgische Vereniging voor Dermatologie en Venerologie), van de GEMUB (groupe d\u2019\u00e9tude de la muqueuse buccale &#8211;<em>onderzoeksgroep met betrekking tot het mondslijmvlie<\/em>s) in Frankrijk en van de Groupe Bulle die deel uitmaakt van de Soci\u00e9t\u00e9 Fran\u00e7aise de Dermatologie (<em>Franse Dermatologievereniging<\/em>).<\/p>\t\t\t\t\t\t\t\t<\/div>\n\t\t\t\t<\/div>\n\t\t\t\t\t<\/div>\n\t\t<\/div>\n\t\t\t\t\t<\/div>\n\t\t<\/section>\n\t\t\t\t<section class=\"elementor-section elementor-top-section elementor-element elementor-element-939854a elementor-section-boxed elementor-section-height-default elementor-section-height-default\" data-id=\"939854a\" data-element_type=\"section\" data-e-type=\"section\">\n\t\t\t\t\t\t<div class=\"elementor-container elementor-column-gap-default\">\n\t\t\t\t\t<div class=\"elementor-column elementor-col-100 elementor-top-column elementor-element elementor-element-3cd8f76\" data-id=\"3cd8f76\" data-element_type=\"column\" data-e-type=\"column\">\n\t\t\t<div class=\"elementor-widget-wrap elementor-element-populated\">\n\t\t\t\t\t\t<div class=\"elementor-element elementor-element-6ffca99 elementor-widget elementor-widget-heading\" data-id=\"6ffca99\" data-element_type=\"widget\" data-e-type=\"widget\" data-widget_type=\"heading.default\">\n\t\t\t\t<div class=\"elementor-widget-container\">\n\t\t\t\t\t<h3 class=\"elementor-heading-title elementor-size-default\">Nota<\/h3>\t\t\t\t<\/div>\n\t\t\t\t<\/div>\n\t\t\t\t<div class=\"elementor-element elementor-element-4051808 elementor-widget elementor-widget-text-editor\" data-id=\"4051808\" data-element_type=\"widget\" data-e-type=\"widget\" data-widget_type=\"text-editor.default\">\n\t\t\t\t<div class=\"elementor-widget-container\">\n\t\t\t\t\t\t\t\t\t<p style=\"text-align: center;\"><strong>Dr. Delvaux consulteert uitsluitend voor pathologie\u00ebn van het mondslijmvlies<\/strong>. Voor <strong>pathologie\u00ebn van de anogenitale regio<\/strong> kunt u een <strong>afspraak maken met<\/strong> <a href=\"https:\/\/www.brussels-skin-center.be\/nl\/dermatoloog-brussel\/prof-dominique-parent\/\">dr. Parent<\/a>, <a href=\"https:\/\/www.brussels-skin-center.be\/nl\/dermatoloog-brussel\/dokter-fanny-camus\/\">dr. Camus<\/a> of <a href=\"https:\/\/www.brussels-skin-center.be\/nl\/dermatoloog-brussel\/dokter-makiko-miyamoto\/\">dr Miyamoto<\/a>.\u00a0<\/p>\t\t\t\t\t\t\t\t<\/div>\n\t\t\t\t<\/div>\n\t\t\t\t\t<\/div>\n\t\t<\/div>\n\t\t\t\t\t<\/div>\n\t\t<\/section>\n\t\t\t\t<section class=\"elementor-section elementor-top-section elementor-element elementor-element-11b2444e elementor-section-boxed elementor-section-height-default elementor-section-height-default\" data-id=\"11b2444e\" data-element_type=\"section\" data-e-type=\"section\">\n\t\t\t\t\t\t<div class=\"elementor-container elementor-column-gap-default\">\n\t\t\t\t\t<div class=\"elementor-column elementor-col-100 elementor-top-column elementor-element elementor-element-505523c4\" data-id=\"505523c4\" data-element_type=\"column\" data-e-type=\"column\">\n\t\t\t<div class=\"elementor-widget-wrap elementor-element-populated\">\n\t\t\t\t\t\t<div class=\"elementor-element elementor-element-79295be1 elementor-widget elementor-widget-heading\" data-id=\"79295be1\" data-element_type=\"widget\" data-e-type=\"widget\" data-widget_type=\"heading.default\">\n\t\t\t\t<div class=\"elementor-widget-container\">\n\t\t\t\t\t<h2 class=\"elementor-heading-title elementor-size-default\">Uw afspraak met dr. Cheyenne Delvaux<\/h2>\t\t\t\t<\/div>\n\t\t\t\t<\/div>\n\t\t\t\t<div class=\"elementor-element elementor-element-67823855 elementor-widget elementor-widget-text-editor\" data-id=\"67823855\" data-element_type=\"widget\" data-e-type=\"widget\" data-widget_type=\"text-editor.default\">\n\t\t\t\t<div class=\"elementor-widget-container\">\n\t\t\t\t\t\t\t\t\t<p style=\"text-align: center;\">Ze heet u welkom in het\u00a0<strong>Brussels Skin Center<\/strong>\u00a0in Ukkel\u00a0<strong>voor algemene dermatologische raadplegingen<\/strong>\u00a0in het Nederlands, in het Frans en in het Engels.<\/p><p style=\"text-align: center;\"><strong>De prijs van een algemeen dermatologisch consult met dr. Cheyenne Delvaux bedraagt 80 euro<\/strong>, exclusief eventuele supplementen (technische of esthetische ingrepen, enz.).\u00a0<strong>Ze is niet-geconventioneerd in het Brussels Skin Center<\/strong>.<\/p>\t\t\t\t\t\t\t\t<\/div>\n\t\t\t\t<\/div>\n\t\t\t\t\t<\/div>\n\t\t<\/div>\n\t\t\t\t\t<\/div>\n\t\t<\/section>\n\t\t\t\t<section class=\"elementor-section elementor-top-section elementor-element elementor-element-685b592 elementor-section-boxed elementor-section-height-default elementor-section-height-default\" data-id=\"685b592\" data-element_type=\"section\" data-e-type=\"section\">\n\t\t\t\t\t\t<div class=\"elementor-container elementor-column-gap-default\">\n\t\t\t\t\t<div class=\"elementor-column elementor-col-50 elementor-top-column elementor-element elementor-element-35a3754\" data-id=\"35a3754\" data-element_type=\"column\" data-e-type=\"column\">\n\t\t\t<div class=\"elementor-widget-wrap elementor-element-populated\">\n\t\t\t\t\t\t<div class=\"elementor-element elementor-element-500dda1 elementor-align-center elementor-widget elementor-widget-button\" data-id=\"500dda1\" data-element_type=\"widget\" data-e-type=\"widget\" data-widget_type=\"button.default\">\n\t\t\t\t<div class=\"elementor-widget-container\">\n\t\t\t\t\t\t\t\t\t<div class=\"elementor-button-wrapper\">\n\t\t\t\t\t<a class=\"elementor-button elementor-button-link elementor-size-sm\" href=\"https:\/\/www.brussels-skin-center.be\/nl\/dermatoloog-brussel\/\">\n\t\t\t\t\t\t<span class=\"elementor-button-content-wrapper\">\n\t\t\t\t\t\t\t\t\t<span class=\"elementor-button-text\">Het BSC team<\/span>\n\t\t\t\t\t<\/span>\n\t\t\t\t\t<\/a>\n\t\t\t\t<\/div>\n\t\t\t\t\t\t\t\t<\/div>\n\t\t\t\t<\/div>\n\t\t\t\t\t<\/div>\n\t\t<\/div>\n\t\t\t\t<div class=\"elementor-column elementor-col-50 elementor-top-column elementor-element elementor-element-31bfa8a\" data-id=\"31bfa8a\" data-element_type=\"column\" data-e-type=\"column\">\n\t\t\t<div class=\"elementor-widget-wrap elementor-element-populated\">\n\t\t\t\t\t\t<div class=\"elementor-element elementor-element-d781436 elementor-align-center elementor-widget elementor-widget-button\" data-id=\"d781436\" data-element_type=\"widget\" data-e-type=\"widget\" data-widget_type=\"button.default\">\n\t\t\t\t<div class=\"elementor-widget-container\">\n\t\t\t\t\t\t\t\t\t<div class=\"elementor-button-wrapper\">\n\t\t\t\t\t<a class=\"elementor-button elementor-button-link elementor-size-sm\" href=\"https:\/\/www.brussels-skin-center.be\/nl\/afspraak-maken\/\">\n\t\t\t\t\t\t<span class=\"elementor-button-content-wrapper\">\n\t\t\t\t\t\t<span class=\"elementor-button-icon\">\n\t\t\t\t<i aria-hidden=\"true\" class=\"far fa-calendar-alt\"><\/i>\t\t\t<\/span>\n\t\t\t\t\t\t\t\t\t<span class=\"elementor-button-text\">Afspraak maken<\/span>\n\t\t\t\t\t<\/span>\n\t\t\t\t\t<\/a>\n\t\t\t\t<\/div>\n\t\t\t\t\t\t\t\t<\/div>\n\t\t\t\t<\/div>\n\t\t\t\t\t<\/div>\n\t\t<\/div>\n\t\t\t\t\t<\/div>\n\t\t<\/section>\n\t\t\t\t<\/div>\n\t\t","protected":false},"excerpt":{"rendered":"<p>Dokter Cheyenne Delvaux Expertisegebied van dr. Cheyenne Delvaux Algemene dermatologie (alle leeftijden) Specialisaties in algemene dermatologie Pathologie\u00ebn van het mondslijmvlies Auto-immune bulleuze dermatosen Systemische ziekten Meer weten over dr. Delvaux Dokter Cheyenne Delvaux is dermatoloog in Brussel en behaalde haar diploma aan het Universit\u00e9 Libre de Bruxelles. Naast haar activiteiten aan het Brussels Skin Center,\u00a0is ze eveneens actief in het Erasmusziekenhuis en in het Universitair Medisch Centrum Sint-Pieter in Brussel. Tijdens haar specialisatie legde ze zich toe op pathologie\u00ebn van het mondslijmvlies in het Erasmusziekenhuis bij professor Parent en vervolledigde ze haar kennis in het h\u00f4pital de la Piti\u00e9-Salp\u00eatri\u00e8re (Parijs).&hellip; <\/p>\n","protected":false},"author":6,"featured_media":0,"parent":49,"menu_order":0,"comment_status":"closed","ping_status":"closed","template":"","meta":{"footnotes":""},"class_list":["post-8099","page","type-page","status-publish","hentry"],"yoast_head":"<!-- This site is optimized with the Yoast SEO Premium plugin v26.3 (Yoast SEO v27.4) - https:\/\/yoast.com\/product\/yoast-seo-premium-wordpress\/ -->\n<title>Dokter Cheyenne Delvaux - Brussels Skin Center<\/title>\n<meta name=\"description\" content=\"Dokter Cheyenne Delvaux is dermatoloog in Brussel. Ze is gespecialiseerd in pathologie\u00ebn van het mondslijmvlies.\" \/>\n<meta name=\"robots\" content=\"index, follow, max-snippet:-1, max-image-preview:large, max-video-preview:-1\" \/>\n<link rel=\"canonical\" href=\"https:\/\/www.brussels-skin-center.be\/nl\/uw-dermatoloog-in-brussel\/dokter-cheyenne-delvaux\/\" \/>\n<meta property=\"og:locale\" content=\"nl_NL\" \/>\n<meta property=\"og:type\" content=\"article\" \/>\n<meta property=\"og:title\" content=\"Dokter Cheyenne Delvaux\" \/>\n<meta property=\"og:description\" content=\"Dokter Cheyenne Delvaux Expertisegebied van dr. Cheyenne Delvaux Algemene dermatologie (alle leeftijden) Specialisaties in algemene dermatologie\" \/>\n<meta property=\"og:url\" content=\"https:\/\/www.brussels-skin-center.be\/nl\/uw-dermatoloog-in-brussel\/dokter-cheyenne-delvaux\/\" \/>\n<meta property=\"og:site_name\" content=\"Brussels Skin Center\" \/>\n<meta property=\"article:publisher\" content=\"https:\/\/www.facebook.com\/brusselsskincenter\/\" \/>\n<meta property=\"article:modified_time\" content=\"2025-03-25T10:57:58+00:00\" \/>\n<meta property=\"og:image\" content=\"https:\/\/www.brussels-skin-center.be\/wp-content\/uploads\/2023\/09\/Dr-Cheyenne-Delvaux-Dermatologue-au-Brussels-Skin-Center.jpg\" \/>\n\t<meta property=\"og:image:width\" content=\"400\" \/>\n\t<meta property=\"og:image:height\" content=\"600\" \/>\n\t<meta property=\"og:image:type\" content=\"image\/jpeg\" \/>\n<meta name=\"twitter:label1\" content=\"Geschatte leestijd\" \/>\n\t<meta name=\"twitter:data1\" content=\"2 minuten\" \/>\n<script type=\"application\/ld+json\" class=\"yoast-schema-graph\">{\"@context\":\"https:\\\/\\\/schema.org\",\"@graph\":[{\"@type\":\"WebPage\",\"@id\":\"https:\\\/\\\/www.brussels-skin-center.be\\\/nl\\\/uw-dermatoloog-in-brussel\\\/dokter-cheyenne-delvaux\\\/\",\"url\":\"https:\\\/\\\/www.brussels-skin-center.be\\\/nl\\\/uw-dermatoloog-in-brussel\\\/dokter-cheyenne-delvaux\\\/\",\"name\":\"Dokter Cheyenne Delvaux - Brussels Skin Center\",\"isPartOf\":{\"@id\":\"https:\\\/\\\/www.brussels-skin-center.be\\\/nl\\\/#website\"},\"primaryImageOfPage\":{\"@id\":\"https:\\\/\\\/www.brussels-skin-center.be\\\/nl\\\/uw-dermatoloog-in-brussel\\\/dokter-cheyenne-delvaux\\\/#primaryimage\"},\"image\":{\"@id\":\"https:\\\/\\\/www.brussels-skin-center.be\\\/nl\\\/uw-dermatoloog-in-brussel\\\/dokter-cheyenne-delvaux\\\/#primaryimage\"},\"thumbnailUrl\":\"https:\\\/\\\/www.brussels-skin-center.be\\\/wp-content\\\/uploads\\\/2023\\\/09\\\/Dr-Cheyenne-Delvaux-Dermatologue-au-Brussels-Skin-Center.jpg\",\"datePublished\":\"2023-04-04T06:28:41+00:00\",\"dateModified\":\"2025-03-25T10:57:58+00:00\",\"description\":\"Dokter Cheyenne Delvaux is dermatoloog in Brussel. Ze is gespecialiseerd in pathologie\u00ebn van het mondslijmvlies.\",\"breadcrumb\":{\"@id\":\"https:\\\/\\\/www.brussels-skin-center.be\\\/nl\\\/uw-dermatoloog-in-brussel\\\/dokter-cheyenne-delvaux\\\/#breadcrumb\"},\"inLanguage\":\"nl-NL\",\"potentialAction\":[{\"@type\":\"ReadAction\",\"target\":[\"https:\\\/\\\/www.brussels-skin-center.be\\\/nl\\\/uw-dermatoloog-in-brussel\\\/dokter-cheyenne-delvaux\\\/\"]}]},{\"@type\":\"ImageObject\",\"inLanguage\":\"nl-NL\",\"@id\":\"https:\\\/\\\/www.brussels-skin-center.be\\\/nl\\\/uw-dermatoloog-in-brussel\\\/dokter-cheyenne-delvaux\\\/#primaryimage\",\"url\":\"https:\\\/\\\/www.brussels-skin-center.be\\\/wp-content\\\/uploads\\\/2023\\\/09\\\/Dr-Cheyenne-Delvaux-Dermatologue-au-Brussels-Skin-Center.jpg\",\"contentUrl\":\"https:\\\/\\\/www.brussels-skin-center.be\\\/wp-content\\\/uploads\\\/2023\\\/09\\\/Dr-Cheyenne-Delvaux-Dermatologue-au-Brussels-Skin-Center.jpg\"},{\"@type\":\"BreadcrumbList\",\"@id\":\"https:\\\/\\\/www.brussels-skin-center.be\\\/nl\\\/uw-dermatoloog-in-brussel\\\/dokter-cheyenne-delvaux\\\/#breadcrumb\",\"itemListElement\":[{\"@type\":\"ListItem\",\"position\":1,\"name\":\"Home\",\"item\":\"https:\\\/\\\/www.brussels-skin-center.be\\\/nl\\\/\"},{\"@type\":\"ListItem\",\"position\":2,\"name\":\"Uw dermatoloog in Brussel\",\"item\":\"https:\\\/\\\/www.brussels-skin-center.be\\\/nl\\\/uw-dermatoloog-in-brussel\\\/\"},{\"@type\":\"ListItem\",\"position\":3,\"name\":\"Dokter Cheyenne Delvaux\"}]},{\"@type\":\"WebSite\",\"@id\":\"https:\\\/\\\/www.brussels-skin-center.be\\\/nl\\\/#website\",\"url\":\"https:\\\/\\\/www.brussels-skin-center.be\\\/nl\\\/\",\"name\":\"Brussels Skin Center\",\"description\":\"Dermatologie - Dermatology\",\"publisher\":{\"@id\":\"https:\\\/\\\/www.brussels-skin-center.be\\\/nl\\\/#organization\"},\"potentialAction\":[{\"@type\":\"SearchAction\",\"target\":{\"@type\":\"EntryPoint\",\"urlTemplate\":\"https:\\\/\\\/www.brussels-skin-center.be\\\/nl\\\/?s={search_term_string}\"},\"query-input\":{\"@type\":\"PropertyValueSpecification\",\"valueRequired\":true,\"valueName\":\"search_term_string\"}}],\"inLanguage\":\"nl-NL\"},{\"@type\":\"Organization\",\"@id\":\"https:\\\/\\\/www.brussels-skin-center.be\\\/nl\\\/#organization\",\"name\":\"Brussels Skin Center\",\"url\":\"https:\\\/\\\/www.brussels-skin-center.be\\\/nl\\\/\",\"logo\":{\"@type\":\"ImageObject\",\"inLanguage\":\"nl-NL\",\"@id\":\"https:\\\/\\\/www.brussels-skin-center.be\\\/nl\\\/#\\\/schema\\\/logo\\\/image\\\/\",\"url\":\"https:\\\/\\\/www.brussels-skin-center.be\\\/wp-content\\\/uploads\\\/2022\\\/03\\\/BSC_logo-2.png\",\"contentUrl\":\"https:\\\/\\\/www.brussels-skin-center.be\\\/wp-content\\\/uploads\\\/2022\\\/03\\\/BSC_logo-2.png\",\"width\":512,\"height\":512,\"caption\":\"Brussels Skin Center\"},\"image\":{\"@id\":\"https:\\\/\\\/www.brussels-skin-center.be\\\/nl\\\/#\\\/schema\\\/logo\\\/image\\\/\"},\"sameAs\":[\"https:\\\/\\\/www.facebook.com\\\/brusselsskincenter\\\/\",\"https:\\\/\\\/www.linkedin.com\\\/company\\\/brussels-skin-center\\\/\"]}]}<\/script>\n<!-- \/ Yoast SEO Premium plugin. -->","yoast_head_json":{"title":"Dokter Cheyenne Delvaux - Brussels Skin Center","description":"Dokter Cheyenne Delvaux is dermatoloog in Brussel. Ze is gespecialiseerd in pathologie\u00ebn van het mondslijmvlies.","robots":{"index":"index","follow":"follow","max-snippet":"max-snippet:-1","max-image-preview":"max-image-preview:large","max-video-preview":"max-video-preview:-1"},"canonical":"https:\/\/www.brussels-skin-center.be\/nl\/uw-dermatoloog-in-brussel\/dokter-cheyenne-delvaux\/","og_locale":"nl_NL","og_type":"article","og_title":"Dokter Cheyenne Delvaux","og_description":"Dokter Cheyenne Delvaux Expertisegebied van dr. Cheyenne Delvaux Algemene dermatologie (alle leeftijden) Specialisaties in algemene dermatologie","og_url":"https:\/\/www.brussels-skin-center.be\/nl\/uw-dermatoloog-in-brussel\/dokter-cheyenne-delvaux\/","og_site_name":"Brussels Skin Center","article_publisher":"https:\/\/www.facebook.com\/brusselsskincenter\/","article_modified_time":"2025-03-25T10:57:58+00:00","og_image":[{"width":400,"height":600,"url":"https:\/\/www.brussels-skin-center.be\/wp-content\/uploads\/2023\/09\/Dr-Cheyenne-Delvaux-Dermatologue-au-Brussels-Skin-Center.jpg","type":"image\/jpeg"}],"twitter_misc":{"Geschatte leestijd":"2 minuten"},"schema":{"@context":"https:\/\/schema.org","@graph":[{"@type":"WebPage","@id":"https:\/\/www.brussels-skin-center.be\/nl\/uw-dermatoloog-in-brussel\/dokter-cheyenne-delvaux\/","url":"https:\/\/www.brussels-skin-center.be\/nl\/uw-dermatoloog-in-brussel\/dokter-cheyenne-delvaux\/","name":"Dokter Cheyenne Delvaux - Brussels Skin Center","isPartOf":{"@id":"https:\/\/www.brussels-skin-center.be\/nl\/#website"},"primaryImageOfPage":{"@id":"https:\/\/www.brussels-skin-center.be\/nl\/uw-dermatoloog-in-brussel\/dokter-cheyenne-delvaux\/#primaryimage"},"image":{"@id":"https:\/\/www.brussels-skin-center.be\/nl\/uw-dermatoloog-in-brussel\/dokter-cheyenne-delvaux\/#primaryimage"},"thumbnailUrl":"https:\/\/www.brussels-skin-center.be\/wp-content\/uploads\/2023\/09\/Dr-Cheyenne-Delvaux-Dermatologue-au-Brussels-Skin-Center.jpg","datePublished":"2023-04-04T06:28:41+00:00","dateModified":"2025-03-25T10:57:58+00:00","description":"Dokter Cheyenne Delvaux is dermatoloog in Brussel. Ze is gespecialiseerd in pathologie\u00ebn van het mondslijmvlies.","breadcrumb":{"@id":"https:\/\/www.brussels-skin-center.be\/nl\/uw-dermatoloog-in-brussel\/dokter-cheyenne-delvaux\/#breadcrumb"},"inLanguage":"nl-NL","potentialAction":[{"@type":"ReadAction","target":["https:\/\/www.brussels-skin-center.be\/nl\/uw-dermatoloog-in-brussel\/dokter-cheyenne-delvaux\/"]}]},{"@type":"ImageObject","inLanguage":"nl-NL","@id":"https:\/\/www.brussels-skin-center.be\/nl\/uw-dermatoloog-in-brussel\/dokter-cheyenne-delvaux\/#primaryimage","url":"https:\/\/www.brussels-skin-center.be\/wp-content\/uploads\/2023\/09\/Dr-Cheyenne-Delvaux-Dermatologue-au-Brussels-Skin-Center.jpg","contentUrl":"https:\/\/www.brussels-skin-center.be\/wp-content\/uploads\/2023\/09\/Dr-Cheyenne-Delvaux-Dermatologue-au-Brussels-Skin-Center.jpg"},{"@type":"BreadcrumbList","@id":"https:\/\/www.brussels-skin-center.be\/nl\/uw-dermatoloog-in-brussel\/dokter-cheyenne-delvaux\/#breadcrumb","itemListElement":[{"@type":"ListItem","position":1,"name":"Home","item":"https:\/\/www.brussels-skin-center.be\/nl\/"},{"@type":"ListItem","position":2,"name":"Uw dermatoloog in Brussel","item":"https:\/\/www.brussels-skin-center.be\/nl\/uw-dermatoloog-in-brussel\/"},{"@type":"ListItem","position":3,"name":"Dokter Cheyenne Delvaux"}]},{"@type":"WebSite","@id":"https:\/\/www.brussels-skin-center.be\/nl\/#website","url":"https:\/\/www.brussels-skin-center.be\/nl\/","name":"Brussels Skin Center","description":"Dermatologie - Dermatology","publisher":{"@id":"https:\/\/www.brussels-skin-center.be\/nl\/#organization"},"potentialAction":[{"@type":"SearchAction","target":{"@type":"EntryPoint","urlTemplate":"https:\/\/www.brussels-skin-center.be\/nl\/?s={search_term_string}"},"query-input":{"@type":"PropertyValueSpecification","valueRequired":true,"valueName":"search_term_string"}}],"inLanguage":"nl-NL"},{"@type":"Organization","@id":"https:\/\/www.brussels-skin-center.be\/nl\/#organization","name":"Brussels Skin Center","url":"https:\/\/www.brussels-skin-center.be\/nl\/","logo":{"@type":"ImageObject","inLanguage":"nl-NL","@id":"https:\/\/www.brussels-skin-center.be\/nl\/#\/schema\/logo\/image\/","url":"https:\/\/www.brussels-skin-center.be\/wp-content\/uploads\/2022\/03\/BSC_logo-2.png","contentUrl":"https:\/\/www.brussels-skin-center.be\/wp-content\/uploads\/2022\/03\/BSC_logo-2.png","width":512,"height":512,"caption":"Brussels Skin Center"},"image":{"@id":"https:\/\/www.brussels-skin-center.be\/nl\/#\/schema\/logo\/image\/"},"sameAs":["https:\/\/www.facebook.com\/brusselsskincenter\/","https:\/\/www.linkedin.com\/company\/brussels-skin-center\/"]}]}},"_links":{"self":[{"href":"https:\/\/www.brussels-skin-center.be\/nl\/wp-json\/wp\/v2\/pages\/8099","targetHints":{"allow":["GET"]}}],"collection":[{"href":"https:\/\/www.brussels-skin-center.be\/nl\/wp-json\/wp\/v2\/pages"}],"about":[{"href":"https:\/\/www.brussels-skin-center.be\/nl\/wp-json\/wp\/v2\/types\/page"}],"author":[{"embeddable":true,"href":"https:\/\/www.brussels-skin-center.be\/nl\/wp-json\/wp\/v2\/users\/6"}],"replies":[{"embeddable":true,"href":"https:\/\/www.brussels-skin-center.be\/nl\/wp-json\/wp\/v2\/comments?post=8099"}],"version-history":[{"count":0,"href":"https:\/\/www.brussels-skin-center.be\/nl\/wp-json\/wp\/v2\/pages\/8099\/revisions"}],"up":[{"embeddable":true,"href":"https:\/\/www.brussels-skin-center.be\/nl\/wp-json\/wp\/v2\/pages\/49"}],"wp:attachment":[{"href":"https:\/\/www.brussels-skin-center.be\/nl\/wp-json\/wp\/v2\/media?parent=8099"}],"curies":[{"name":"wp","href":"https:\/\/api.w.org\/{rel}","templated":true}]}}